{"id":17,"date":"2022-02-28T11:27:56","date_gmt":"2022-02-28T10:27:56","guid":{"rendered":"http:\/\/artistepeintre.eu\/?page_id=17"},"modified":"2023-01-17T21:43:51","modified_gmt":"2023-01-17T20:43:51","slug":"galerie","status":"publish","type":"page","link":"https:\/\/artistepeintre.eu\/index.php\/galerie\/","title":{"rendered":"Galerie"},"content":{"rendered":"<style>\/*! elementor - v3.6.5 - 27-04-2022 *\/\n.elementor-widget-image{text-align:center}.elementor-widget-image a{display:inline-block}.elementor-widget-image a img[src$=\".svg\"]{width:48px}.elementor-widget-image img{vertical-align:middle;display:inline-block}<\/style>\n<p>\t\t\t\t\t\t\t\t\t\t\t\t<img decoding=\"async\" width=\"768\" height=\"1024\" src=\"http:\/\/artistepeintre.eu\/wp-content\/uploads\/2022\/03\/IMG_1390-768x1024.jpg\" alt=\"\" loading=\"lazy\" srcset=\"http:\/\/artistepeintre.eu\/wp-content\/uploads\/2022\/03\/IMG_1390-768x1024.jpg 768w, http:\/\/artistepeintre.eu\/wp-content\/uploads\/2022\/03\/IMG_1390-225x300.jpg 225w, http:\/\/artistepeintre.eu\/wp-content\/uploads\/2022\/03\/IMG_1390-1152x1536.jpg 1152w, http:\/\/artistepeintre.eu\/wp-content\/uploads\/2022\/03\/IMG_1390-1536x2048.jpg 1536w, http:\/\/artistepeintre.eu\/wp-content\/uploads\/2022\/03\/IMG_1390-scaled.jpg 1920w\" sizes=\"auto, (max-width: 768px) 100vw, 768px\" \/>\t\t\t\t\t\t\t\t\t\t\t\t\t\t\t<\/p>\n<p><strong>&nbsp;Nue au bleu<\/strong><\/p>\n<p><strong>Huile sur toile de lin 87&#215;106.5&#215;4.5 cm.<\/strong><\/p>\n<p>Femme nue sortant de son bain&nbsp; avec un regard myst\u00e9rieux et&nbsp; reposant. Les \u00e9paisseurs sont&nbsp; d\u00fb aux couteaux sur une&nbsp; fine \u00e9paisseur&nbsp; de vert \u00e9meraude&nbsp; et de bleu de cobalt att\u00e9nu\u00e9 par du blanc .<\/p>\n<p>Les couleurs sobres et froides&nbsp; cr\u00e9ent une atmosph\u00e8re feutr\u00e9e et chatoyante.<\/p>\n<p><strong><br \/><\/strong><\/p>\n<p>\t\t\t\t\t\t\t\t\t\t\t\t\t\t\t<img decoding=\"async\" width=\"800\" height=\"600\" src=\"http:\/\/artistepeintre.eu\/wp-content\/uploads\/2022\/03\/IMG_1385-1024x768.jpg\" alt=\"\" loading=\"lazy\" srcset=\"http:\/\/artistepeintre.eu\/wp-content\/uploads\/2022\/03\/IMG_1385-1024x768.jpg 1024w, http:\/\/artistepeintre.eu\/wp-content\/uploads\/2022\/03\/IMG_1385-300x225.jpg 300w, http:\/\/artistepeintre.eu\/wp-content\/uploads\/2022\/03\/IMG_1385-768x576.jpg 768w, http:\/\/artistepeintre.eu\/wp-content\/uploads\/2022\/03\/IMG_1385-1536x1152.jpg 1536w, http:\/\/artistepeintre.eu\/wp-content\/uploads\/2022\/03\/IMG_1385-2048x1536.jpg 2048w\" sizes=\"auto, (max-width: 800px) 100vw, 800px\" \/>\t\t\t\t\t\t\t\t\t\t\t\t\t\t\t<\/p>\n<p><strong>&nbsp;La Penseuse 2018<\/strong><\/p>\n<p><strong>&nbsp;Huile sur toile&nbsp; en lin&nbsp; 80&#215;80 cm<\/strong><\/p>\n<p>Ce tableau ensoleill\u00e9&nbsp; est enti\u00e8rement ex\u00e9cut\u00e9 au couteau&nbsp; avec des \u00e9paisseurs d\u2019empattement.<\/p>\n<p>Plusieurs couches d\u2019empattement rendent&nbsp; les couleurs assez \u00e9clatantes<\/p>\n<p><strong><br \/><\/strong><\/p>\n<p>\t\t\t\t\t\t\t\t\t\t\t\t\t\t\t<img decoding=\"async\" width=\"768\" height=\"1024\" src=\"http:\/\/artistepeintre.eu\/wp-content\/uploads\/2022\/03\/IMG_13881-768x1024.jpg\" alt=\"\" loading=\"lazy\" srcset=\"http:\/\/artistepeintre.eu\/wp-content\/uploads\/2022\/03\/IMG_13881-768x1024.jpg 768w, http:\/\/artistepeintre.eu\/wp-content\/uploads\/2022\/03\/IMG_13881-225x300.jpg 225w, http:\/\/artistepeintre.eu\/wp-content\/uploads\/2022\/03\/IMG_13881-1152x1536.jpg 1152w, http:\/\/artistepeintre.eu\/wp-content\/uploads\/2022\/03\/IMG_13881-1536x2048.jpg 1536w, http:\/\/artistepeintre.eu\/wp-content\/uploads\/2022\/03\/IMG_13881-scaled.jpg 1920w\" sizes=\"auto, (max-width: 768px) 100vw, 768px\" \/>\t\t\t\t\t\t\t\t\t\t\t\t\t\t\t<\/p>\n<p><strong>&nbsp;Tango<\/strong><\/p>\n<p><strong>Huile sur toile 80x 100 x 4.5cm.<\/strong><\/p>\n<p>Le couple danseur de tango.<\/p>\n<p>Les traces de couteau montrent les \u00e9tapes de l&rsquo;\u00e9laboration et l&rsquo;\u00e9tat d\u2019\u00e2me de l&rsquo;artiste; des couleurs sobres&nbsp; sur des couleurs chaudes donne un r\u00e9sultat int\u00e9ressant.<\/p>\n<p><strong><br \/><\/strong><\/p>\n<p>\t\t\t\t\t\t\t\t\t\t\t\t\t\t\t<img decoding=\"async\" width=\"800\" height=\"600\" src=\"http:\/\/artistepeintre.eu\/wp-content\/uploads\/2022\/03\/IMG_13991-1-1024x768.jpg\" alt=\"\" loading=\"lazy\" srcset=\"http:\/\/artistepeintre.eu\/wp-content\/uploads\/2022\/03\/IMG_13991-1-1024x768.jpg 1024w, http:\/\/artistepeintre.eu\/wp-content\/uploads\/2022\/03\/IMG_13991-1-300x225.jpg 300w, http:\/\/artistepeintre.eu\/wp-content\/uploads\/2022\/03\/IMG_13991-1-768x576.jpg 768w, http:\/\/artistepeintre.eu\/wp-content\/uploads\/2022\/03\/IMG_13991-1-1536x1152.jpg 1536w, http:\/\/artistepeintre.eu\/wp-content\/uploads\/2022\/03\/IMG_13991-1-2048x1536.jpg 2048w\" sizes=\"auto, (max-width: 800px) 100vw, 800px\" \/>\t\t\t\t\t\t\t\t\t\t\t\t\t\t\t<\/p>\n<p><strong>\u00a0Le r\u00eave<\/strong><\/p>\n<p><strong>Huile sur toile de lin 80&#215;100 cm<\/strong><\/p>\n<p>Femme dans\u00a0 un posture statique\u00a0 originale,\u00a0 r\u00eave de sa vie , le visage rond avec ses grands yeux , le spectateur s&rsquo;efforce de d\u00e9couvrir sa beaut\u00e9 ext\u00e9rieur d&rsquo;abord dessin\u00e9e au couteau.<\/p>\n<p>Les cheveux noirs au centre\u00a0 tranchent entre les couleurs froides et les couleurs chaudes en plusieurs couches successives.<\/p>\n<p><strong>\u00a0<\/strong><\/p>\n<p>\t\t\t\t\t\t\t\t\t\t\t\t\t\t\t<img decoding=\"async\" width=\"800\" height=\"813\" src=\"http:\/\/artistepeintre.eu\/wp-content\/uploads\/2022\/03\/IMG_1525-1008x1024.jpg\" alt=\"\" loading=\"lazy\" srcset=\"http:\/\/artistepeintre.eu\/wp-content\/uploads\/2022\/03\/IMG_1525-1008x1024.jpg 1008w, http:\/\/artistepeintre.eu\/wp-content\/uploads\/2022\/03\/IMG_1525-295x300.jpg 295w, http:\/\/artistepeintre.eu\/wp-content\/uploads\/2022\/03\/IMG_1525-768x780.jpg 768w, http:\/\/artistepeintre.eu\/wp-content\/uploads\/2022\/03\/IMG_1525-1511x1536.jpg 1511w, http:\/\/artistepeintre.eu\/wp-content\/uploads\/2022\/03\/IMG_1525-2015x2048.jpg 2015w\" sizes=\"auto, (max-width: 800px) 100vw, 800px\" \/>\t\t\t\t\t\t\t\t\t\t\t\t\t\t\t<\/p>\n<p><strong>\u00a0Femme \u00e0 la jarre<\/strong><\/p>\n<p><strong>Huile sur Lin 80x100cm.<\/strong><\/p>\n<p>Tableau fait au\u00a0 couteau et \u00e0 la spatule. Montre une femme portant une jarre regardant vers l&rsquo;horizon.<\/p>\n<p>Les couleurs sont r\u00e9partis sur une tonalit\u00e9 chaude mais le m\u00e9lange avec du\u00a0 blanc atteint largement\u00a0 leurs agressivit\u00e9s.<\/p>\n<p>Plusieurs couches aux couteaux se succ\u00e8dent pour\u00a0 laisser appara\u00eetre une luminosit\u00e9 exceptionnelle.<\/p>\n<p><strong>\u00a0<\/strong><\/p>\n<p>\t\t\t\t\t\t\t\t\t\t\t\t\t\t\t<img decoding=\"async\" width=\"800\" height=\"978\" src=\"http:\/\/artistepeintre.eu\/wp-content\/uploads\/2022\/03\/20180903_151126-1-838x1024.jpg\" alt=\"\" loading=\"lazy\" srcset=\"http:\/\/artistepeintre.eu\/wp-content\/uploads\/2022\/03\/20180903_151126-1-838x1024.jpg 838w, http:\/\/artistepeintre.eu\/wp-content\/uploads\/2022\/03\/20180903_151126-1-246x300.jpg 246w, http:\/\/artistepeintre.eu\/wp-content\/uploads\/2022\/03\/20180903_151126-1-768x938.jpg 768w, http:\/\/artistepeintre.eu\/wp-content\/uploads\/2022\/03\/20180903_151126-1-1257x1536.jpg 1257w, http:\/\/artistepeintre.eu\/wp-content\/uploads\/2022\/03\/20180903_151126-1-1676x2048.jpg 1676w\" sizes=\"auto, (max-width: 800px) 100vw, 800px\" \/>\t\t\t\t\t\t\t\t\t\t\t\t\t\t\t<\/p>\n<p><strong>\u00a0Femme nue assis<\/strong><\/p>\n<p><strong>Huile sur toile de lin 80&#215;80 cm<\/strong><\/p>\n<p>Des couleurs chaudes se contrastent avec un fond froid qui r\u00e9sulte une atmosph\u00e8re f\u00e9minine mystique.<\/p>\n<p>\u00a0L&rsquo;utilisation des spatules est majoritaire.<\/p>\n<p><strong>Vendu<\/strong><\/p>\n<p>\t\t\t\t\t\t\t\t\t\t\t\t\t\t\t<img decoding=\"async\" width=\"768\" height=\"1024\" src=\"http:\/\/artistepeintre.eu\/wp-content\/uploads\/2022\/03\/IMG_13941-1-768x1024.jpg\" alt=\"\" loading=\"lazy\" srcset=\"http:\/\/artistepeintre.eu\/wp-content\/uploads\/2022\/03\/IMG_13941-1-768x1024.jpg 768w, http:\/\/artistepeintre.eu\/wp-content\/uploads\/2022\/03\/IMG_13941-1-225x300.jpg 225w, http:\/\/artistepeintre.eu\/wp-content\/uploads\/2022\/03\/IMG_13941-1-1152x1536.jpg 1152w, http:\/\/artistepeintre.eu\/wp-content\/uploads\/2022\/03\/IMG_13941-1-1536x2048.jpg 1536w, http:\/\/artistepeintre.eu\/wp-content\/uploads\/2022\/03\/IMG_13941-1-scaled.jpg 1920w\" sizes=\"auto, (max-width: 768px) 100vw, 768px\" \/>\t\t\t\t\t\t\t\t\t\t\t\t\t\t\t<\/p>\n<p><strong>\u00a0Femme nue assise fond rouge<br \/><\/strong><\/p>\n<p><strong>Huile sur lin 80&#215;80 cm.<\/strong><\/p>\n<p>Femme nue aux cheveux blond sur un fond chaud. L&rsquo;utilisation de la\u00a0 spatule est largement dominante ce qui donne au tableau un effet de 3\u00e8me dimension qui masque l&rsquo;absence de contraste chaud froid.<\/p>\n<p><strong>\u00a0<\/strong><\/p>\n<p>\t\t\t\t\t\t\t\t\t\t\t\t\t\t\t<img decoding=\"async\" width=\"800\" height=\"1013\" src=\"http:\/\/artistepeintre.eu\/wp-content\/uploads\/2022\/03\/8-809x1024.jpg\" alt=\"\" loading=\"lazy\" srcset=\"http:\/\/artistepeintre.eu\/wp-content\/uploads\/2022\/03\/8-809x1024.jpg 809w, http:\/\/artistepeintre.eu\/wp-content\/uploads\/2022\/03\/8-237x300.jpg 237w, http:\/\/artistepeintre.eu\/wp-content\/uploads\/2022\/03\/8-768x972.jpg 768w, http:\/\/artistepeintre.eu\/wp-content\/uploads\/2022\/03\/8-1214x1536.jpg 1214w, http:\/\/artistepeintre.eu\/wp-content\/uploads\/2022\/03\/8-1619x2048.jpg 1619w, http:\/\/artistepeintre.eu\/wp-content\/uploads\/2022\/03\/8-scaled.jpg 2023w\" sizes=\"auto, (max-width: 800px) 100vw, 800px\" \/>\t\t\t\t\t\t\t\t\t\t\t\t\t\t\t<\/p>\n<p><strong>\u00a0Femme nue africaine<\/strong><\/p>\n<p><strong>Huile sur lin 80&#215;100 cm<\/strong><\/p>\n<p>Ce tableau dans la s\u00e9rie des nues est consacr\u00e9 \u00e0 la femme africaine. La juxtaposition du bleu de Prusse d\u00e9grad\u00e9 avec la peau satin\u00e9 orang\u00e9 de la femme donne un effet lumineux ressemblant au soleil au milieu de nuit.<\/p>\n<p><strong>\u00a0<\/strong><\/p>\n<p>\t\t\t\t\t\t\t\t\t\t\t\t\t\t\t<img decoding=\"async\" width=\"768\" height=\"1024\" src=\"http:\/\/artistepeintre.eu\/wp-content\/uploads\/2022\/03\/IMG_1481-768x1024.jpg\" alt=\"\" loading=\"lazy\" srcset=\"http:\/\/artistepeintre.eu\/wp-content\/uploads\/2022\/03\/IMG_1481-768x1024.jpg 768w, http:\/\/artistepeintre.eu\/wp-content\/uploads\/2022\/03\/IMG_1481-225x300.jpg 225w, http:\/\/artistepeintre.eu\/wp-content\/uploads\/2022\/03\/IMG_1481-1152x1536.jpg 1152w, http:\/\/artistepeintre.eu\/wp-content\/uploads\/2022\/03\/IMG_1481-1536x2048.jpg 1536w, http:\/\/artistepeintre.eu\/wp-content\/uploads\/2022\/03\/IMG_1481-scaled.jpg 1920w\" sizes=\"auto, (max-width: 768px) 100vw, 768px\" \/>\t\t\t\t\t\t\t\t\t\t\t\t\t\t\t<\/p>\n<p><strong>\u00a0Femme nue met ses chaussette 2018<br \/><\/strong><\/p>\n<p><strong>Huile sur toile de coton 80x100x4. 5 cm\u00a0<\/strong><\/p>\n<p>Ce tableau color\u00e9 repr\u00e9sente une femme nue dans une chambre et entrain de mettre ses chaussettes.<\/p>\n<p>La juxtaposition des couleurs sur un m\u00eame fond violac\u00e9 rend le tableau tr\u00e8s prenant et c&rsquo;est au spectateur averti de d\u00e9nicher les gestes et le regarde profond de ce mod\u00e8le.<\/p>\n<p><strong>\u00a0<\/strong><\/p>\n<p>\t\t\t\t\t\t\t\t\t\t\t\t\t\t\t<img decoding=\"async\" width=\"800\" height=\"1013\" src=\"http:\/\/artistepeintre.eu\/wp-content\/uploads\/2022\/03\/3-809x1024.jpg\" alt=\"\" loading=\"lazy\" srcset=\"http:\/\/artistepeintre.eu\/wp-content\/uploads\/2022\/03\/3-809x1024.jpg 809w, http:\/\/artistepeintre.eu\/wp-content\/uploads\/2022\/03\/3-237x300.jpg 237w, http:\/\/artistepeintre.eu\/wp-content\/uploads\/2022\/03\/3-768x972.jpg 768w, http:\/\/artistepeintre.eu\/wp-content\/uploads\/2022\/03\/3-1214x1536.jpg 1214w, http:\/\/artistepeintre.eu\/wp-content\/uploads\/2022\/03\/3-1619x2048.jpg 1619w, http:\/\/artistepeintre.eu\/wp-content\/uploads\/2022\/03\/3-scaled.jpg 2023w\" sizes=\"auto, (max-width: 800px) 100vw, 800px\" \/>\t\t\t\t\t\t\t\t\t\t\t\t\t\t\t<\/p>\n<p><strong>Nue Jaune 2018<\/strong><\/p>\n<p><strong>Huile sur lin 80&#215;100 cm.<\/strong><\/p>\n<p>Ce nue, est un mariage de deux\u00a0 couleurs \u00e9clatants qui met en avance une sensualit\u00e9 d\u00e9bordante. Entre pinceaux et couteaux, le spectateur est \u00e9blouit par la lumi\u00e8re du soleil jaune citron.<\/p>\n<p><strong>\u00a0<\/strong><\/p>\n<p>\t\t\t\t\t\t\t\t\t\t\t\t\t\t\t<img decoding=\"async\" width=\"800\" height=\"600\" src=\"http:\/\/artistepeintre.eu\/wp-content\/uploads\/2022\/03\/47glacier-dislande-1024x768.jpg\" alt=\"\" loading=\"lazy\" srcset=\"http:\/\/artistepeintre.eu\/wp-content\/uploads\/2022\/03\/47glacier-dislande-1024x768.jpg 1024w, http:\/\/artistepeintre.eu\/wp-content\/uploads\/2022\/03\/47glacier-dislande-300x225.jpg 300w, http:\/\/artistepeintre.eu\/wp-content\/uploads\/2022\/03\/47glacier-dislande-768x576.jpg 768w, http:\/\/artistepeintre.eu\/wp-content\/uploads\/2022\/03\/47glacier-dislande-1536x1152.jpg 1536w, http:\/\/artistepeintre.eu\/wp-content\/uploads\/2022\/03\/47glacier-dislande.jpg 1600w\" sizes=\"auto, (max-width: 800px) 100vw, 800px\" \/>\t\t\t\t\t\t\t\t\t\t\t\t\t\t\t<\/p>\n<p><strong>\u00a0Glacier d&rsquo;Islande 2016<\/strong><\/p>\n<p><strong>Huile sur lin 80&#215;100 cm<\/strong><\/p>\n<p>Tableau abstrait effectu\u00e9 par des spatules \u00e0 taille et forme diff\u00e9rentes.<\/p>\n<p><strong>Non disponible<\/strong><\/p>\n<p>\t\t\t\t\t\t\t\t\t\t\t\t\t\t\t<img decoding=\"async\" width=\"800\" height=\"630\" src=\"http:\/\/artistepeintre.eu\/wp-content\/uploads\/2022\/03\/22-1024x807.jpg\" alt=\"\" loading=\"lazy\" srcset=\"http:\/\/artistepeintre.eu\/wp-content\/uploads\/2022\/03\/22-1024x807.jpg 1024w, http:\/\/artistepeintre.eu\/wp-content\/uploads\/2022\/03\/22-300x237.jpg 300w, http:\/\/artistepeintre.eu\/wp-content\/uploads\/2022\/03\/22-768x606.jpg 768w, http:\/\/artistepeintre.eu\/wp-content\/uploads\/2022\/03\/22-1536x1211.jpg 1536w, http:\/\/artistepeintre.eu\/wp-content\/uploads\/2022\/03\/22-2048x1615.jpg 2048w\" sizes=\"auto, (max-width: 800px) 100vw, 800px\" \/>\t\t\t\t\t\t\t\t\t\t\t\t\t\t\t<\/p>\n<p><strong>\u00a0Horizon<\/strong><\/p>\n<p><strong>Huile sur lin 80x100cm<\/strong><\/p>\n<p>Nature abstraite, la succession des horizons avec une texture diff\u00e9rent rend une homog\u00e9n\u00e9it\u00e9 complexe.<\/p>\n<p><strong>\u00a0<\/strong><\/p>\n<p>\t\t\t\t\t\t\t\t\t\t\t\t\t\t\t<img decoding=\"async\" width=\"800\" height=\"535\" src=\"http:\/\/artistepeintre.eu\/wp-content\/uploads\/2022\/03\/28.-mosaique-1024x685.jpg\" alt=\"\" loading=\"lazy\" srcset=\"http:\/\/artistepeintre.eu\/wp-content\/uploads\/2022\/03\/28.-mosaique-1024x685.jpg 1024w, http:\/\/artistepeintre.eu\/wp-content\/uploads\/2022\/03\/28.-mosaique-300x201.jpg 300w, http:\/\/artistepeintre.eu\/wp-content\/uploads\/2022\/03\/28.-mosaique-768x514.jpg 768w, http:\/\/artistepeintre.eu\/wp-content\/uploads\/2022\/03\/28.-mosaique-1536x1028.jpg 1536w, http:\/\/artistepeintre.eu\/wp-content\/uploads\/2022\/03\/28.-mosaique-2048x1371.jpg 2048w\" sizes=\"auto, (max-width: 800px) 100vw, 800px\" \/>\t\t\t\t\t\t\t\t\t\t\t\t\t\t\t<\/p>\n<p><strong>\u00a0Mosa\u00efque<\/strong><\/p>\n<p><strong>Huile sur lin 80&#215;80 cm<\/strong><\/p>\n<p>Abstrait color\u00e9 , un \u00e9quilibre entre diff\u00e9rentes couleur froides et chaudes att\u00e9nu\u00e9es.<\/p>\n<p>Cette composition simple d&rsquo;apparence est bas\u00e9e sur la juxtaposition des \u00e9l\u00e9ments vibrante et chatoyante.<\/p>\n<p><strong>\u00a0<\/strong><\/p>\n<p>\t\t\t\t\t\t\t\t\t\t\t\t\t\t\t<img decoding=\"async\" width=\"800\" height=\"535\" src=\"http:\/\/artistepeintre.eu\/wp-content\/uploads\/2022\/03\/3.-larbre-de-pierre-1024x685.jpg\" alt=\"\" loading=\"lazy\" srcset=\"http:\/\/artistepeintre.eu\/wp-content\/uploads\/2022\/03\/3.-larbre-de-pierre-1024x685.jpg 1024w, http:\/\/artistepeintre.eu\/wp-content\/uploads\/2022\/03\/3.-larbre-de-pierre-300x201.jpg 300w, http:\/\/artistepeintre.eu\/wp-content\/uploads\/2022\/03\/3.-larbre-de-pierre-768x514.jpg 768w, http:\/\/artistepeintre.eu\/wp-content\/uploads\/2022\/03\/3.-larbre-de-pierre-1536x1028.jpg 1536w, http:\/\/artistepeintre.eu\/wp-content\/uploads\/2022\/03\/3.-larbre-de-pierre-2048x1371.jpg 2048w\" sizes=\"auto, (max-width: 800px) 100vw, 800px\" \/>\t\t\t\t\t\t\t\t\t\t\t\t\t\t\t<\/p>\n<p><strong>\u00a0L&rsquo;arbre d&rsquo;automne <\/strong><\/p>\n<p><strong>Huile sur toile 50&#215;70 cm<\/strong><\/p>\n<p>L&rsquo;arbre pendant l&rsquo;automne perd ses feuillets sur un substrat rocailleux.<\/p>\n<p>Les couleurs att\u00e9nu\u00e9es automnales\u00a0 de ce tableau le rend mystique et assez reposant pour les yeux du spectateur.<\/p>\n<p><strong>\u00a0<\/strong><\/p>\n<p>\t\t\t\t\t\t\t\t\t\t\t\t\t\t\t<img decoding=\"async\" width=\"800\" height=\"541\" src=\"http:\/\/artistepeintre.eu\/wp-content\/uploads\/2022\/03\/28-1024x692.jpg\" alt=\"\" loading=\"lazy\" srcset=\"http:\/\/artistepeintre.eu\/wp-content\/uploads\/2022\/03\/28-1024x692.jpg 1024w, http:\/\/artistepeintre.eu\/wp-content\/uploads\/2022\/03\/28-300x203.jpg 300w, http:\/\/artistepeintre.eu\/wp-content\/uploads\/2022\/03\/28-768x519.jpg 768w, http:\/\/artistepeintre.eu\/wp-content\/uploads\/2022\/03\/28-1536x1038.jpg 1536w, http:\/\/artistepeintre.eu\/wp-content\/uploads\/2022\/03\/28-2048x1384.jpg 2048w\" sizes=\"auto, (max-width: 800px) 100vw, 800px\" \/>\t\t\t\t\t\t\t\t\t\t\t\t\t\t\t<\/p>\n<p><strong>\u00a0Grendelbruch \u00e0 l&rsquo;automne<\/strong><\/p>\n<p><strong>Huile sur coton 80x100x 4.5 cm<\/strong><\/p>\n<p>Les rayons du couch\u00e9 du soleil\u00a0 traversent les nuages sur les hauteurs de Grendelbruch en Alsace prend un aspect de ciel jaun\u00e2tre.<\/p>\n<p>Ce tableau d\u2019emp\u00e2tement \u00e0 dominance jaun\u00e2tre rendent l\u2019atmosph\u00e8re assez pesante, mais les affleurements rocheux granitique au bord du\u00a0 chemin\u00a0 prennent une couleur orang\u00e9.<\/p>\n<p><strong>\u00a0<\/strong><\/p>\n<p>\t\t\t\t\t\t\t\t\t\t\t\t\t\t\t<img decoding=\"async\" width=\"800\" height=\"1013\" src=\"http:\/\/artistepeintre.eu\/wp-content\/uploads\/2022\/03\/1-809x1024.jpg\" alt=\"\" loading=\"lazy\" srcset=\"http:\/\/artistepeintre.eu\/wp-content\/uploads\/2022\/03\/1-809x1024.jpg 809w, http:\/\/artistepeintre.eu\/wp-content\/uploads\/2022\/03\/1-237x300.jpg 237w, http:\/\/artistepeintre.eu\/wp-content\/uploads\/2022\/03\/1-768x972.jpg 768w, http:\/\/artistepeintre.eu\/wp-content\/uploads\/2022\/03\/1-1214x1536.jpg 1214w, http:\/\/artistepeintre.eu\/wp-content\/uploads\/2022\/03\/1-1619x2048.jpg 1619w, http:\/\/artistepeintre.eu\/wp-content\/uploads\/2022\/03\/1-scaled.jpg 2023w\" sizes=\"auto, (max-width: 800px) 100vw, 800px\" \/>\t\t\t\t\t\t\t\t\t\t\t\t\t\t\t<\/p>\n<p><strong>Grendelbruch en \u00e9t\u00e9 2017<br \/><\/strong><\/p>\n<p><strong>Huile sur lin 80x100cm<\/strong><\/p>\n<p>Ce tableau effectu\u00e9 sur les hauteur de\u00a0 Grendelbruch au couch\u00e9 du soleil estival.<\/p>\n<p>Les poteaux sont align\u00e9s le long du chemin pour permettre aux animaux de brouter tranquillement.<\/p>\n<p>Une \u00e9paisse couche de\u00a0 peinture permet de sculpter des v\u00e9ritables poteaux sur les champs brun fonc\u00e9.<\/p>\n<p><strong>\u00a0<\/strong><\/p>\n<p>\t\t\t\t\t\t\t\t\t\t\t\t\t\t\t<img decoding=\"async\" width=\"800\" height=\"648\" src=\"http:\/\/artistepeintre.eu\/wp-content\/uploads\/2022\/03\/48-1024x830.jpg\" alt=\"\" loading=\"lazy\" srcset=\"http:\/\/artistepeintre.eu\/wp-content\/uploads\/2022\/03\/48-1024x830.jpg 1024w, http:\/\/artistepeintre.eu\/wp-content\/uploads\/2022\/03\/48-300x243.jpg 300w, http:\/\/artistepeintre.eu\/wp-content\/uploads\/2022\/03\/48-768x622.jpg 768w, http:\/\/artistepeintre.eu\/wp-content\/uploads\/2022\/03\/48-1536x1244.jpg 1536w, http:\/\/artistepeintre.eu\/wp-content\/uploads\/2022\/03\/48-2048x1659.jpg 2048w\" sizes=\"auto, (max-width: 800px) 100vw, 800px\" \/>\t\t\t\t\t\t\t\t\t\t\t\t\t\t\t<\/p>\n<p><strong>Couch\u00e9 du soleil d&rsquo;Islande<\/strong><\/p>\n<p><strong>Huile sur lin 80x100cm<\/strong><\/p>\n<p>Atmosph\u00e8re froide repr\u00e9sentant un paysage o\u00f9 le ciel rose islandais tombe sur un lac glaciaire.<\/p>\n<p>La petite maison est isol\u00e9e de toute habitation capte le regard par sa blancheur au milieu de la for\u00eat.<\/p>\n<p><strong>\u00a0<\/strong><\/p>\n<p>\t\t\t\t\t\t\t\t\t\t\t\t\t\t\t<img decoding=\"async\" width=\"800\" height=\"632\" src=\"http:\/\/artistepeintre.eu\/wp-content\/uploads\/2022\/03\/54-2-1024x809.jpg\" alt=\"\" loading=\"lazy\" srcset=\"http:\/\/artistepeintre.eu\/wp-content\/uploads\/2022\/03\/54-2-1024x809.jpg 1024w, http:\/\/artistepeintre.eu\/wp-content\/uploads\/2022\/03\/54-2-300x237.jpg 300w, http:\/\/artistepeintre.eu\/wp-content\/uploads\/2022\/03\/54-2-768x607.jpg 768w, http:\/\/artistepeintre.eu\/wp-content\/uploads\/2022\/03\/54-2-1536x1213.jpg 1536w, http:\/\/artistepeintre.eu\/wp-content\/uploads\/2022\/03\/54-2-2048x1618.jpg 2048w\" sizes=\"auto, (max-width: 800px) 100vw, 800px\" \/>\t\t\t\t\t\t\t\t\t\t\t\t\t\t\t<\/p>\n<p><strong>\u00a0Fa\u00e7ade d&rsquo;une baraque \u00e0 Ganvi\u00e9 au B\u00e9nin<br \/><\/strong><\/p>\n<p><strong>Huile sur lin 80&#215;100 cm<\/strong><\/p>\n<p>La r\u00e9gion lacustre de Ganvi\u00e9 au B\u00e9nin est une source d&rsquo;inspiration de la diversit\u00e9 architecturale b\u00e9ninoise.<\/p>\n<p>Ce tableau est une r\u00e9alit\u00e9 color\u00e9e de l&rsquo;esprit artistique b\u00e9ninois.<\/p>\n<p><strong>\u00a0<\/strong><\/p>\n<p>\t\t\t\t\t\t\t\t\t\t\t\t\t\t\t<img decoding=\"async\" width=\"685\" height=\"1024\" src=\"http:\/\/artistepeintre.eu\/wp-content\/uploads\/2022\/03\/35.-ours-polaire-685x1024.jpg\" alt=\"\" loading=\"lazy\" srcset=\"http:\/\/artistepeintre.eu\/wp-content\/uploads\/2022\/03\/35.-ours-polaire-685x1024.jpg 685w, http:\/\/artistepeintre.eu\/wp-content\/uploads\/2022\/03\/35.-ours-polaire-201x300.jpg 201w, http:\/\/artistepeintre.eu\/wp-content\/uploads\/2022\/03\/35.-ours-polaire-768x1147.jpg 768w, http:\/\/artistepeintre.eu\/wp-content\/uploads\/2022\/03\/35.-ours-polaire-1028x1536.jpg 1028w, http:\/\/artistepeintre.eu\/wp-content\/uploads\/2022\/03\/35.-ours-polaire-1371x2048.jpg 1371w, http:\/\/artistepeintre.eu\/wp-content\/uploads\/2022\/03\/35.-ours-polaire-scaled.jpg 1714w\" sizes=\"auto, (max-width: 685px) 100vw, 685px\" \/>\t\t\t\t\t\t\t\t\t\t\t\t\t\t\t<\/p>\n<p><strong>\u00a0Ours isol\u00e9 sur la banquise<\/strong><\/p>\n<p><strong>Huile sur lin 80&#215;80 cm<\/strong><\/p>\n<p>L&rsquo;effondrement de la banquise d\u00fb au r\u00e9chauffement climatique mets les ours polaires en v\u00e9ritable danger.<\/p>\n<p>Les couleur froides de ce tableau sur un horizon plus chaud au couch\u00e9 du soleil fait balader l\u2019\u0153il dans tous les sens pour explorer le m\u00e9lange fondu des couleurs.<\/p>\n<p><strong>Vendu<\/strong><\/p>\n<p>\t\t\t\t\t\t\t\t\t\t\t\t\t\t\t<img decoding=\"async\" width=\"800\" height=\"535\" src=\"http:\/\/artistepeintre.eu\/wp-content\/uploads\/2022\/03\/2.-bateau-jaune-1024x685.jpg\" alt=\"\" loading=\"lazy\" srcset=\"http:\/\/artistepeintre.eu\/wp-content\/uploads\/2022\/03\/2.-bateau-jaune-1024x685.jpg 1024w, http:\/\/artistepeintre.eu\/wp-content\/uploads\/2022\/03\/2.-bateau-jaune-300x201.jpg 300w, http:\/\/artistepeintre.eu\/wp-content\/uploads\/2022\/03\/2.-bateau-jaune-768x514.jpg 768w, http:\/\/artistepeintre.eu\/wp-content\/uploads\/2022\/03\/2.-bateau-jaune-1536x1028.jpg 1536w, http:\/\/artistepeintre.eu\/wp-content\/uploads\/2022\/03\/2.-bateau-jaune-2048x1371.jpg 2048w\" sizes=\"auto, (max-width: 800px) 100vw, 800px\" \/>\t\t\t\t\t\t\t\t\t\t\t\t\t\t\t<\/p>\n<p><strong>\u00a0Bateau jaune<\/strong><\/p>\n<p><strong>Huile sur toile 80x 100 cm<\/strong><\/p>\n<p>Le Maroc est tr\u00e8s ensoleill\u00e9 d\u2019o\u00f9 ces couleurs jaunes o\u00f9 se marient mer et bateau au couleur du soleil.<\/p>\n<p>L&rsquo;utilisation de fondu jaune p\u00eache, sur le fond du paysage, donne une profondeur qui sera seulement capt\u00e9 par l\u2019\u0153il d&rsquo;une personne avertie en peinture.<\/p>\n<p><strong>\u00a0<\/strong><\/p>\n<p>\t\t\t\t\t\t\t\t\t\t\t\t\t\t\t<img decoding=\"async\" width=\"800\" height=\"541\" src=\"http:\/\/artistepeintre.eu\/wp-content\/uploads\/2022\/03\/9.-bateau-vert-1024x693.jpg\" alt=\"\" loading=\"lazy\" srcset=\"http:\/\/artistepeintre.eu\/wp-content\/uploads\/2022\/03\/9.-bateau-vert-1024x693.jpg 1024w, http:\/\/artistepeintre.eu\/wp-content\/uploads\/2022\/03\/9.-bateau-vert-300x203.jpg 300w, http:\/\/artistepeintre.eu\/wp-content\/uploads\/2022\/03\/9.-bateau-vert-768x519.jpg 768w, http:\/\/artistepeintre.eu\/wp-content\/uploads\/2022\/03\/9.-bateau-vert-1536x1039.jpg 1536w, http:\/\/artistepeintre.eu\/wp-content\/uploads\/2022\/03\/9.-bateau-vert-2048x1385.jpg 2048w\" sizes=\"auto, (max-width: 800px) 100vw, 800px\" \/>\t\t\t\t\t\t\t\t\t\t\t\t\t\t\t<\/p>\n<p><strong>\u00a0Oc\u00e9an 2014<br \/><\/strong><\/p>\n<p><strong>Huile sur lin 46&#215;38 cm.<\/strong><\/p>\n<p>Des verts et des bleus sont fondus ensemble pour retrouver une harmonie avec les couleur chaudes des bateaux.<\/p>\n<p><strong>Vendu<\/strong><\/p>\n<p>\t\t\t\t\t\t\t\t\t\t\t\t\t\t\t<img decoding=\"async\" width=\"800\" height=\"535\" src=\"http:\/\/artistepeintre.eu\/wp-content\/uploads\/2022\/03\/27.-el-souira-1024x685.jpg\" alt=\"\" loading=\"lazy\" srcset=\"http:\/\/artistepeintre.eu\/wp-content\/uploads\/2022\/03\/27.-el-souira-1024x685.jpg 1024w, http:\/\/artistepeintre.eu\/wp-content\/uploads\/2022\/03\/27.-el-souira-300x201.jpg 300w, http:\/\/artistepeintre.eu\/wp-content\/uploads\/2022\/03\/27.-el-souira-768x514.jpg 768w, http:\/\/artistepeintre.eu\/wp-content\/uploads\/2022\/03\/27.-el-souira-1536x1028.jpg 1536w, http:\/\/artistepeintre.eu\/wp-content\/uploads\/2022\/03\/27.-el-souira-2048x1371.jpg 2048w\" sizes=\"auto, (max-width: 800px) 100vw, 800px\" \/>\t\t\t\t\t\t\t\t\t\t\t\t\t\t\t<\/p>\n<p><strong>\u00a0Bateaux \u00e0 Essaouira<\/strong><\/p>\n<p><strong>Huile sur lin 70&#215;90 cm<\/strong><\/p>\n<p><strong>Non disponible<\/strong><\/p>\n<p>\t\t\t\t\t\t\t\t\t\t\t\t\t\t\t<img decoding=\"async\" width=\"800\" height=\"726\" src=\"http:\/\/artistepeintre.eu\/wp-content\/uploads\/2022\/03\/55-1024x929.jpg\" alt=\"\" loading=\"lazy\" srcset=\"http:\/\/artistepeintre.eu\/wp-content\/uploads\/2022\/03\/55-1024x929.jpg 1024w, http:\/\/artistepeintre.eu\/wp-content\/uploads\/2022\/03\/55-300x272.jpg 300w, http:\/\/artistepeintre.eu\/wp-content\/uploads\/2022\/03\/55-768x697.jpg 768w, http:\/\/artistepeintre.eu\/wp-content\/uploads\/2022\/03\/55-1536x1393.jpg 1536w, http:\/\/artistepeintre.eu\/wp-content\/uploads\/2022\/03\/55-2048x1857.jpg 2048w\" sizes=\"auto, (max-width: 800px) 100vw, 800px\" \/>\t\t\t\t\t\t\t\t\t\t\t\t\t\t\t<\/p>\n<p>\u00a0<strong> Chalutier au cr\u00e9puscule 2017<br \/><\/strong><\/p>\n<p><strong>Huile sur toile 80x80x 4.5 cm<\/strong><\/p>\n<p>Ce tableau de couleur rouge violet (les couleurs n\u2019apparaissent pas exactement)<\/p>\n<p>La mer violac\u00e9e s&rsquo;estampe avec un ciel couleur punk rose vif. Le chalutier isol\u00e9 refl\u00e9t\u00e9 par sa couleur verd\u00e2tre \u00e0 tendance \u00e9meraude\u00a0 .<\/p>\n<p><strong>\u00a0<\/strong><\/p>\n<p>\t\t\t\t\t\t\t\t\t\t\t\t\t\t\t<img decoding=\"async\" width=\"800\" height=\"667\" src=\"http:\/\/artistepeintre.eu\/wp-content\/uploads\/2022\/03\/77.-bateaux-a-la-plage-1-1024x854.jpg\" alt=\"\" loading=\"lazy\" srcset=\"http:\/\/artistepeintre.eu\/wp-content\/uploads\/2022\/03\/77.-bateaux-a-la-plage-1-1024x854.jpg 1024w, http:\/\/artistepeintre.eu\/wp-content\/uploads\/2022\/03\/77.-bateaux-a-la-plage-1-300x250.jpg 300w, http:\/\/artistepeintre.eu\/wp-content\/uploads\/2022\/03\/77.-bateaux-a-la-plage-1-768x641.jpg 768w, http:\/\/artistepeintre.eu\/wp-content\/uploads\/2022\/03\/77.-bateaux-a-la-plage-1-1536x1281.jpg 1536w, http:\/\/artistepeintre.eu\/wp-content\/uploads\/2022\/03\/77.-bateaux-a-la-plage-1-2048x1709.jpg 2048w\" sizes=\"auto, (max-width: 800px) 100vw, 800px\" \/>\t\t\t\t\t\t\t\t\t\t\t\t\t\t\t<\/p>\n<p><strong>\u00a0Bateaux sur la plage 2018<\/strong><\/p>\n<p><strong>Huile sur lin 38&#215;46<\/strong><\/p>\n<p><strong>Non disponible<\/strong><\/p>\n<p>\t\t\t\t\t\t\t\t\t\t\t\t\t\t\t<img decoding=\"async\" width=\"768\" height=\"1024\" src=\"http:\/\/artistepeintre.eu\/wp-content\/uploads\/2022\/03\/IMG_14791-768x1024.jpg\" alt=\"\" loading=\"lazy\" srcset=\"http:\/\/artistepeintre.eu\/wp-content\/uploads\/2022\/03\/IMG_14791-768x1024.jpg 768w, http:\/\/artistepeintre.eu\/wp-content\/uploads\/2022\/03\/IMG_14791-225x300.jpg 225w, http:\/\/artistepeintre.eu\/wp-content\/uploads\/2022\/03\/IMG_14791-1152x1536.jpg 1152w, http:\/\/artistepeintre.eu\/wp-content\/uploads\/2022\/03\/IMG_14791-1536x2048.jpg 1536w, http:\/\/artistepeintre.eu\/wp-content\/uploads\/2022\/03\/IMG_14791-scaled.jpg 1920w\" sizes=\"auto, (max-width: 768px) 100vw, 768px\" \/>\t\t\t\t\t\t\t\t\t\t\t\t\t\t\t<\/p>\n<p><strong>\u00a0Sur ma fen\u00eatre<\/strong><\/p>\n<p><strong>Huile sur toile 80&#215;100 x 4.5cm.<\/strong><\/p>\n<p>Une femme l\u00e8ve son rideau de sa fen\u00eatre\u00a0 et on peut distinguer ensuite un paysage urbain\u00a0 sur u ciel bleu .<\/p>\n<p>C&rsquo;est au spectateur d\u2019imaginer\u00a0 ce qui cache derri\u00e8re le rideau a fond\u00a0 jaune .<\/p>\n<p>En utilisant uniquement\u00a0 les spatule dans ce tableau, la technique simplifie le paysage en le rendant\u00a0 pr\u00e8s d&rsquo;un dessin anim\u00e9.<\/p>\n<p>Des multiple couches de couleur avec la spatule donne au tableau une v\u00e9ritable profondeur.<\/p>\n<p><strong>\u00a0<\/strong><\/p>\n<p>\t\t\t\t\t\t\t\t\t\t\t\t\t\t\t<img decoding=\"async\" width=\"800\" height=\"630\" src=\"http:\/\/artistepeintre.eu\/wp-content\/uploads\/2022\/03\/24-2-1024x807.jpg\" alt=\"\" loading=\"lazy\" srcset=\"http:\/\/artistepeintre.eu\/wp-content\/uploads\/2022\/03\/24-2-1024x807.jpg 1024w, http:\/\/artistepeintre.eu\/wp-content\/uploads\/2022\/03\/24-2-300x237.jpg 300w, http:\/\/artistepeintre.eu\/wp-content\/uploads\/2022\/03\/24-2-768x606.jpg 768w, http:\/\/artistepeintre.eu\/wp-content\/uploads\/2022\/03\/24-2-1536x1211.jpg 1536w, http:\/\/artistepeintre.eu\/wp-content\/uploads\/2022\/03\/24-2-2048x1615.jpg 2048w\" sizes=\"auto, (max-width: 800px) 100vw, 800px\" \/>\t\t\t\t\t\t\t\t\t\t\t\t\t\t\t<\/p>\n<p><strong>26- Le diner au chandelle 2016<\/strong><\/p>\n<p><strong>Huile sur coton 80x100x 4.5 cm<\/strong><\/p>\n<p>Le peintre a commenc\u00e9 une nouvelle approche picturale (bandes dessin\u00e9es) en utilisation des couleurs primaires att\u00e9nu\u00e9es et en gardant essentiellement le sujet simplifi\u00e9 pratiquement sans ombre. C&rsquo;est au spectateur d&rsquo;imaginer l&rsquo;histoire qui se d\u00e9roule entre ces deux sujets .<\/p>\n<p><strong>\u00a0<\/strong><\/p>\n<p>\t\t\t\t\t\t\t\t\t\t\t\t\t\t\t<img decoding=\"async\" width=\"800\" height=\"630\" src=\"http:\/\/artistepeintre.eu\/wp-content\/uploads\/2022\/03\/25-2-1024x807.jpg\" alt=\"\" loading=\"lazy\" srcset=\"http:\/\/artistepeintre.eu\/wp-content\/uploads\/2022\/03\/25-2-1024x807.jpg 1024w, http:\/\/artistepeintre.eu\/wp-content\/uploads\/2022\/03\/25-2-300x237.jpg 300w, http:\/\/artistepeintre.eu\/wp-content\/uploads\/2022\/03\/25-2-768x606.jpg 768w, http:\/\/artistepeintre.eu\/wp-content\/uploads\/2022\/03\/25-2-1536x1211.jpg 1536w, http:\/\/artistepeintre.eu\/wp-content\/uploads\/2022\/03\/25-2-2048x1615.jpg 2048w\" sizes=\"auto, (max-width: 800px) 100vw, 800px\" \/>\t\t\t\t\t\t\t\t\t\t\t\t\t\t\t<\/p>\n<p><strong>27- Le couple dansant<\/strong><\/p>\n<p><strong>Huile sur lin 80&#215;100 cm<\/strong><\/p>\n<p>La juxtaposition des couleurs chaude contre froide et la simplification des gestes montrent l&rsquo;opposition entre les couleurs primaires qui\u00a0 donne l&rsquo;impression au spectateur l&rsquo;absence de r\u00e9flexion dans le sujet.<\/p>\n<p>C&rsquo;est toute a fait le contraire pour un amateur averti.<\/p>\n<p><strong>\u00a0<\/strong><\/p>\n<p>\u00a0<\/p>\n<p>\t\t\t\t\t\t\t\t\t\t\t\t\t\t\t<img decoding=\"async\" width=\"800\" height=\"1013\" src=\"http:\/\/artistepeintre.eu\/wp-content\/uploads\/2022\/03\/6-809x1024.jpg\" alt=\"\" loading=\"lazy\" srcset=\"http:\/\/artistepeintre.eu\/wp-content\/uploads\/2022\/03\/6-809x1024.jpg 809w, http:\/\/artistepeintre.eu\/wp-content\/uploads\/2022\/03\/6-237x300.jpg 237w, http:\/\/artistepeintre.eu\/wp-content\/uploads\/2022\/03\/6-768x972.jpg 768w, http:\/\/artistepeintre.eu\/wp-content\/uploads\/2022\/03\/6-1214x1536.jpg 1214w, http:\/\/artistepeintre.eu\/wp-content\/uploads\/2022\/03\/6-1619x2048.jpg 1619w, http:\/\/artistepeintre.eu\/wp-content\/uploads\/2022\/03\/6-scaled.jpg 2023w\" sizes=\"auto, (max-width: 800px) 100vw, 800px\" \/>\t\t\t\t\t\t\t\t\t\t\t\t\t\t\t<\/p>\n<p><strong>28- Au t\u00e9l\u00e9phone<\/strong><\/p>\n<p><strong>Huile sur lin 80&#215;100 cm<\/strong><\/p>\n<p>Ce tableau \u00e9labor\u00e9\u00a0 essentiellement aux couteaux\u00a0 simplifie l&rsquo;image par\u00a0 une multiplicit\u00e9\u00a0 des\u00a0 touch\u00e9e complexes.\u00a0<\/p>\n<p>La pr\u00e9sence des ombres effectu\u00e9s avec des \u00e9paisseurs successives rend le tableau proche d&rsquo;une bande dessin\u00e9e artistique.<\/p>\n<p><strong>\u00a0<\/strong><\/p>\n<p>\t\t\t\t\t\t\t\t\t\t\t\t\t\t\t<img decoding=\"async\" width=\"800\" height=\"808\" src=\"http:\/\/artistepeintre.eu\/wp-content\/uploads\/2022\/02\/13-1014x1024.jpg\" alt=\"\" loading=\"lazy\" srcset=\"http:\/\/artistepeintre.eu\/wp-content\/uploads\/2022\/02\/13-1014x1024.jpg 1014w, http:\/\/artistepeintre.eu\/wp-content\/uploads\/2022\/02\/13-297x300.jpg 297w, http:\/\/artistepeintre.eu\/wp-content\/uploads\/2022\/02\/13-768x776.jpg 768w, http:\/\/artistepeintre.eu\/wp-content\/uploads\/2022\/02\/13-1521x1536.jpg 1521w, http:\/\/artistepeintre.eu\/wp-content\/uploads\/2022\/02\/13-2028x2048.jpg 2028w\" sizes=\"auto, (max-width: 800px) 100vw, 800px\" \/>\t\t\t\t\t\t\t\t\t\t\t\t\t\t\t<\/p>\n<p><strong>29- Le baiser 2018<\/strong><\/p>\n<p><strong>Huile sur lin 80&#215;80 cm<\/strong><\/p>\n<p>Ce tableau\u00a0 rentre dans l&rsquo;esprit minimaliste;\u00a0 les ombres aux d\u00e9triments des gestes picturaux par l&rsquo;utilisation des spatules uniquement.<\/p>\n<p><strong>\u00a0<\/strong><\/p>\n<p>\t\t\t\t\t\t\t\t\t\t\t\t\t\t\t<img decoding=\"async\" width=\"800\" height=\"1013\" src=\"http:\/\/artistepeintre.eu\/wp-content\/uploads\/2022\/03\/4-809x1024.jpg\" alt=\"\" loading=\"lazy\" srcset=\"http:\/\/artistepeintre.eu\/wp-content\/uploads\/2022\/03\/4-809x1024.jpg 809w, http:\/\/artistepeintre.eu\/wp-content\/uploads\/2022\/03\/4-237x300.jpg 237w, http:\/\/artistepeintre.eu\/wp-content\/uploads\/2022\/03\/4-768x972.jpg 768w, http:\/\/artistepeintre.eu\/wp-content\/uploads\/2022\/03\/4-1214x1536.jpg 1214w, http:\/\/artistepeintre.eu\/wp-content\/uploads\/2022\/03\/4-1619x2048.jpg 1619w, http:\/\/artistepeintre.eu\/wp-content\/uploads\/2022\/03\/4-scaled.jpg 2023w\" sizes=\"auto, (max-width: 800px) 100vw, 800px\" \/>\t\t\t\t\t\t\t\t\t\t\t\t\t\t\t<\/p>\n<p><strong>30-les deux japonaise<br \/><\/strong><\/p>\n<p><strong>Huile sur lin 80&#215;100 cm<\/strong><\/p>\n<p>Ce tableau minimaliste repr\u00e9sente ma technique dans sa pure r\u00e9alit\u00e9 o\u00f9 les traces des diff\u00e9rentes spatule avec les ombre sont fondues.<\/p>\n<p><strong>\u00a0<\/strong><\/p>\n<p>\t\t\t\t\t\t\t\t\t\t\t\t\t\t\t<img decoding=\"async\" width=\"800\" height=\"630\" src=\"http:\/\/artistepeintre.eu\/wp-content\/uploads\/2022\/03\/26-2-1024x807.jpg\" alt=\"\" loading=\"lazy\" srcset=\"http:\/\/artistepeintre.eu\/wp-content\/uploads\/2022\/03\/26-2-1024x807.jpg 1024w, http:\/\/artistepeintre.eu\/wp-content\/uploads\/2022\/03\/26-2-300x237.jpg 300w, http:\/\/artistepeintre.eu\/wp-content\/uploads\/2022\/03\/26-2-768x606.jpg 768w, http:\/\/artistepeintre.eu\/wp-content\/uploads\/2022\/03\/26-2-1536x1211.jpg 1536w, http:\/\/artistepeintre.eu\/wp-content\/uploads\/2022\/03\/26-2-2048x1615.jpg 2048w\" sizes=\"auto, (max-width: 800px) 100vw, 800px\" \/>\t\t\t\t\t\t\t\t\t\t\t\t\t\t\t<\/p>\n<p><strong>31-Le retour des cow-boys<\/strong><\/p>\n<p><strong>Huile sur lin 80x100cm<\/strong><\/p>\n<p>Au coucher du soleil, les cowboys sont de retour. Ambiance feutr\u00e9e o\u00f9 les couleurs froides c\u00f4toient le rouge magenta\u00a0 du ciel du cr\u00e9puscule.<\/p>\n<p>Technique utilis\u00e9e : couteaux<\/p>\n<p><strong>\u00a0<\/strong><\/p>\n<p>\t\t\t\t\t\t\t\t\t\t\t\t\t\t\t<img decoding=\"async\" width=\"800\" height=\"671\" src=\"http:\/\/artistepeintre.eu\/wp-content\/uploads\/2022\/03\/40-2-1024x859.jpg\" alt=\"\" loading=\"lazy\" srcset=\"http:\/\/artistepeintre.eu\/wp-content\/uploads\/2022\/03\/40-2-1024x859.jpg 1024w, http:\/\/artistepeintre.eu\/wp-content\/uploads\/2022\/03\/40-2-300x252.jpg 300w, http:\/\/artistepeintre.eu\/wp-content\/uploads\/2022\/03\/40-2-768x644.jpg 768w, http:\/\/artistepeintre.eu\/wp-content\/uploads\/2022\/03\/40-2-1536x1288.jpg 1536w, http:\/\/artistepeintre.eu\/wp-content\/uploads\/2022\/03\/40-2-2048x1717.jpg 2048w\" sizes=\"auto, (max-width: 800px) 100vw, 800px\" \/>\t\t\t\t\t\t\t\t\t\t\t\t\t\t\t<\/p>\n<p><strong>32- Au bureau<\/strong><\/p>\n<p><strong>Huile sur lin 54&#215;63 cm.<\/strong><\/p>\n<p>Les diff\u00e9rentes couleurs jaune se c\u00f4toient pour donner une luminosit\u00e9 exceptionnelle, les deux sujets sont par contre de couleur froides chatoyantes .<\/p>\n<p><strong>\u00a0<\/strong><\/p>\n<p>\t\t\t\t\t\t\t\t\t\t\t\t\t\t\t<img decoding=\"async\" width=\"800\" height=\"665\" src=\"http:\/\/artistepeintre.eu\/wp-content\/uploads\/2022\/03\/50-2-1024x851.jpg\" alt=\"\" loading=\"lazy\" srcset=\"http:\/\/artistepeintre.eu\/wp-content\/uploads\/2022\/03\/50-2-1024x851.jpg 1024w, http:\/\/artistepeintre.eu\/wp-content\/uploads\/2022\/03\/50-2-300x249.jpg 300w, http:\/\/artistepeintre.eu\/wp-content\/uploads\/2022\/03\/50-2-768x639.jpg 768w, http:\/\/artistepeintre.eu\/wp-content\/uploads\/2022\/03\/50-2-1536x1277.jpg 1536w, http:\/\/artistepeintre.eu\/wp-content\/uploads\/2022\/03\/50-2-2048x1703.jpg 2048w\" sizes=\"auto, (max-width: 800px) 100vw, 800px\" \/>\t\t\t\t\t\t\t\t\t\t\t\t\t\t\t<\/p>\n<p><strong>33- Superman<\/strong><\/p>\n<p><strong>Huile sur lin<\/strong><\/p>\n<p>M\u00e9lange \u00e9quilibr\u00e9\u00a0 des couleurs sur un fond ros\u00e2tre, effectu\u00e9 principalement par des spatules qui montre les diff\u00e9rentes touches .<\/p>\n<p><strong>\u00a0<\/strong><\/p>\n<p>\t\t\t\t\t\t\t\t\t\t\t\t\t\t\t<img decoding=\"async\" width=\"800\" height=\"1015\" src=\"http:\/\/artistepeintre.eu\/wp-content\/uploads\/2022\/03\/56-de-ma-fenetre-807x1024.jpg\" alt=\"\" loading=\"lazy\" srcset=\"http:\/\/artistepeintre.eu\/wp-content\/uploads\/2022\/03\/56-de-ma-fenetre-807x1024.jpg 807w, http:\/\/artistepeintre.eu\/wp-content\/uploads\/2022\/03\/56-de-ma-fenetre-237x300.jpg 237w, http:\/\/artistepeintre.eu\/wp-content\/uploads\/2022\/03\/56-de-ma-fenetre-768x974.jpg 768w, http:\/\/artistepeintre.eu\/wp-content\/uploads\/2022\/03\/56-de-ma-fenetre-1211x1536.jpg 1211w, http:\/\/artistepeintre.eu\/wp-content\/uploads\/2022\/03\/56-de-ma-fenetre-1615x2048.jpg 1615w, http:\/\/artistepeintre.eu\/wp-content\/uploads\/2022\/03\/56-de-ma-fenetre-scaled.jpg 2018w\" sizes=\"auto, (max-width: 800px) 100vw, 800px\" \/>\t\t\t\t\t\t\t\t\t\t\t\t\t\t\t<\/p>\n<p><strong>34-De ma fen\u00eatre<\/strong><\/p>\n<p><strong>Huile sur toile 80&#215;100 cm.<\/strong><\/p>\n<p>Tableau repr\u00e9sentant une femme, au t\u00e9l\u00e9phone, de sa fen\u00eatre au fond d&rsquo;un paysage urbain.<\/p>\n<p>Dessin\u00e9 en n\u00e9gative ou seulement l&rsquo;ombre de la femme en noir et violet appuy\u00e9 sur sa fen\u00eatre sur un font jaune orang\u00e9.<\/p>\n<p><strong>\u00a0<\/strong><\/p>\n<p>\t\t\t\t\t\t\t\t\t\t\t\t\t\t\t<img decoding=\"async\" width=\"800\" height=\"1024\" src=\"http:\/\/artistepeintre.eu\/wp-content\/uploads\/2022\/03\/78.la-nouvelle-Mariane-800x1024.jpg\" alt=\"\" loading=\"lazy\" srcset=\"http:\/\/artistepeintre.eu\/wp-content\/uploads\/2022\/03\/78.la-nouvelle-Mariane-800x1024.jpg 800w, http:\/\/artistepeintre.eu\/wp-content\/uploads\/2022\/03\/78.la-nouvelle-Mariane-234x300.jpg 234w, http:\/\/artistepeintre.eu\/wp-content\/uploads\/2022\/03\/78.la-nouvelle-Mariane-768x983.jpg 768w, http:\/\/artistepeintre.eu\/wp-content\/uploads\/2022\/03\/78.la-nouvelle-Mariane-1200x1536.jpg 1200w, http:\/\/artistepeintre.eu\/wp-content\/uploads\/2022\/03\/78.la-nouvelle-Mariane-1601x2048.jpg 1601w, http:\/\/artistepeintre.eu\/wp-content\/uploads\/2022\/03\/78.la-nouvelle-Mariane-scaled.jpg 2001w\" sizes=\"auto, (max-width: 800px) 100vw, 800px\" \/>\t\t\t\t\t\t\t\t\t\t\t\t\t\t\t<\/p>\n<p><strong>35-La nouvelle Marianne<br \/><\/strong><\/p>\n<p><strong>Huile sur toile 80&#215;100 cm<\/strong><\/p>\n<p>Marianne exhorte les fran\u00e7ais au travail,\u00a0 le d\u00e9clin imminent du Partie Socialiste repr\u00e9sent\u00e9 par la d\u00e9composition du Partie Socialiste fran\u00e7ais.<\/p>\n<p><strong>Non disponible<\/strong><\/p>\n<p>\t\t\t\t\t\t\t\t\t\t\t\t\t\t\t<img decoding=\"async\" width=\"800\" height=\"822\" src=\"http:\/\/artistepeintre.eu\/wp-content\/uploads\/2022\/03\/44-mareline-997x1024.jpg\" alt=\"\" loading=\"lazy\" srcset=\"http:\/\/artistepeintre.eu\/wp-content\/uploads\/2022\/03\/44-mareline-997x1024.jpg 997w, http:\/\/artistepeintre.eu\/wp-content\/uploads\/2022\/03\/44-mareline-292x300.jpg 292w, http:\/\/artistepeintre.eu\/wp-content\/uploads\/2022\/03\/44-mareline-768x789.jpg 768w, http:\/\/artistepeintre.eu\/wp-content\/uploads\/2022\/03\/44-mareline-1495x1536.jpg 1495w, http:\/\/artistepeintre.eu\/wp-content\/uploads\/2022\/03\/44-mareline-1993x2048.jpg 1993w\" sizes=\"auto, (max-width: 800px) 100vw, 800px\" \/>\t\t\t\t\t\t\t\t\t\t\t\t\t\t\t<\/p>\n<p><strong>36 &#8211; Maryline<\/strong><\/p>\n<p><strong>Huile sur lin 80&#215;80 cm.<\/strong><\/p>\n<p><strong>Non disponible<\/strong><\/p>\n<p>\t\t\t\t\t\t\t\t\t\t\t\t\t\t\t<img decoding=\"async\" width=\"800\" height=\"789\" src=\"http:\/\/artistepeintre.eu\/wp-content\/uploads\/2022\/03\/43m-1024x1010.jpg\" alt=\"\" loading=\"lazy\" srcset=\"http:\/\/artistepeintre.eu\/wp-content\/uploads\/2022\/03\/43m-1024x1010.jpg 1024w, http:\/\/artistepeintre.eu\/wp-content\/uploads\/2022\/03\/43m-300x296.jpg 300w, http:\/\/artistepeintre.eu\/wp-content\/uploads\/2022\/03\/43m-768x758.jpg 768w, http:\/\/artistepeintre.eu\/wp-content\/uploads\/2022\/03\/43m-1536x1515.jpg 1536w, http:\/\/artistepeintre.eu\/wp-content\/uploads\/2022\/03\/43m-2048x2020.jpg 2048w\" sizes=\"auto, (max-width: 800px) 100vw, 800px\" \/>\t\t\t\t\t\t\t\t\t\t\t\t\t\t\t<\/p>\n<p><strong>37- La chanteuse de Rock<\/strong><\/p>\n<p><strong>Huile sur lin 80&#215;80 cm<\/strong><\/p>\n<p>Technique mixte pinceau plus couteaux .<\/p>\n<p><strong>\u00a0<\/strong><\/p>\n<p>\t\t\t\t\t\t\t\t\t\t\t\t\t\t\t<img decoding=\"async\" width=\"800\" height=\"542\" src=\"http:\/\/artistepeintre.eu\/wp-content\/uploads\/2022\/03\/50a-1024x694.jpg\" alt=\"\" loading=\"lazy\" srcset=\"http:\/\/artistepeintre.eu\/wp-content\/uploads\/2022\/03\/50a-1024x694.jpg 1024w, http:\/\/artistepeintre.eu\/wp-content\/uploads\/2022\/03\/50a-300x203.jpg 300w, http:\/\/artistepeintre.eu\/wp-content\/uploads\/2022\/03\/50a-768x520.jpg 768w, http:\/\/artistepeintre.eu\/wp-content\/uploads\/2022\/03\/50a-1536x1041.jpg 1536w, http:\/\/artistepeintre.eu\/wp-content\/uploads\/2022\/03\/50a-2048x1388.jpg 2048w\" sizes=\"auto, (max-width: 800px) 100vw, 800px\" \/>\t\t\t\t\t\t\t\t\t\t\t\t\t\t\t<\/p>\n<p><strong>38- Les arbres rouges 2016 <\/strong><\/p>\n<p><strong>Huile sur lin 65 x 90cm<\/strong><\/p>\n<p>Tableau au style et couleurs\u00a0 Vangoghien<\/p>\n<p><strong>Vendu<\/strong><\/p>\n<p>\t\t\t\t\t\t\t\t\t\t\t\t\t\t\t<img decoding=\"async\" width=\"800\" height=\"651\" src=\"http:\/\/artistepeintre.eu\/wp-content\/uploads\/2022\/03\/IMG_1383-1024x833.jpg\" alt=\"\" loading=\"lazy\" srcset=\"http:\/\/artistepeintre.eu\/wp-content\/uploads\/2022\/03\/IMG_1383-1024x833.jpg 1024w, http:\/\/artistepeintre.eu\/wp-content\/uploads\/2022\/03\/IMG_1383-300x244.jpg 300w, http:\/\/artistepeintre.eu\/wp-content\/uploads\/2022\/03\/IMG_1383-768x625.jpg 768w, http:\/\/artistepeintre.eu\/wp-content\/uploads\/2022\/03\/IMG_1383-1536x1250.jpg 1536w, http:\/\/artistepeintre.eu\/wp-content\/uploads\/2022\/03\/IMG_1383-2048x1667.jpg 2048w\" sizes=\"auto, (max-width: 800px) 100vw, 800px\" \/>\t\t\t\t\t\t\t\t\t\t\t\t\t\t\t<\/p>\n<p><strong>39-Le vieux paysan assis 2220<\/strong><\/p>\n<p><strong>Huile sur lin 86x106x5 cm<\/strong><\/p>\n<p>Style Vangoghien<\/p>\n<p>Couleurs chaudes se contrastent avec les couleurs froides du personnage.<\/p>\n<p><strong>\u00a0<\/strong><\/p>\n<p>\t\t\t\t\t\t\t\t\t\t\t\t\t\t\t<img decoding=\"async\" width=\"800\" height=\"630\" src=\"http:\/\/artistepeintre.eu\/wp-content\/uploads\/2022\/03\/21-1024x807.jpg\" alt=\"\" loading=\"lazy\" srcset=\"http:\/\/artistepeintre.eu\/wp-content\/uploads\/2022\/03\/21-1024x807.jpg 1024w, http:\/\/artistepeintre.eu\/wp-content\/uploads\/2022\/03\/21-300x237.jpg 300w, http:\/\/artistepeintre.eu\/wp-content\/uploads\/2022\/03\/21-768x606.jpg 768w, http:\/\/artistepeintre.eu\/wp-content\/uploads\/2022\/03\/21-1536x1211.jpg 1536w, http:\/\/artistepeintre.eu\/wp-content\/uploads\/2022\/03\/21-2048x1615.jpg 2048w\" sizes=\"auto, (max-width: 800px) 100vw, 800px\" \/>\t\t\t\t\t\t\t\t\t\t\t\t\t\t\t<\/p>\n<p><strong>40- Aurores\u00a0 bor\u00e9ales en Islande <\/strong><\/p>\n<p><strong>Huile sur lin 80x100cm<\/strong><\/p>\n<p>La maison blanche isol\u00e9e sur le bord d\u2019un lac tandis que des aurores bor\u00e9ales couvrent le ciel islandais du mois de f\u00e9vrier.<\/p>\n<p>Tableau assez froid s&rsquo;inscrit dans un style vangoghien .<\/p>\n<p><strong>\u00a0<\/strong><\/p>\n<p>\t\t\t\t\t\t\t\t\t\t\t\t\t\t\t<img decoding=\"async\" width=\"800\" height=\"535\" src=\"http:\/\/artistepeintre.eu\/wp-content\/uploads\/2022\/03\/32-El-tiede-1024x685.jpg\" alt=\"\" loading=\"lazy\" srcset=\"http:\/\/artistepeintre.eu\/wp-content\/uploads\/2022\/03\/32-El-tiede-1024x685.jpg 1024w, http:\/\/artistepeintre.eu\/wp-content\/uploads\/2022\/03\/32-El-tiede-300x201.jpg 300w, http:\/\/artistepeintre.eu\/wp-content\/uploads\/2022\/03\/32-El-tiede-768x514.jpg 768w, http:\/\/artistepeintre.eu\/wp-content\/uploads\/2022\/03\/32-El-tiede-1536x1028.jpg 1536w, http:\/\/artistepeintre.eu\/wp-content\/uploads\/2022\/03\/32-El-tiede-2048x1371.jpg 2048w\" sizes=\"auto, (max-width: 800px) 100vw, 800px\" \/>\t\t\t\t\t\t\t\t\t\t\t\t\t\t\t<\/p>\n<p><strong>41- Volcan El Tied\u00e9 (T\u00e9n\u00e9rife) 2015<br \/><\/strong><\/p>\n<p><strong>Huile sur toile 50&#215;70 cm<\/strong><\/p>\n<p><strong>Vendu<\/strong><\/p>\n<p>\t\t\t\t\t\t\t\t\t\t\t\t\t\t\t<img decoding=\"async\" width=\"800\" height=\"774\" src=\"http:\/\/artistepeintre.eu\/wp-content\/uploads\/2022\/03\/19-1024x991.jpg\" alt=\"\" loading=\"lazy\" srcset=\"http:\/\/artistepeintre.eu\/wp-content\/uploads\/2022\/03\/19-1024x991.jpg 1024w, http:\/\/artistepeintre.eu\/wp-content\/uploads\/2022\/03\/19-300x290.jpg 300w, http:\/\/artistepeintre.eu\/wp-content\/uploads\/2022\/03\/19-768x743.jpg 768w, http:\/\/artistepeintre.eu\/wp-content\/uploads\/2022\/03\/19-1536x1486.jpg 1536w, http:\/\/artistepeintre.eu\/wp-content\/uploads\/2022\/03\/19-2048x1982.jpg 2048w\" sizes=\"auto, (max-width: 800px) 100vw, 800px\" \/>\t\t\t\t\t\t\t\t\t\t\t\t\t\t\t<\/p>\n<p><strong>42- Message<\/strong><\/p>\n<p><strong>Huile sur lin 80&#215;80 cm<\/strong><\/p>\n<p>Tableau figuratif mais effectu\u00e9\u00a0 en partie aux couteaux.<\/p>\n<p>Le jaune citron verd\u00e2tre c\u00f4toie\u00a0 un fond vert d\u2019o\u00f9 un effet lumineux au centre du tableau.<\/p>\n<p><strong>\u00a0<\/strong><\/p>\n<p>\t\t\t\t\t\t\t\t\t\t\t\t\t\t\t<img decoding=\"async\" width=\"800\" height=\"809\" src=\"http:\/\/artistepeintre.eu\/wp-content\/uploads\/2022\/03\/18-1013x1024.jpg\" alt=\"\" loading=\"lazy\" srcset=\"http:\/\/artistepeintre.eu\/wp-content\/uploads\/2022\/03\/18-1013x1024.jpg 1013w, http:\/\/artistepeintre.eu\/wp-content\/uploads\/2022\/03\/18-297x300.jpg 297w, http:\/\/artistepeintre.eu\/wp-content\/uploads\/2022\/03\/18-768x777.jpg 768w, http:\/\/artistepeintre.eu\/wp-content\/uploads\/2022\/03\/18-1519x1536.jpg 1519w, http:\/\/artistepeintre.eu\/wp-content\/uploads\/2022\/03\/18-2025x2048.jpg 2025w\" sizes=\"auto, (max-width: 800px) 100vw, 800px\" \/>\t\t\t\t\t\t\t\t\t\t\t\t\t\t\t<\/p>\n<p><strong>43- Le repos<\/strong><\/p>\n<p><strong>huile sur lin 80&#215;80 cm<\/strong><\/p>\n<p>C&rsquo;est le m\u00eame personnage tableau 42\u00a0 dans une attitude d\u00e9contract\u00e9e o\u00f9 c\u00f4toie la couleur violet avec le vert de vessie.<\/p>\n<p>Les chaussures\u00a0 constituent ici un \u00e9l\u00e9ment important par le positionnement au centre.<\/p>\n<p><strong>\u00a0<\/strong><\/p>\n<p>\t\t\t\t\t\t\t\t\t\t\t\t\t\t\t<img decoding=\"async\" width=\"800\" height=\"618\" src=\"http:\/\/artistepeintre.eu\/wp-content\/uploads\/2022\/03\/DSC_3944-1024x791.jpg\" alt=\"\" loading=\"lazy\" srcset=\"http:\/\/artistepeintre.eu\/wp-content\/uploads\/2022\/03\/DSC_3944-1024x791.jpg 1024w, http:\/\/artistepeintre.eu\/wp-content\/uploads\/2022\/03\/DSC_3944-300x232.jpg 300w, http:\/\/artistepeintre.eu\/wp-content\/uploads\/2022\/03\/DSC_3944-768x594.jpg 768w, http:\/\/artistepeintre.eu\/wp-content\/uploads\/2022\/03\/DSC_3944-1536x1187.jpg 1536w, http:\/\/artistepeintre.eu\/wp-content\/uploads\/2022\/03\/DSC_3944-2048x1583.jpg 2048w\" sizes=\"auto, (max-width: 800px) 100vw, 800px\" \/>\t\t\t\t\t\t\t\t\t\t\t\t\t\t\t<\/p>\n<p><strong>44- Au temple<\/strong><\/p>\n<p><strong>Huile sur lin 80x 100 cm.<\/strong><\/p>\n<p>Tableau minimaliste avec des reliefs; effectu\u00e9 par\u00a0 diff\u00e9rentes spatules.<\/p>\n<p>Couleurs pastelles att\u00e9nu\u00e9es\u00a0 repr\u00e9sentant une femme qui se dirige\u00a0 au temple .<\/p>\n<p><strong>\u00a0<\/strong><\/p>\n<p>\t\t\t\t\t\t\t\t\t\t\t\t\t\t\t<img decoding=\"async\" width=\"800\" height=\"652\" src=\"http:\/\/artistepeintre.eu\/wp-content\/uploads\/2022\/03\/86-chez-le-boss-1024x834.jpg\" alt=\"\" loading=\"lazy\" srcset=\"http:\/\/artistepeintre.eu\/wp-content\/uploads\/2022\/03\/86-chez-le-boss-1024x834.jpg 1024w, http:\/\/artistepeintre.eu\/wp-content\/uploads\/2022\/03\/86-chez-le-boss-300x244.jpg 300w, http:\/\/artistepeintre.eu\/wp-content\/uploads\/2022\/03\/86-chez-le-boss-768x626.jpg 768w, http:\/\/artistepeintre.eu\/wp-content\/uploads\/2022\/03\/86-chez-le-boss-1536x1252.jpg 1536w, http:\/\/artistepeintre.eu\/wp-content\/uploads\/2022\/03\/86-chez-le-boss-2048x1669.jpg 2048w\" sizes=\"auto, (max-width: 800px) 100vw, 800px\" \/>\t\t\t\t\t\t\t\t\t\t\t\t\t\t\t<\/p>\n<p><strong>45- L&#8217;employeur<\/strong><\/p>\n<p><strong>Huile sur lin 80 x 100 cm.<\/strong><\/p>\n<p>Des couleurs att\u00e9nu\u00e9es\u00a0 avec un style des bandes dessin\u00e9es. Ce tableau feutr\u00e9 repr\u00e9sente un demandeur d&#8217;emploi qui sollicite un travail. L&rsquo;angle de vue est prise par le haut pour donner au spectateur l\u2019ensemble de la sc\u00e8ne.<\/p>\n<p><strong>\u00a0<\/strong><\/p>\n<p>\t\t\t\t\t\t\t\t\t\t\t\t\t\t\t<img decoding=\"async\" width=\"800\" height=\"563\" src=\"http:\/\/artistepeintre.eu\/wp-content\/uploads\/2022\/03\/DSC_3935-1024x720.jpg\" alt=\"\" loading=\"lazy\" srcset=\"http:\/\/artistepeintre.eu\/wp-content\/uploads\/2022\/03\/DSC_3935-1024x720.jpg 1024w, http:\/\/artistepeintre.eu\/wp-content\/uploads\/2022\/03\/DSC_3935-300x211.jpg 300w, http:\/\/artistepeintre.eu\/wp-content\/uploads\/2022\/03\/DSC_3935-768x540.jpg 768w, http:\/\/artistepeintre.eu\/wp-content\/uploads\/2022\/03\/DSC_3935-1536x1080.jpg 1536w, http:\/\/artistepeintre.eu\/wp-content\/uploads\/2022\/03\/DSC_3935-2048x1439.jpg 2048w\" sizes=\"auto, (max-width: 800px) 100vw, 800px\" \/>\t\t\t\t\t\t\t\t\t\t\t\t\t\t\t<\/p>\n<p><strong>46- Le randonneur<\/strong><\/p>\n<p><strong>Huile sur lin 80 x100 cm.<\/strong><\/p>\n<p>C&rsquo;est un tableau style Vangoghien<\/p>\n<p>Le torrent de l&rsquo;eau montagneuse implique un fort mouvement; ce que ce tableau dynamique essaie de montrer.<\/p>\n<p><strong>\u00a0<\/strong><\/p>\n<p>\t\t\t\t\t\t\t\t\t\t\t\t\t\t\t<img decoding=\"async\" width=\"800\" height=\"798\" src=\"http:\/\/artistepeintre.eu\/wp-content\/uploads\/2022\/03\/27-2-1024x1021.jpg\" alt=\"\" loading=\"lazy\" srcset=\"http:\/\/artistepeintre.eu\/wp-content\/uploads\/2022\/03\/27-2-1024x1021.jpg 1024w, http:\/\/artistepeintre.eu\/wp-content\/uploads\/2022\/03\/27-2-300x300.jpg 300w, http:\/\/artistepeintre.eu\/wp-content\/uploads\/2022\/03\/27-2-150x150.jpg 150w, http:\/\/artistepeintre.eu\/wp-content\/uploads\/2022\/03\/27-2-768x766.jpg 768w, http:\/\/artistepeintre.eu\/wp-content\/uploads\/2022\/03\/27-2-1536x1531.jpg 1536w, http:\/\/artistepeintre.eu\/wp-content\/uploads\/2022\/03\/27-2-2048x2042.jpg 2048w\" sizes=\"auto, (max-width: 800px) 100vw, 800px\" \/>\t\t\t\t\t\t\t\t\t\t\t\t\t\t\t<\/p>\n<p><strong>48- Les trois amies<\/strong><\/p>\n<p><strong>Huile sur lin 80 x 100 cm.<\/strong><\/p>\n<p>tableau mystique repr\u00e9sente des ombres et du dos\u00a0 des 3 femme en discussion sur un canap\u00e9<\/p>\n<p><strong>\u00a0<\/strong><\/p>\n<p>\t\t\t\t\t\t\t\t\t\t\t\t\t\t\t<img decoding=\"async\" width=\"689\" height=\"1024\" src=\"http:\/\/artistepeintre.eu\/wp-content\/uploads\/2022\/03\/12-1-689x1024.jpg\" alt=\"\" loading=\"lazy\" srcset=\"http:\/\/artistepeintre.eu\/wp-content\/uploads\/2022\/03\/12-1-689x1024.jpg 689w, http:\/\/artistepeintre.eu\/wp-content\/uploads\/2022\/03\/12-1-202x300.jpg 202w, http:\/\/artistepeintre.eu\/wp-content\/uploads\/2022\/03\/12-1-768x1142.jpg 768w, http:\/\/artistepeintre.eu\/wp-content\/uploads\/2022\/03\/12-1-1033x1536.jpg 1033w, http:\/\/artistepeintre.eu\/wp-content\/uploads\/2022\/03\/12-1-1378x2048.jpg 1378w, http:\/\/artistepeintre.eu\/wp-content\/uploads\/2022\/03\/12-1-scaled.jpg 1722w\" sizes=\"auto, (max-width: 689px) 100vw, 689px\" \/>\t\t\t\t\t\t\t\t\t\t\t\t\t\t\t<\/p>\n<p><strong>49- Femme volcan 2015<br \/><\/strong><\/p>\n<p><strong>Huile sur lin 70&#215;90 cm<\/strong><\/p>\n<p>Ce tableau repr\u00e9sente l&rsquo;effervescence d&rsquo;une femme.<\/p>\n<p>\u00a0 Le violet qui se d\u00e9grade en rouge\u00a0 donne un effet mystique sur un fond verd\u00e2tre effectu\u00e9 \u00e0 la\u00a0 spatule tandis que\u00a0 le visage de la femme est peint au pinceau.<\/p>\n<p><strong>\u00a0<\/strong><\/p>\n<p>\t\t\t\t\t\t\t\t\t\t\t\t\t\t\t<img decoding=\"async\" width=\"800\" height=\"1003\" src=\"http:\/\/artistepeintre.eu\/wp-content\/uploads\/2022\/03\/20-817x1024.jpg\" alt=\"\" loading=\"lazy\" srcset=\"http:\/\/artistepeintre.eu\/wp-content\/uploads\/2022\/03\/20-817x1024.jpg 817w, http:\/\/artistepeintre.eu\/wp-content\/uploads\/2022\/03\/20-239x300.jpg 239w, http:\/\/artistepeintre.eu\/wp-content\/uploads\/2022\/03\/20-768x962.jpg 768w, http:\/\/artistepeintre.eu\/wp-content\/uploads\/2022\/03\/20-1226x1536.jpg 1226w, http:\/\/artistepeintre.eu\/wp-content\/uploads\/2022\/03\/20-1635x2048.jpg 1635w, http:\/\/artistepeintre.eu\/wp-content\/uploads\/2022\/03\/20-scaled.jpg 2043w\" sizes=\"auto, (max-width: 800px) 100vw, 800px\" \/>\t\t\t\t\t\t\t\t\t\t\t\t\t\t\t<\/p>\n<p><strong>50- Aurore bor\u00e9ale d\u2019Islande<\/strong><\/p>\n<p><strong>Huile sur lin\u00a0 80 x100 cm<\/strong><\/p>\n<p>Les aurores bor\u00e9ale en Islande.<\/p>\n<p>La succession des couleurs froides et leurs techniques de fondues adjacent donnent au tableau une belle\u00a0 sc\u00e8ne nocturne.<\/p>\n<p><strong>\u00a0<\/strong><\/p>\n<p>\t\t\t\t\t\t\t\t\t\t\t\t\t\t\t<img decoding=\"async\" width=\"800\" height=\"420\" src=\"http:\/\/artistepeintre.eu\/wp-content\/uploads\/2022\/03\/51-2-1024x538.jpg\" alt=\"\" loading=\"lazy\" srcset=\"http:\/\/artistepeintre.eu\/wp-content\/uploads\/2022\/03\/51-2-1024x538.jpg 1024w, http:\/\/artistepeintre.eu\/wp-content\/uploads\/2022\/03\/51-2-300x158.jpg 300w, http:\/\/artistepeintre.eu\/wp-content\/uploads\/2022\/03\/51-2-768x404.jpg 768w, http:\/\/artistepeintre.eu\/wp-content\/uploads\/2022\/03\/51-2-1536x807.jpg 1536w, http:\/\/artistepeintre.eu\/wp-content\/uploads\/2022\/03\/51-2-2048x1077.jpg 2048w\" sizes=\"auto, (max-width: 800px) 100vw, 800px\" \/>\t\t\t\t\t\t\t\t\t\t\t\t\t\t\t<\/p>\n<p><strong>51- Au Saloon<\/strong><\/p>\n<p><strong>Huile sur lin<\/strong><\/p>\n<p>Tableau minimaliste\u00a0 repr\u00e9sente des cowboy<\/p>\n<p><strong>\u00a0<\/strong><\/p>\n<p>\t\t\t\t\t\t\t\t\t\t\t\t\t\t\t<img decoding=\"async\" width=\"800\" height=\"570\" src=\"http:\/\/artistepeintre.eu\/wp-content\/uploads\/2022\/03\/48-2-1024x730.jpg\" alt=\"\" loading=\"lazy\" srcset=\"http:\/\/artistepeintre.eu\/wp-content\/uploads\/2022\/03\/48-2-1024x730.jpg 1024w, http:\/\/artistepeintre.eu\/wp-content\/uploads\/2022\/03\/48-2-300x214.jpg 300w, http:\/\/artistepeintre.eu\/wp-content\/uploads\/2022\/03\/48-2-768x548.jpg 768w, http:\/\/artistepeintre.eu\/wp-content\/uploads\/2022\/03\/48-2-1536x1095.jpg 1536w, http:\/\/artistepeintre.eu\/wp-content\/uploads\/2022\/03\/48-2-2048x1460.jpg 2048w\" sizes=\"auto, (max-width: 800px) 100vw, 800px\" \/>\t\t\t\t\t\t\t\t\t\t\t\t\t\t\t<\/p>\n<style>\/*! elementor - v3.6.5 - 27-04-2022 *\/\n.elementor-heading-title{padding:0;margin:0;line-height:1}.elementor-widget-heading .elementor-heading-title[class*=elementor-size-]>a{color:inherit;font-size:inherit;line-height:inherit}.elementor-widget-heading .elementor-heading-title.elementor-size-small{font-size:15px}.elementor-widget-heading .elementor-heading-title.elementor-size-medium{font-size:19px}.elementor-widget-heading .elementor-heading-title.elementor-size-large{font-size:29px}.elementor-widget-heading .elementor-heading-title.elementor-size-xl{font-size:39px}.elementor-widget-heading .elementor-heading-title.elementor-size-xxl{font-size:59px}<\/style>\n<h2>52- La toscane 2014:<br \/> 50x70cm<br \/><\/h2>\n<p>\t\t\t\t\t\t\t\t\t\t\t\t\t\t\t<img decoding=\"async\" width=\"800\" height=\"535\" src=\"http:\/\/artistepeintre.eu\/wp-content\/uploads\/2022\/03\/8cassis-1024x685.jpg\" alt=\"\" loading=\"lazy\" srcset=\"http:\/\/artistepeintre.eu\/wp-content\/uploads\/2022\/03\/8cassis-1024x685.jpg 1024w, http:\/\/artistepeintre.eu\/wp-content\/uploads\/2022\/03\/8cassis-300x201.jpg 300w, http:\/\/artistepeintre.eu\/wp-content\/uploads\/2022\/03\/8cassis-768x514.jpg 768w, http:\/\/artistepeintre.eu\/wp-content\/uploads\/2022\/03\/8cassis-1536x1028.jpg 1536w, http:\/\/artistepeintre.eu\/wp-content\/uploads\/2022\/03\/8cassis-2048x1371.jpg 2048w\" sizes=\"auto, (max-width: 800px) 100vw, 800px\" \/>\t\t\t\t\t\t\t\t\t\t\t\t\t\t\t<\/p>\n<h2>53- Les calanques 2015<br \/>\n50&#215;70 cm<br \/>\nPrix :200\u20ac<br \/>\n<\/h2>\n<p>\t\t\t\t\t\t\t\t\t\t\t\t\t\t\t<img decoding=\"async\" width=\"800\" height=\"535\" src=\"http:\/\/artistepeintre.eu\/wp-content\/uploads\/2022\/03\/15.-maison-rouge-1024x685.jpg\" alt=\"\" loading=\"lazy\" srcset=\"http:\/\/artistepeintre.eu\/wp-content\/uploads\/2022\/03\/15.-maison-rouge-1024x685.jpg 1024w, http:\/\/artistepeintre.eu\/wp-content\/uploads\/2022\/03\/15.-maison-rouge-300x201.jpg 300w, http:\/\/artistepeintre.eu\/wp-content\/uploads\/2022\/03\/15.-maison-rouge-768x514.jpg 768w, http:\/\/artistepeintre.eu\/wp-content\/uploads\/2022\/03\/15.-maison-rouge-1536x1028.jpg 1536w, http:\/\/artistepeintre.eu\/wp-content\/uploads\/2022\/03\/15.-maison-rouge-2048x1371.jpg 2048w\" sizes=\"auto, (max-width: 800px) 100vw, 800px\" \/>\t\t\t\t\t\t\t\t\t\t\t\t\t\t\t<\/p>\n<h2>54- La maison rouge \u00e0 Laubenheim 2015<br \/>50&#215;70<br \/>Non disponible<br \/> <br \/>\n<\/h2>\n<p>\t\t\t\t\t\t\t\t\t\t\t\t\t\t\t<img decoding=\"async\" width=\"800\" height=\"535\" src=\"http:\/\/artistepeintre.eu\/wp-content\/uploads\/2022\/03\/19.paysage-dalsace-1-1024x685.jpg\" alt=\"\" loading=\"lazy\" srcset=\"http:\/\/artistepeintre.eu\/wp-content\/uploads\/2022\/03\/19.paysage-dalsace-1-1024x685.jpg 1024w, http:\/\/artistepeintre.eu\/wp-content\/uploads\/2022\/03\/19.paysage-dalsace-1-300x201.jpg 300w, http:\/\/artistepeintre.eu\/wp-content\/uploads\/2022\/03\/19.paysage-dalsace-1-768x514.jpg 768w, http:\/\/artistepeintre.eu\/wp-content\/uploads\/2022\/03\/19.paysage-dalsace-1-1536x1028.jpg 1536w, http:\/\/artistepeintre.eu\/wp-content\/uploads\/2022\/03\/19.paysage-dalsace-1-2048x1371.jpg 2048w\" sizes=\"auto, (max-width: 800px) 100vw, 800px\" \/>\t\t\t\t\t\t\t\t\t\t\t\t\t\t\t<\/p>\n<h2>55-For\u00eat Halignberg 2014 :<br \/>\n50&#215;70 cm<br \/>\nNon disponible<\/h2>\n<p>\t\t\t\t\t\t\t\t\t\t\t\t\t\t\t<img decoding=\"async\" width=\"800\" height=\"535\" src=\"http:\/\/artistepeintre.eu\/wp-content\/uploads\/2022\/03\/20-paysage-dAlsace2-1024x685.jpg\" alt=\"\" loading=\"lazy\" srcset=\"http:\/\/artistepeintre.eu\/wp-content\/uploads\/2022\/03\/20-paysage-dAlsace2-1024x685.jpg 1024w, http:\/\/artistepeintre.eu\/wp-content\/uploads\/2022\/03\/20-paysage-dAlsace2-300x201.jpg 300w, http:\/\/artistepeintre.eu\/wp-content\/uploads\/2022\/03\/20-paysage-dAlsace2-768x514.jpg 768w, http:\/\/artistepeintre.eu\/wp-content\/uploads\/2022\/03\/20-paysage-dAlsace2-1536x1028.jpg 1536w, http:\/\/artistepeintre.eu\/wp-content\/uploads\/2022\/03\/20-paysage-dAlsace2-2048x1371.jpg 2048w\" sizes=\"auto, (max-width: 800px) 100vw, 800px\" \/>\t\t\t\t\t\t\t\t\t\t\t\t\t\t\t<\/p>\n<h2>56- For\u00eat de Halignberg2014<br \/>\n50&#215;70 cm<br \/>\n<\/h2>\n<p>\t\t\t\t\t\t\t\t\t\t\t\t\t\t\t<img decoding=\"async\" width=\"800\" height=\"535\" src=\"http:\/\/artistepeintre.eu\/wp-content\/uploads\/2022\/03\/21.paysage-dalsace-3-1024x685.jpg\" alt=\"\" loading=\"lazy\" srcset=\"http:\/\/artistepeintre.eu\/wp-content\/uploads\/2022\/03\/21.paysage-dalsace-3-1024x685.jpg 1024w, http:\/\/artistepeintre.eu\/wp-content\/uploads\/2022\/03\/21.paysage-dalsace-3-300x201.jpg 300w, http:\/\/artistepeintre.eu\/wp-content\/uploads\/2022\/03\/21.paysage-dalsace-3-768x514.jpg 768w, http:\/\/artistepeintre.eu\/wp-content\/uploads\/2022\/03\/21.paysage-dalsace-3-1536x1028.jpg 1536w, http:\/\/artistepeintre.eu\/wp-content\/uploads\/2022\/03\/21.paysage-dalsace-3-2048x1371.jpg 2048w\" sizes=\"auto, (max-width: 800px) 100vw, 800px\" \/>\t\t\t\t\t\t\t\t\t\t\t\t\t\t\t<\/p>\n<h2>57 _ For\u00eat Halignberg 2014:<br \/>\n50&#215;70 cm<br \/>\n<\/h2>\n<p>\t\t\t\t\t\t\t\t\t\t\t\t\t\t\t<img decoding=\"async\" width=\"800\" height=\"535\" src=\"http:\/\/artistepeintre.eu\/wp-content\/uploads\/2022\/03\/23-paysage-de-Pologne-1024x685.jpg\" alt=\"paysage de Pologne\" loading=\"lazy\" srcset=\"http:\/\/artistepeintre.eu\/wp-content\/uploads\/2022\/03\/23-paysage-de-Pologne-1024x685.jpg 1024w, http:\/\/artistepeintre.eu\/wp-content\/uploads\/2022\/03\/23-paysage-de-Pologne-300x201.jpg 300w, http:\/\/artistepeintre.eu\/wp-content\/uploads\/2022\/03\/23-paysage-de-Pologne-768x514.jpg 768w, http:\/\/artistepeintre.eu\/wp-content\/uploads\/2022\/03\/23-paysage-de-Pologne-1536x1028.jpg 1536w, http:\/\/artistepeintre.eu\/wp-content\/uploads\/2022\/03\/23-paysage-de-Pologne-2048x1371.jpg 2048w\" sizes=\"auto, (max-width: 800px) 100vw, 800px\" \/>\t\t\t\t\t\t\t\t\t\t\t\t\t\t\t<\/p>\n<h2>58 &#8211; Paysage de Pologne 2015:<br \/>\n50&#215;70 cm<br \/>\n<\/h2>\n<p>\t\t\t\t\t\t\t\t\t\t\t\t\t\t\t<img decoding=\"async\" width=\"800\" height=\"535\" src=\"http:\/\/artistepeintre.eu\/wp-content\/uploads\/2022\/03\/33.-volcane-de-tenerif-1024x685.jpg\" alt=\"\" loading=\"lazy\" srcset=\"http:\/\/artistepeintre.eu\/wp-content\/uploads\/2022\/03\/33.-volcane-de-tenerif-1024x685.jpg 1024w, http:\/\/artistepeintre.eu\/wp-content\/uploads\/2022\/03\/33.-volcane-de-tenerif-300x201.jpg 300w, http:\/\/artistepeintre.eu\/wp-content\/uploads\/2022\/03\/33.-volcane-de-tenerif-768x514.jpg 768w, http:\/\/artistepeintre.eu\/wp-content\/uploads\/2022\/03\/33.-volcane-de-tenerif-1536x1028.jpg 1536w, http:\/\/artistepeintre.eu\/wp-content\/uploads\/2022\/03\/33.-volcane-de-tenerif-2048x1371.jpg 2048w\" sizes=\"auto, (max-width: 800px) 100vw, 800px\" \/>\t\t\t\t\t\t\t\t\t\t\t\t\t\t\t<\/p>\n<h2>59- Volcans T\u00e9n\u00e9rife2015<br \/>\n50x70cm<br \/>\n<\/h2>\n<p>\t\t\t\t\t\t\t\t\t\t\t\t\t\t\t<img decoding=\"async\" width=\"800\" height=\"535\" src=\"http:\/\/artistepeintre.eu\/wp-content\/uploads\/2022\/03\/53morano-1024x685.jpg\" alt=\"\" loading=\"lazy\" srcset=\"http:\/\/artistepeintre.eu\/wp-content\/uploads\/2022\/03\/53morano-1024x685.jpg 1024w, http:\/\/artistepeintre.eu\/wp-content\/uploads\/2022\/03\/53morano-300x201.jpg 300w, http:\/\/artistepeintre.eu\/wp-content\/uploads\/2022\/03\/53morano-768x514.jpg 768w, http:\/\/artistepeintre.eu\/wp-content\/uploads\/2022\/03\/53morano-1536x1028.jpg 1536w, http:\/\/artistepeintre.eu\/wp-content\/uploads\/2022\/03\/53morano-2048x1371.jpg 2048w\" sizes=\"auto, (max-width: 800px) 100vw, 800px\" \/>\t\t\t\t\t\t\t\t\t\t\t\t\t\t\t<\/p>\n<h2>60- Port Italien<br \/>\n50&#215;70 cm<br \/>\n<\/h2>\n<p>\t\t\t\t\t\t\t\t\t\t\t\t\t\t\t<img decoding=\"async\" width=\"800\" height=\"535\" src=\"http:\/\/artistepeintre.eu\/wp-content\/uploads\/2022\/03\/26.-femme-vendeuse-1024x685.jpg\" alt=\"\" loading=\"lazy\" srcset=\"http:\/\/artistepeintre.eu\/wp-content\/uploads\/2022\/03\/26.-femme-vendeuse-1024x685.jpg 1024w, http:\/\/artistepeintre.eu\/wp-content\/uploads\/2022\/03\/26.-femme-vendeuse-300x201.jpg 300w, http:\/\/artistepeintre.eu\/wp-content\/uploads\/2022\/03\/26.-femme-vendeuse-768x514.jpg 768w, http:\/\/artistepeintre.eu\/wp-content\/uploads\/2022\/03\/26.-femme-vendeuse-1536x1028.jpg 1536w, http:\/\/artistepeintre.eu\/wp-content\/uploads\/2022\/03\/26.-femme-vendeuse-2048x1371.jpg 2048w\" sizes=\"auto, (max-width: 800px) 100vw, 800px\" \/>\t\t\t\t\t\t\t\t\t\t\t\t\t\t\t<\/p>\n<h2>61- Vendeuse au B\u00e9nin<br \/>\n30&#215;40 cm<br \/>\n<\/h2>\n<p>\t\t\t\t\t\t\t\t\t\t\t\t\t\t\t<img decoding=\"async\" width=\"800\" height=\"535\" src=\"http:\/\/artistepeintre.eu\/wp-content\/uploads\/2022\/03\/4.-femme-1024x685.jpg\" alt=\"\" loading=\"lazy\" srcset=\"http:\/\/artistepeintre.eu\/wp-content\/uploads\/2022\/03\/4.-femme-1024x685.jpg 1024w, http:\/\/artistepeintre.eu\/wp-content\/uploads\/2022\/03\/4.-femme-300x201.jpg 300w, http:\/\/artistepeintre.eu\/wp-content\/uploads\/2022\/03\/4.-femme-768x514.jpg 768w, http:\/\/artistepeintre.eu\/wp-content\/uploads\/2022\/03\/4.-femme-1536x1028.jpg 1536w, http:\/\/artistepeintre.eu\/wp-content\/uploads\/2022\/03\/4.-femme-2048x1371.jpg 2048w\" sizes=\"auto, (max-width: 800px) 100vw, 800px\" \/>\t\t\t\t\t\t\t\t\t\t\t\t\t\t\t<\/p>\n<h2>62- Femme 2014<br \/>\n50&#215;70 cm<br \/>\n<\/h2>\n<p>\t\t\t\t\t\t\t\t\t\t\t\t\t\t\t<img decoding=\"async\" width=\"800\" height=\"488\" src=\"http:\/\/artistepeintre.eu\/wp-content\/uploads\/2022\/03\/5-bateau-pirate.jpg\" alt=\"\" loading=\"lazy\" srcset=\"http:\/\/artistepeintre.eu\/wp-content\/uploads\/2022\/03\/5-bateau-pirate.jpg 883w, http:\/\/artistepeintre.eu\/wp-content\/uploads\/2022\/03\/5-bateau-pirate-300x183.jpg 300w, http:\/\/artistepeintre.eu\/wp-content\/uploads\/2022\/03\/5-bateau-pirate-768x469.jpg 768w\" sizes=\"auto, (max-width: 800px) 100vw, 800px\" \/>\t\t\t\t\t\t\t\t\t\t\t\t\t\t\t<\/p>\n<h2>63- Bateau au cr\u00e9puscule<br \/>\n50&#215;70 cm<br \/>\nvendu  2014<\/h2>\n<p>\t\t\t\t\t\t\t\t\t\t\t\t\t\t\t<img decoding=\"async\" width=\"685\" height=\"1024\" src=\"http:\/\/artistepeintre.eu\/wp-content\/uploads\/2022\/03\/10.-Morano-685x1024.jpg\" alt=\"\" loading=\"lazy\" srcset=\"http:\/\/artistepeintre.eu\/wp-content\/uploads\/2022\/03\/10.-Morano-685x1024.jpg 685w, http:\/\/artistepeintre.eu\/wp-content\/uploads\/2022\/03\/10.-Morano-201x300.jpg 201w, http:\/\/artistepeintre.eu\/wp-content\/uploads\/2022\/03\/10.-Morano-768x1147.jpg 768w, http:\/\/artistepeintre.eu\/wp-content\/uploads\/2022\/03\/10.-Morano-1028x1536.jpg 1028w, http:\/\/artistepeintre.eu\/wp-content\/uploads\/2022\/03\/10.-Morano-1371x2048.jpg 1371w, http:\/\/artistepeintre.eu\/wp-content\/uploads\/2022\/03\/10.-Morano-scaled.jpg 1714w\" sizes=\"auto, (max-width: 685px) 100vw, 685px\" \/>\t\t\t\t\t\t\t\t\t\t\t\t\t\t\t<\/p>\n<h2>64- port en Italie<br \/>\nVendu<br \/>\n<\/h2>\n<p>\t\t\t\t\t\t\t\t\t\t\t\t\t\t\t<img decoding=\"async\" width=\"800\" height=\"535\" src=\"http:\/\/artistepeintre.eu\/wp-content\/uploads\/2022\/03\/1-tenerif-1024x685.jpg\" alt=\"\" loading=\"lazy\" srcset=\"http:\/\/artistepeintre.eu\/wp-content\/uploads\/2022\/03\/1-tenerif-1024x685.jpg 1024w, http:\/\/artistepeintre.eu\/wp-content\/uploads\/2022\/03\/1-tenerif-300x201.jpg 300w, http:\/\/artistepeintre.eu\/wp-content\/uploads\/2022\/03\/1-tenerif-768x514.jpg 768w, http:\/\/artistepeintre.eu\/wp-content\/uploads\/2022\/03\/1-tenerif-1536x1028.jpg 1536w, http:\/\/artistepeintre.eu\/wp-content\/uploads\/2022\/03\/1-tenerif-2048x1371.jpg 2048w\" sizes=\"auto, (max-width: 800px) 100vw, 800px\" \/>\t\t\t\t\t\t\t\t\t\t\t\t\t\t\t<\/p>\n<h2>65- Plage \u00e0T\u00e9n\u00e9rife 2013<br \/>\n50&#215;70 cm<br \/>\nNon disponible<\/h2>\n<p>\t\t\t\t\t\t\t\t\t\t\t\t\t\t\t<img decoding=\"async\" width=\"800\" height=\"535\" src=\"http:\/\/artistepeintre.eu\/wp-content\/uploads\/2022\/03\/11-le-peintre-1024x685.jpg\" alt=\"\" loading=\"lazy\" srcset=\"http:\/\/artistepeintre.eu\/wp-content\/uploads\/2022\/03\/11-le-peintre-1024x685.jpg 1024w, http:\/\/artistepeintre.eu\/wp-content\/uploads\/2022\/03\/11-le-peintre-300x201.jpg 300w, http:\/\/artistepeintre.eu\/wp-content\/uploads\/2022\/03\/11-le-peintre-768x514.jpg 768w, http:\/\/artistepeintre.eu\/wp-content\/uploads\/2022\/03\/11-le-peintre-1536x1028.jpg 1536w, http:\/\/artistepeintre.eu\/wp-content\/uploads\/2022\/03\/11-le-peintre-2048x1371.jpg 2048w\" sizes=\"auto, (max-width: 800px) 100vw, 800px\" \/>\t\t\t\t\t\t\t\t\t\t\t\t\t\t\t<\/p>\n<h2>66- L&rsquo;Artiste devant ses tableaux 2014:<br \/>\n50&#215;70 cm<br \/>\n<\/h2>\n<p>\t\t\t\t\t\t\t\t\t\t\t\t\t\t\t<img decoding=\"async\" width=\"800\" height=\"535\" src=\"http:\/\/artistepeintre.eu\/wp-content\/uploads\/2022\/03\/13-Rio-1024x685.jpg\" alt=\"\" loading=\"lazy\" srcset=\"http:\/\/artistepeintre.eu\/wp-content\/uploads\/2022\/03\/13-Rio-1024x685.jpg 1024w, http:\/\/artistepeintre.eu\/wp-content\/uploads\/2022\/03\/13-Rio-300x201.jpg 300w, http:\/\/artistepeintre.eu\/wp-content\/uploads\/2022\/03\/13-Rio-768x514.jpg 768w, http:\/\/artistepeintre.eu\/wp-content\/uploads\/2022\/03\/13-Rio-1536x1028.jpg 1536w, http:\/\/artistepeintre.eu\/wp-content\/uploads\/2022\/03\/13-Rio-2048x1371.jpg 2048w\" sizes=\"auto, (max-width: 800px) 100vw, 800px\" \/>\t\t\t\t\t\t\t\t\t\t\t\t\t\t\t<\/p>\n<h2>67- Plage \u00e0 Rio 2015 :<br \/>\n50&#215;70 cm<br \/>\n<\/h2>\n<p>\t\t\t\t\t\t\t\t\t\t\t\t\t\t\t<img decoding=\"async\" width=\"800\" height=\"535\" src=\"http:\/\/artistepeintre.eu\/wp-content\/uploads\/2022\/03\/17.-femme-au-piroque-1024x685.jpg\" alt=\"\" loading=\"lazy\" srcset=\"http:\/\/artistepeintre.eu\/wp-content\/uploads\/2022\/03\/17.-femme-au-piroque-1024x685.jpg 1024w, http:\/\/artistepeintre.eu\/wp-content\/uploads\/2022\/03\/17.-femme-au-piroque-300x201.jpg 300w, http:\/\/artistepeintre.eu\/wp-content\/uploads\/2022\/03\/17.-femme-au-piroque-768x514.jpg 768w, http:\/\/artistepeintre.eu\/wp-content\/uploads\/2022\/03\/17.-femme-au-piroque-1536x1028.jpg 1536w, http:\/\/artistepeintre.eu\/wp-content\/uploads\/2022\/03\/17.-femme-au-piroque-2048x1371.jpg 2048w\" sizes=\"auto, (max-width: 800px) 100vw, 800px\" \/>\t\t\t\t\t\t\t\t\t\t\t\t\t\t\t<\/p>\n<h2>68- Femme \u00e0 la pirogue<br \/>\n40&#215;50 cm<br \/>\nNon disponible<br \/>\n <\/h2>\n<p>\t\t\t\t\t\t\t\t\t\t\t\t\t\t\t<img decoding=\"async\" width=\"800\" height=\"535\" src=\"http:\/\/artistepeintre.eu\/wp-content\/uploads\/2022\/03\/29.-bateau-pirate-1024x685.jpg\" alt=\"\" loading=\"lazy\" srcset=\"http:\/\/artistepeintre.eu\/wp-content\/uploads\/2022\/03\/29.-bateau-pirate-1024x685.jpg 1024w, http:\/\/artistepeintre.eu\/wp-content\/uploads\/2022\/03\/29.-bateau-pirate-300x201.jpg 300w, http:\/\/artistepeintre.eu\/wp-content\/uploads\/2022\/03\/29.-bateau-pirate-768x514.jpg 768w, http:\/\/artistepeintre.eu\/wp-content\/uploads\/2022\/03\/29.-bateau-pirate-1536x1028.jpg 1536w, http:\/\/artistepeintre.eu\/wp-content\/uploads\/2022\/03\/29.-bateau-pirate-2048x1371.jpg 2048w\" sizes=\"auto, (max-width: 800px) 100vw, 800px\" \/>\t\t\t\t\t\t\t\t\t\t\t\t\t\t\t<\/p>\n<h2>69- Bateau au crepscule2<br \/>\n50&#215;70 cm<br \/>\n<\/h2>\n<p>\t\t\t\t\t\t\t\t\t\t\t\t\t\t\t<img decoding=\"async\" width=\"800\" height=\"535\" src=\"http:\/\/artistepeintre.eu\/wp-content\/uploads\/2022\/03\/30.-fleures-jaunes-1024x685.jpg\" alt=\"\" loading=\"lazy\" srcset=\"http:\/\/artistepeintre.eu\/wp-content\/uploads\/2022\/03\/30.-fleures-jaunes-1024x685.jpg 1024w, http:\/\/artistepeintre.eu\/wp-content\/uploads\/2022\/03\/30.-fleures-jaunes-300x201.jpg 300w, http:\/\/artistepeintre.eu\/wp-content\/uploads\/2022\/03\/30.-fleures-jaunes-768x514.jpg 768w, http:\/\/artistepeintre.eu\/wp-content\/uploads\/2022\/03\/30.-fleures-jaunes-1536x1028.jpg 1536w, http:\/\/artistepeintre.eu\/wp-content\/uploads\/2022\/03\/30.-fleures-jaunes-2048x1371.jpg 2048w\" sizes=\"auto, (max-width: 800px) 100vw, 800px\" \/>\t\t\t\t\t\t\t\t\t\t\t\t\t\t\t<\/p>\n<h2>70- Fleurs jaune<br \/>\n45.5&#215;55 cm<br \/>\n<\/h2>\n<p>\t\t\t\t\t\t\t\t\t\t\t\t\t\t\t<img decoding=\"async\" width=\"768\" height=\"1024\" src=\"http:\/\/artistepeintre.eu\/wp-content\/uploads\/2022\/03\/89-nature-morte-768x1024.jpg\" alt=\"\" loading=\"lazy\" srcset=\"http:\/\/artistepeintre.eu\/wp-content\/uploads\/2022\/03\/89-nature-morte-768x1024.jpg 768w, http:\/\/artistepeintre.eu\/wp-content\/uploads\/2022\/03\/89-nature-morte-225x300.jpg 225w, http:\/\/artistepeintre.eu\/wp-content\/uploads\/2022\/03\/89-nature-morte-1152x1536.jpg 1152w, http:\/\/artistepeintre.eu\/wp-content\/uploads\/2022\/03\/89-nature-morte.jpg 1200w\" sizes=\"auto, (max-width: 768px) 100vw, 768px\" \/>\t\t\t\t\t\t\t\t\t\t\t\t\t\t\t<\/p>\n<h2>71- Fleurs dans  un vase<br \/>\n50&#215;70 cm<br \/>\n<\/h2>\n<h2>Ajoutez votre titre ici<\/h2>\n<p>\t\t\t\t\t\t\t\t\t\t\t\t\t\t\t<img decoding=\"async\" width=\"592\" height=\"1024\" src=\"http:\/\/artistepeintre.eu\/wp-content\/uploads\/2022\/03\/76-1-592x1024.jpg\" alt=\"\" loading=\"lazy\" srcset=\"http:\/\/artistepeintre.eu\/wp-content\/uploads\/2022\/03\/76-1-592x1024.jpg 592w, http:\/\/artistepeintre.eu\/wp-content\/uploads\/2022\/03\/76-1-174x300.jpg 174w, http:\/\/artistepeintre.eu\/wp-content\/uploads\/2022\/03\/76-1-768x1328.jpg 768w, http:\/\/artistepeintre.eu\/wp-content\/uploads\/2022\/03\/76-1-888x1536.jpg 888w, http:\/\/artistepeintre.eu\/wp-content\/uploads\/2022\/03\/76-1-1185x2048.jpg 1185w, http:\/\/artistepeintre.eu\/wp-content\/uploads\/2022\/03\/76-1-scaled.jpg 1481w\" sizes=\"auto, (max-width: 592px) 100vw, 592px\" \/>\t\t\t\t\t\t\t\t\t\t\t\t\t\t\t<\/p>\n<h2>72- Nue au fond violet<br \/>\n38x 46 cm<br \/>\n<\/h2>\n<p>\t\t\t\t\t\t\t\t\t\t\t\t\t\t\t<img decoding=\"async\" width=\"800\" height=\"1016\" src=\"http:\/\/artistepeintre.eu\/wp-content\/uploads\/2022\/04\/DSC_0580-806x1024.jpg\" alt=\"\" loading=\"lazy\" srcset=\"http:\/\/artistepeintre.eu\/wp-content\/uploads\/2022\/04\/DSC_0580-806x1024.jpg 806w, http:\/\/artistepeintre.eu\/wp-content\/uploads\/2022\/04\/DSC_0580-236x300.jpg 236w, http:\/\/artistepeintre.eu\/wp-content\/uploads\/2022\/04\/DSC_0580-768x975.jpg 768w, http:\/\/artistepeintre.eu\/wp-content\/uploads\/2022\/04\/DSC_0580-1210x1536.jpg 1210w, http:\/\/artistepeintre.eu\/wp-content\/uploads\/2022\/04\/DSC_0580.jpg 1490w\" sizes=\"auto, (max-width: 800px) 100vw, 800px\" \/>\t\t\t\t\t\t\t\t\t\t\t\t\t\t\t<\/p>\n<h2>73- Port fluvial<br \/>\n38&#215;46 cm<br \/>\nNon disponible<\/h2>\n<p>\t\t\t\t\t\t\t\t\t\t\t\t\t\t\t<img decoding=\"async\" width=\"800\" height=\"671\" src=\"http:\/\/artistepeintre.eu\/wp-content\/uploads\/2022\/03\/41-2-1024x859.jpg\" alt=\"\" loading=\"lazy\" srcset=\"http:\/\/artistepeintre.eu\/wp-content\/uploads\/2022\/03\/41-2-1024x859.jpg 1024w, http:\/\/artistepeintre.eu\/wp-content\/uploads\/2022\/03\/41-2-300x252.jpg 300w, http:\/\/artistepeintre.eu\/wp-content\/uploads\/2022\/03\/41-2-768x644.jpg 768w, http:\/\/artistepeintre.eu\/wp-content\/uploads\/2022\/03\/41-2-1536x1288.jpg 1536w, http:\/\/artistepeintre.eu\/wp-content\/uploads\/2022\/03\/41-2-2048x1717.jpg 2048w\" sizes=\"auto, (max-width: 800px) 100vw, 800px\" \/>\t\t\t\t\t\t\t\t\t\t\t\t\t\t\t<\/p>\n<h2>74- R\u00e9sistance<br \/>\n45.5&#215;55 cm<br \/>\n<\/h2>\n<p>\t\t\t\t\t\t\t\t\t\t\t\t\t\t\t<img decoding=\"async\" width=\"519\" height=\"699\" src=\"http:\/\/artistepeintre.eu\/wp-content\/uploads\/2022\/03\/39.-marine.jpg\" alt=\"\" loading=\"lazy\" srcset=\"http:\/\/artistepeintre.eu\/wp-content\/uploads\/2022\/03\/39.-marine.jpg 519w, http:\/\/artistepeintre.eu\/wp-content\/uploads\/2022\/03\/39.-marine-223x300.jpg 223w\" sizes=\"auto, (max-width: 519px) 100vw, 519px\" \/>\t\t\t\t\t\t\t\t\t\t\t\t\t\t\t<\/p>\n<h2>75- Marine<br \/>\n40&#215;30 cm<br \/>\nNon disponible <\/h2>\n<p>\t\t\t\t\t\t\t\t\t\t\t\t\t\t\t<img decoding=\"async\" width=\"773\" height=\"1024\" src=\"http:\/\/artistepeintre.eu\/wp-content\/uploads\/2022\/03\/41-773x1024.jpg\" alt=\"\" loading=\"lazy\" srcset=\"http:\/\/artistepeintre.eu\/wp-content\/uploads\/2022\/03\/41-773x1024.jpg 773w, http:\/\/artistepeintre.eu\/wp-content\/uploads\/2022\/03\/41-226x300.jpg 226w, http:\/\/artistepeintre.eu\/wp-content\/uploads\/2022\/03\/41-768x1017.jpg 768w, http:\/\/artistepeintre.eu\/wp-content\/uploads\/2022\/03\/41-1159x1536.jpg 1159w, http:\/\/artistepeintre.eu\/wp-content\/uploads\/2022\/03\/41-1546x2048.jpg 1546w, http:\/\/artistepeintre.eu\/wp-content\/uploads\/2022\/03\/41-scaled.jpg 1932w\" sizes=\"auto, (max-width: 773px) 100vw, 773px\" \/>\t\t\t\t\t\t\t\t\t\t\t\t\t\t\t<\/p>\n<h2>76- Autoportrait<br \/>\n40&#215;30<br \/>\nNon disponible <\/h2>\n<p>\t\t\t\t\t\t\t\t\t\t\t\t\t\t\t<img decoding=\"async\" width=\"685\" height=\"1024\" src=\"http:\/\/artistepeintre.eu\/wp-content\/uploads\/2022\/03\/38-Sam-20-685x1024.jpg\" alt=\"\" loading=\"lazy\" srcset=\"http:\/\/artistepeintre.eu\/wp-content\/uploads\/2022\/03\/38-Sam-20-685x1024.jpg 685w, http:\/\/artistepeintre.eu\/wp-content\/uploads\/2022\/03\/38-Sam-20-201x300.jpg 201w, http:\/\/artistepeintre.eu\/wp-content\/uploads\/2022\/03\/38-Sam-20-768x1147.jpg 768w, http:\/\/artistepeintre.eu\/wp-content\/uploads\/2022\/03\/38-Sam-20-1028x1536.jpg 1028w, http:\/\/artistepeintre.eu\/wp-content\/uploads\/2022\/03\/38-Sam-20-1371x2048.jpg 1371w, http:\/\/artistepeintre.eu\/wp-content\/uploads\/2022\/03\/38-Sam-20-scaled.jpg 1714w\" sizes=\"auto, (max-width: 685px) 100vw, 685px\" \/>\t\t\t\t\t\t\t\t\t\t\t\t\t\t\t<\/p>\n<h2>77- Autoportrait <br \/>30&#215;30 cm<br \/>\nNon disponible <\/p>\n<\/h2>\n<p>\t\t\t\t\t\t\t\t\t\t\t\t\t\t\t<img decoding=\"async\" width=\"576\" height=\"1024\" src=\"http:\/\/artistepeintre.eu\/wp-content\/uploads\/2022\/03\/40-Anabelle-576x1024.jpg\" alt=\"\" loading=\"lazy\" srcset=\"http:\/\/artistepeintre.eu\/wp-content\/uploads\/2022\/03\/40-Anabelle-576x1024.jpg 576w, http:\/\/artistepeintre.eu\/wp-content\/uploads\/2022\/03\/40-Anabelle-169x300.jpg 169w, http:\/\/artistepeintre.eu\/wp-content\/uploads\/2022\/03\/40-Anabelle-768x1365.jpg 768w, http:\/\/artistepeintre.eu\/wp-content\/uploads\/2022\/03\/40-Anabelle-864x1536.jpg 864w, http:\/\/artistepeintre.eu\/wp-content\/uploads\/2022\/03\/40-Anabelle.jpg 900w\" sizes=\"auto, (max-width: 576px) 100vw, 576px\" \/>\t\t\t\t\t\t\t\t\t\t\t\t\t\t\t<\/p>\n<h2>78- Annabelle<br \/> <br \/>\n30&#215;40 cm<br \/>\nNon disponible<\/p>\n<p><\/h2>\n<p>\t\t\t\t\t\t\t\t\t\t\t\t\t\t\t<img decoding=\"async\" width=\"685\" height=\"1024\" src=\"http:\/\/artistepeintre.eu\/wp-content\/uploads\/2022\/03\/45-Marine-685x1024.jpg\" alt=\"\" loading=\"lazy\" srcset=\"http:\/\/artistepeintre.eu\/wp-content\/uploads\/2022\/03\/45-Marine-685x1024.jpg 685w, http:\/\/artistepeintre.eu\/wp-content\/uploads\/2022\/03\/45-Marine-201x300.jpg 201w, http:\/\/artistepeintre.eu\/wp-content\/uploads\/2022\/03\/45-Marine-768x1147.jpg 768w, http:\/\/artistepeintre.eu\/wp-content\/uploads\/2022\/03\/45-Marine-1028x1536.jpg 1028w, http:\/\/artistepeintre.eu\/wp-content\/uploads\/2022\/03\/45-Marine-1371x2048.jpg 1371w, http:\/\/artistepeintre.eu\/wp-content\/uploads\/2022\/03\/45-Marine-scaled.jpg 1714w\" sizes=\"auto, (max-width: 685px) 100vw, 685px\" \/>\t\t\t\t\t\t\t\t\t\t\t\t\t\t\t<\/p>\n<h2>79 Marine<br \/>\n 30&#215;40 cm<br \/>\nNon disponible.<\/p>\n<\/h2>\n<p>\t\t\t\t\t\t\t\t\t\t\t\t\t\t\t<img decoding=\"async\" width=\"685\" height=\"1024\" src=\"http:\/\/artistepeintre.eu\/wp-content\/uploads\/2022\/03\/37-Ruth-685x1024.jpg\" alt=\"\" loading=\"lazy\" srcset=\"http:\/\/artistepeintre.eu\/wp-content\/uploads\/2022\/03\/37-Ruth-685x1024.jpg 685w, http:\/\/artistepeintre.eu\/wp-content\/uploads\/2022\/03\/37-Ruth-201x300.jpg 201w, http:\/\/artistepeintre.eu\/wp-content\/uploads\/2022\/03\/37-Ruth-768x1147.jpg 768w, http:\/\/artistepeintre.eu\/wp-content\/uploads\/2022\/03\/37-Ruth-1028x1536.jpg 1028w, http:\/\/artistepeintre.eu\/wp-content\/uploads\/2022\/03\/37-Ruth-1371x2048.jpg 1371w, http:\/\/artistepeintre.eu\/wp-content\/uploads\/2022\/03\/37-Ruth-scaled.jpg 1714w\" sizes=\"auto, (max-width: 685px) 100vw, 685px\" \/>\t\t\t\t\t\t\t\t\t\t\t\t\t\t\t<\/p>\n<h2>80- Ruth<br \/>\n30&#215;40 cm<br \/>\nNon disponible <\/p>\n<p><\/h2>\n<p>\t\t\t\t\t\t\t\t\t\t\t\t\t\t\t<img decoding=\"async\" width=\"800\" height=\"748\" src=\"http:\/\/artistepeintre.eu\/wp-content\/uploads\/2022\/04\/20150621_113525-1024x958.jpg\" alt=\"\" loading=\"lazy\" srcset=\"http:\/\/artistepeintre.eu\/wp-content\/uploads\/2022\/04\/20150621_113525-1024x958.jpg 1024w, http:\/\/artistepeintre.eu\/wp-content\/uploads\/2022\/04\/20150621_113525-300x281.jpg 300w, http:\/\/artistepeintre.eu\/wp-content\/uploads\/2022\/04\/20150621_113525-768x718.jpg 768w, http:\/\/artistepeintre.eu\/wp-content\/uploads\/2022\/04\/20150621_113525-1536x1437.jpg 1536w, http:\/\/artistepeintre.eu\/wp-content\/uploads\/2022\/04\/20150621_113525.jpg 1871w\" sizes=\"auto, (max-width: 800px) 100vw, 800px\" \/>\t\t\t\t\t\t\t\t\t\t\t\t\t\t\t<\/p>\n<h2>81- Safir<br \/>\n30&#215;30 cm<br \/>\nNon disponible<\/h2>\n<p>\t\t\t\t\t\t\t\t\t\t\t\t\t\t\t<img decoding=\"async\" width=\"576\" height=\"1024\" src=\"http:\/\/artistepeintre.eu\/wp-content\/uploads\/2022\/03\/80.Ruth_-576x1024.jpg\" alt=\"\" loading=\"lazy\" srcset=\"http:\/\/artistepeintre.eu\/wp-content\/uploads\/2022\/03\/80.Ruth_-576x1024.jpg 576w, http:\/\/artistepeintre.eu\/wp-content\/uploads\/2022\/03\/80.Ruth_-169x300.jpg 169w, http:\/\/artistepeintre.eu\/wp-content\/uploads\/2022\/03\/80.Ruth_-768x1365.jpg 768w, http:\/\/artistepeintre.eu\/wp-content\/uploads\/2022\/03\/80.Ruth_-864x1536.jpg 864w, http:\/\/artistepeintre.eu\/wp-content\/uploads\/2022\/03\/80.Ruth_-1152x2048.jpg 1152w, http:\/\/artistepeintre.eu\/wp-content\/uploads\/2022\/03\/80.Ruth_-scaled.jpg 1440w\" sizes=\"auto, (max-width: 576px) 100vw, 576px\" \/>\t\t\t\t\t\t\t\t\t\t\t\t\t\t\t<\/p>\n<h2>82- Ruth<br \/>\n30&#215;40 cm<br \/>\nNon disponible.<br \/><\/h2>\n<p>\t\t\t\t\t\t\t\t\t\t\t\t\t\t\t<img decoding=\"async\" width=\"576\" height=\"1024\" src=\"http:\/\/artistepeintre.eu\/wp-content\/uploads\/2022\/03\/90-fabien-576x1024.jpg\" alt=\"\" loading=\"lazy\" srcset=\"http:\/\/artistepeintre.eu\/wp-content\/uploads\/2022\/03\/90-fabien-576x1024.jpg 576w, http:\/\/artistepeintre.eu\/wp-content\/uploads\/2022\/03\/90-fabien-169x300.jpg 169w, http:\/\/artistepeintre.eu\/wp-content\/uploads\/2022\/03\/90-fabien-768x1365.jpg 768w, http:\/\/artistepeintre.eu\/wp-content\/uploads\/2022\/03\/90-fabien-864x1536.jpg 864w, http:\/\/artistepeintre.eu\/wp-content\/uploads\/2022\/03\/90-fabien-1152x2048.jpg 1152w, http:\/\/artistepeintre.eu\/wp-content\/uploads\/2022\/03\/90-fabien-scaled.jpg 1440w\" sizes=\"auto, (max-width: 576px) 100vw, 576px\" \/>\t\t\t\t\t\t\t\t\t\t\t\t\t\t\t<\/p>\n<h2>83- Fabien<br \/>\n30&#215;40 cm<br \/>\nNon disponible<br \/><\/h2>\n<p>\t\t\t\t\t\t\t\t\t\t\t\t\t\t\t<img decoding=\"async\" width=\"576\" height=\"1024\" src=\"http:\/\/artistepeintre.eu\/wp-content\/uploads\/2022\/03\/75-sam-576x1024.jpg\" alt=\"\" loading=\"lazy\" srcset=\"http:\/\/artistepeintre.eu\/wp-content\/uploads\/2022\/03\/75-sam-576x1024.jpg 576w, http:\/\/artistepeintre.eu\/wp-content\/uploads\/2022\/03\/75-sam-169x300.jpg 169w, http:\/\/artistepeintre.eu\/wp-content\/uploads\/2022\/03\/75-sam-768x1365.jpg 768w, http:\/\/artistepeintre.eu\/wp-content\/uploads\/2022\/03\/75-sam-864x1536.jpg 864w, http:\/\/artistepeintre.eu\/wp-content\/uploads\/2022\/03\/75-sam-1152x2048.jpg 1152w, http:\/\/artistepeintre.eu\/wp-content\/uploads\/2022\/03\/75-sam-scaled.jpg 1440w\" sizes=\"auto, (max-width: 576px) 100vw, 576px\" \/>\t\t\t\t\t\t\t\t\t\t\t\t\t\t\t<\/p>\n<h2>84- Autoportrait 2020<br \/>\n30&#215;40 cm<br \/>\nNon disponible<\/h2>\n<p>\t\t\t\t\t\t\t\t\t\t\t\t\t\t\t<img decoding=\"async\" width=\"685\" height=\"1024\" src=\"http:\/\/artistepeintre.eu\/wp-content\/uploads\/2022\/03\/36.-lIslandaise-685x1024.jpg\" alt=\"\" loading=\"lazy\" srcset=\"http:\/\/artistepeintre.eu\/wp-content\/uploads\/2022\/03\/36.-lIslandaise-685x1024.jpg 685w, http:\/\/artistepeintre.eu\/wp-content\/uploads\/2022\/03\/36.-lIslandaise-201x300.jpg 201w, http:\/\/artistepeintre.eu\/wp-content\/uploads\/2022\/03\/36.-lIslandaise-768x1147.jpg 768w, http:\/\/artistepeintre.eu\/wp-content\/uploads\/2022\/03\/36.-lIslandaise-1028x1536.jpg 1028w, http:\/\/artistepeintre.eu\/wp-content\/uploads\/2022\/03\/36.-lIslandaise-1371x2048.jpg 1371w, http:\/\/artistepeintre.eu\/wp-content\/uploads\/2022\/03\/36.-lIslandaise-scaled.jpg 1714w\" sizes=\"auto, (max-width: 685px) 100vw, 685px\" \/>\t\t\t\t\t\t\t\t\t\t\t\t\t\t\t<\/p>\n<h2>85-L&rsquo;Islandaise<br \/>\n30&#215;40 cm<br \/>\nNon disponible<br \/><\/h2>\n<p>\t\t\t\t\t\t\t\t\t\t\t\t\t\t\t<img decoding=\"async\" width=\"720\" height=\"1024\" src=\"http:\/\/artistepeintre.eu\/wp-content\/uploads\/2022\/03\/DSC_4007-720x1024.jpg\" alt=\"\" loading=\"lazy\" srcset=\"http:\/\/artistepeintre.eu\/wp-content\/uploads\/2022\/03\/DSC_4007-720x1024.jpg 720w, http:\/\/artistepeintre.eu\/wp-content\/uploads\/2022\/03\/DSC_4007-211x300.jpg 211w, http:\/\/artistepeintre.eu\/wp-content\/uploads\/2022\/03\/DSC_4007-768x1093.jpg 768w, http:\/\/artistepeintre.eu\/wp-content\/uploads\/2022\/03\/DSC_4007-1080x1536.jpg 1080w, http:\/\/artistepeintre.eu\/wp-content\/uploads\/2022\/03\/DSC_4007-1440x2048.jpg 1440w, http:\/\/artistepeintre.eu\/wp-content\/uploads\/2022\/03\/DSC_4007-scaled.jpg 1799w\" sizes=\"auto, (max-width: 720px) 100vw, 720px\" \/>\t\t\t\t\t\t\t\t\t\t\t\t\t\t\t<\/p>\n<h2>86- Femme \u00e9gyptienne<br \/>\n50x 70 cm<br \/>\nPrix 300\u20ac<\/h2>\n<p>\t\t\t\t\t\t\t\t\t\t\t\t\t\t\t<img decoding=\"async\" width=\"785\" height=\"1024\" src=\"http:\/\/artistepeintre.eu\/wp-content\/uploads\/2022\/03\/DSC_4017-785x1024.jpg\" alt=\"\" loading=\"lazy\" srcset=\"http:\/\/artistepeintre.eu\/wp-content\/uploads\/2022\/03\/DSC_4017-785x1024.jpg 785w, http:\/\/artistepeintre.eu\/wp-content\/uploads\/2022\/03\/DSC_4017-230x300.jpg 230w, http:\/\/artistepeintre.eu\/wp-content\/uploads\/2022\/03\/DSC_4017-768x1001.jpg 768w, http:\/\/artistepeintre.eu\/wp-content\/uploads\/2022\/03\/DSC_4017-1178x1536.jpg 1178w, http:\/\/artistepeintre.eu\/wp-content\/uploads\/2022\/03\/DSC_4017-1571x2048.jpg 1571w, http:\/\/artistepeintre.eu\/wp-content\/uploads\/2022\/03\/DSC_4017-scaled.jpg 1964w\" sizes=\"auto, (max-width: 785px) 100vw, 785px\" \/>\t\t\t\t\t\t\t\t\t\t\t\t\t\t\t<\/p>\n<h2>87- Lisbonne<br \/>\n50&#215;70 cm<br \/>\nNon disponible<br \/><\/h2>\n<p>\t\t\t\t\t\t\t\t\t\t\t\t\t\t\t<img decoding=\"async\" width=\"800\" height=\"641\" src=\"http:\/\/artistepeintre.eu\/wp-content\/uploads\/2022\/03\/DSC_4044-1024x821.jpg\" alt=\"\" loading=\"lazy\" srcset=\"http:\/\/artistepeintre.eu\/wp-content\/uploads\/2022\/03\/DSC_4044-1024x821.jpg 1024w, http:\/\/artistepeintre.eu\/wp-content\/uploads\/2022\/03\/DSC_4044-300x241.jpg 300w, http:\/\/artistepeintre.eu\/wp-content\/uploads\/2022\/03\/DSC_4044-768x616.jpg 768w, http:\/\/artistepeintre.eu\/wp-content\/uploads\/2022\/03\/DSC_4044-1536x1231.jpg 1536w, http:\/\/artistepeintre.eu\/wp-content\/uploads\/2022\/03\/DSC_4044-2048x1642.jpg 2048w\" sizes=\"auto, (max-width: 800px) 100vw, 800px\" \/>\t\t\t\t\t\t\t\t\t\t\t\t\t\t\t<\/p>\n<h2>88- L&rsquo;automne<br \/>\n40&#215;50 cm<br \/>\nNon disponible<br \/><\/h2>\n<p>\t\t\t\t\t\t\t\t\t\t\t\t\t\t\t<img decoding=\"async\" width=\"800\" height=\"600\" src=\"http:\/\/artistepeintre.eu\/wp-content\/uploads\/2022\/03\/31-maire-1024x768.jpg\" alt=\"\" loading=\"lazy\" srcset=\"http:\/\/artistepeintre.eu\/wp-content\/uploads\/2022\/03\/31-maire-1024x768.jpg 1024w, http:\/\/artistepeintre.eu\/wp-content\/uploads\/2022\/03\/31-maire-300x225.jpg 300w, http:\/\/artistepeintre.eu\/wp-content\/uploads\/2022\/03\/31-maire-768x576.jpg 768w, http:\/\/artistepeintre.eu\/wp-content\/uploads\/2022\/03\/31-maire-1536x1152.jpg 1536w, http:\/\/artistepeintre.eu\/wp-content\/uploads\/2022\/03\/31-maire.jpg 1600w\" sizes=\"auto, (max-width: 800px) 100vw, 800px\" \/>\t\t\t\t\t\t\t\t\t\t\t\t\t\t\t<\/p>\n<h2>89- D. D\u00e9grima<br \/>\n30&#215;40 cm<br \/>\nNon disponible<br \/><\/h2>\n<h2>90- Western1<br \/>\n38&#215;46 cm<br \/>\nVendu<\/h2>\n<p>\t\t\t\t\t\t\t\t\t\t\t\t\t\t\t<img decoding=\"async\" width=\"800\" height=\"656\" src=\"http:\/\/artistepeintre.eu\/wp-content\/uploads\/2022\/03\/70-chauvauche-1024x840.jpg\" alt=\"\" loading=\"lazy\" srcset=\"http:\/\/artistepeintre.eu\/wp-content\/uploads\/2022\/03\/70-chauvauche-1024x840.jpg 1024w, http:\/\/artistepeintre.eu\/wp-content\/uploads\/2022\/03\/70-chauvauche-300x246.jpg 300w, http:\/\/artistepeintre.eu\/wp-content\/uploads\/2022\/03\/70-chauvauche-768x630.jpg 768w, http:\/\/artistepeintre.eu\/wp-content\/uploads\/2022\/03\/70-chauvauche-1536x1260.jpg 1536w, http:\/\/artistepeintre.eu\/wp-content\/uploads\/2022\/03\/70-chauvauche-2048x1680.jpg 2048w\" sizes=\"auto, (max-width: 800px) 100vw, 800px\" \/>\t\t\t\t\t\t\t\t\t\t\t\t\t\t\t<\/p>\n<h2>91- Western 2<br \/>\n38&#215;46 cm<br \/>\nVendu<\/h2>\n<p>\t\t\t\t\t\t\t\t\t\t\t\t\t\t\t<img decoding=\"async\" width=\"800\" height=\"688\" src=\"http:\/\/artistepeintre.eu\/wp-content\/uploads\/2022\/03\/71-degain-1-1024x881.jpg\" alt=\"\" loading=\"lazy\" srcset=\"http:\/\/artistepeintre.eu\/wp-content\/uploads\/2022\/03\/71-degain-1-1024x881.jpg 1024w, http:\/\/artistepeintre.eu\/wp-content\/uploads\/2022\/03\/71-degain-1-300x258.jpg 300w, http:\/\/artistepeintre.eu\/wp-content\/uploads\/2022\/03\/71-degain-1-768x661.jpg 768w, http:\/\/artistepeintre.eu\/wp-content\/uploads\/2022\/03\/71-degain-1-1536x1321.jpg 1536w, http:\/\/artistepeintre.eu\/wp-content\/uploads\/2022\/03\/71-degain-1-2048x1761.jpg 2048w\" sizes=\"auto, (max-width: 800px) 100vw, 800px\" \/>\t\t\t\t\t\t\t\t\t\t\t\t\t\t\t<\/p>\n<h2>92 Western3<br \/>\n38&#215;46 cm<br \/>\nVendu<\/h2>\n<p>\t\t\t\t\t\t\t\t\t\t\t\t\t\t\t<img decoding=\"async\" width=\"800\" height=\"680\" src=\"http:\/\/artistepeintre.eu\/wp-content\/uploads\/2022\/03\/72-pocker-1024x870.jpg\" alt=\"\" loading=\"lazy\" srcset=\"http:\/\/artistepeintre.eu\/wp-content\/uploads\/2022\/03\/72-pocker-1024x870.jpg 1024w, http:\/\/artistepeintre.eu\/wp-content\/uploads\/2022\/03\/72-pocker-300x255.jpg 300w, http:\/\/artistepeintre.eu\/wp-content\/uploads\/2022\/03\/72-pocker-768x652.jpg 768w, http:\/\/artistepeintre.eu\/wp-content\/uploads\/2022\/03\/72-pocker-1536x1304.jpg 1536w, http:\/\/artistepeintre.eu\/wp-content\/uploads\/2022\/03\/72-pocker-2048x1739.jpg 2048w\" sizes=\"auto, (max-width: 800px) 100vw, 800px\" \/><br \/>\n\t\t\t\t\t\t\t\t\t\t\t\t\t\t\t<img decoding=\"async\" width=\"768\" height=\"1024\" src=\"http:\/\/artistepeintre.eu\/wp-content\/uploads\/2022\/03\/IMG_14081-768x1024.jpg\" alt=\"\" loading=\"lazy\" srcset=\"http:\/\/artistepeintre.eu\/wp-content\/uploads\/2022\/03\/IMG_14081-768x1024.jpg 768w, http:\/\/artistepeintre.eu\/wp-content\/uploads\/2022\/03\/IMG_14081-225x300.jpg 225w, http:\/\/artistepeintre.eu\/wp-content\/uploads\/2022\/03\/IMG_14081-1152x1536.jpg 1152w, http:\/\/artistepeintre.eu\/wp-content\/uploads\/2022\/03\/IMG_14081-1536x2048.jpg 1536w, http:\/\/artistepeintre.eu\/wp-content\/uploads\/2022\/03\/IMG_14081-scaled.jpg 1920w\" sizes=\"auto, (max-width: 768px) 100vw, 768px\" \/>\t\t\t\t\t\t\t\t\t\t\t\t\t\t\t<\/p>\n<h2>93- Bateau orang\u00e9<br \/>\n30&#215;40 cm<br \/>\n<\/h2>\n<p>\t\t\t\t\t\t\t\t\t\t\t\t\t\t\t<img decoding=\"async\" width=\"768\" height=\"1024\" src=\"http:\/\/artistepeintre.eu\/wp-content\/uploads\/2022\/03\/IMG_14661-768x1024.jpg\" alt=\"\" loading=\"lazy\" srcset=\"http:\/\/artistepeintre.eu\/wp-content\/uploads\/2022\/03\/IMG_14661-768x1024.jpg 768w, http:\/\/artistepeintre.eu\/wp-content\/uploads\/2022\/03\/IMG_14661-225x300.jpg 225w, http:\/\/artistepeintre.eu\/wp-content\/uploads\/2022\/03\/IMG_14661-1152x1536.jpg 1152w, http:\/\/artistepeintre.eu\/wp-content\/uploads\/2022\/03\/IMG_14661-1536x2048.jpg 1536w, http:\/\/artistepeintre.eu\/wp-content\/uploads\/2022\/03\/IMG_14661-scaled.jpg 1920w\" sizes=\"auto, (max-width: 768px) 100vw, 768px\" \/>\t\t\t\t\t\t\t\t\t\t\t\t\t\t\t<\/p>\n<h2>94- Sourir<br \/>\n54&#215;64 cm<br \/>\n<\/h2>\n<p>\t\t\t\t\t\t\t\t\t\t\t\t\t\t\t<img decoding=\"async\" width=\"800\" height=\"810\" src=\"http:\/\/artistepeintre.eu\/wp-content\/uploads\/2022\/03\/IMG_1462-1011x1024.jpg\" alt=\"\" loading=\"lazy\" srcset=\"http:\/\/artistepeintre.eu\/wp-content\/uploads\/2022\/03\/IMG_1462-1011x1024.jpg 1011w, http:\/\/artistepeintre.eu\/wp-content\/uploads\/2022\/03\/IMG_1462-296x300.jpg 296w, http:\/\/artistepeintre.eu\/wp-content\/uploads\/2022\/03\/IMG_1462-768x778.jpg 768w, http:\/\/artistepeintre.eu\/wp-content\/uploads\/2022\/03\/IMG_1462-1517x1536.jpg 1517w, http:\/\/artistepeintre.eu\/wp-content\/uploads\/2022\/03\/IMG_1462-2022x2048.jpg 2022w\" sizes=\"auto, (max-width: 800px) 100vw, 800px\" \/>\t\t\t\t\t\t\t\t\t\t\t\t\t\t\t<\/p>\n<h2>95- Pens\u00e9e profonde<br \/>\n50&#215;50 cm<br \/>\nNon disponible<\/h2>\n<p>\t\t\t\t\t\t\t\t\t\t\t\t\t\t\t<img decoding=\"async\" width=\"768\" height=\"1024\" src=\"http:\/\/artistepeintre.eu\/wp-content\/uploads\/2022\/03\/IMG_1464-768x1024.jpg\" alt=\"\" loading=\"lazy\" srcset=\"http:\/\/artistepeintre.eu\/wp-content\/uploads\/2022\/03\/IMG_1464-768x1024.jpg 768w, http:\/\/artistepeintre.eu\/wp-content\/uploads\/2022\/03\/IMG_1464-225x300.jpg 225w, http:\/\/artistepeintre.eu\/wp-content\/uploads\/2022\/03\/IMG_1464-1152x1536.jpg 1152w, http:\/\/artistepeintre.eu\/wp-content\/uploads\/2022\/03\/IMG_1464-1536x2048.jpg 1536w, http:\/\/artistepeintre.eu\/wp-content\/uploads\/2022\/03\/IMG_1464-scaled.jpg 1920w\" sizes=\"auto, (max-width: 768px) 100vw, 768px\" \/>\t\t\t\t\t\t\t\t\t\t\t\t\t\t\t<\/p>\n<h2>96- La visite<br \/>\n44&#215;56 cm<br \/>\n<\/h2>\n<p>\t\t\t\t\t\t\t\t\t\t\t\t\t\t\t<img decoding=\"async\" width=\"745\" height=\"1024\" src=\"http:\/\/artistepeintre.eu\/wp-content\/uploads\/2022\/03\/56-745x1024.jpg\" alt=\"\" loading=\"lazy\" srcset=\"http:\/\/artistepeintre.eu\/wp-content\/uploads\/2022\/03\/56-745x1024.jpg 745w, http:\/\/artistepeintre.eu\/wp-content\/uploads\/2022\/03\/56-218x300.jpg 218w, http:\/\/artistepeintre.eu\/wp-content\/uploads\/2022\/03\/56-768x1056.jpg 768w, http:\/\/artistepeintre.eu\/wp-content\/uploads\/2022\/03\/56-1117x1536.jpg 1117w, http:\/\/artistepeintre.eu\/wp-content\/uploads\/2022\/03\/56-1490x2048.jpg 1490w, http:\/\/artistepeintre.eu\/wp-content\/uploads\/2022\/03\/56-scaled.jpg 1862w\" sizes=\"auto, (max-width: 745px) 100vw, 745px\" \/>\t\t\t\t\t\t\t\t\t\t\t\t\t\t\t<\/p>\n<h2>97- femme afro-am\u00e9ricaine dans sa baignoire2014<br \/>\n50&#215;70 cmcm<br \/>\nNon disponible<\/h2>\n<p>\t\t\t\t\t\t\t\t\t\t\t\t\t\t\t<img decoding=\"async\" width=\"800\" height=\"450\" src=\"http:\/\/artistepeintre.eu\/wp-content\/uploads\/2022\/03\/106-Caraiibe-1024x576.jpg\" alt=\"\" loading=\"lazy\" srcset=\"http:\/\/artistepeintre.eu\/wp-content\/uploads\/2022\/03\/106-Caraiibe-1024x576.jpg 1024w, http:\/\/artistepeintre.eu\/wp-content\/uploads\/2022\/03\/106-Caraiibe-300x169.jpg 300w, http:\/\/artistepeintre.eu\/wp-content\/uploads\/2022\/03\/106-Caraiibe-768x432.jpg 768w, http:\/\/artistepeintre.eu\/wp-content\/uploads\/2022\/03\/106-Caraiibe-1536x864.jpg 1536w, http:\/\/artistepeintre.eu\/wp-content\/uploads\/2022\/03\/106-Caraiibe-2048x1152.jpg 2048w\" sizes=\"auto, (max-width: 800px) 100vw, 800px\" \/>\t\t\t\t\t\t\t\t\t\t\t\t\t\t\t<\/p>\n<h2>98- Caraibes<br \/>\nhuile sur toile 30&#215;40 cm<br \/>\nNon disponible <\/h2>\n<p>\t\t\t\t\t\t\t\t\t\t\t\t\t\t\t<img decoding=\"async\" width=\"768\" height=\"1024\" src=\"http:\/\/artistepeintre.eu\/wp-content\/uploads\/2022\/03\/IMG_14731-768x1024.jpg\" alt=\"\" loading=\"lazy\" srcset=\"http:\/\/artistepeintre.eu\/wp-content\/uploads\/2022\/03\/IMG_14731-768x1024.jpg 768w, http:\/\/artistepeintre.eu\/wp-content\/uploads\/2022\/03\/IMG_14731-225x300.jpg 225w, http:\/\/artistepeintre.eu\/wp-content\/uploads\/2022\/03\/IMG_14731-1152x1536.jpg 1152w, http:\/\/artistepeintre.eu\/wp-content\/uploads\/2022\/03\/IMG_14731-1536x2048.jpg 1536w, http:\/\/artistepeintre.eu\/wp-content\/uploads\/2022\/03\/IMG_14731-scaled.jpg 1920w\" sizes=\"auto, (max-width: 768px) 100vw, 768px\" \/>\t\t\t\t\t\t\t\t\t\t\t\t\t\t\t<\/p>\n<h2>99- Jacques 2018<br \/>\nHuile sur lin 38x 46 cm<br \/>\nNon disponible.<\/h2>\n<p>\t\t\t\t\t\t\t\t\t\t\t\t\t\t\t<img decoding=\"async\" width=\"656\" height=\"1024\" src=\"http:\/\/artistepeintre.eu\/wp-content\/uploads\/2022\/03\/IMG-20160531-WA0011-656x1024.jpg\" alt=\"\" loading=\"lazy\" srcset=\"http:\/\/artistepeintre.eu\/wp-content\/uploads\/2022\/03\/IMG-20160531-WA0011-656x1024.jpg 656w, http:\/\/artistepeintre.eu\/wp-content\/uploads\/2022\/03\/IMG-20160531-WA0011-192x300.jpg 192w, http:\/\/artistepeintre.eu\/wp-content\/uploads\/2022\/03\/IMG-20160531-WA0011-768x1199.jpg 768w, http:\/\/artistepeintre.eu\/wp-content\/uploads\/2022\/03\/IMG-20160531-WA0011.jpg 852w\" sizes=\"auto, (max-width: 656px) 100vw, 656px\" \/>\t\t\t\t\t\t\t\t\t\t\t\t\t\t\t<\/p>\n<h2>100- Vers la Lumi\u00e8re<br \/>\nHuile sur toile 36x48x4 cm<br \/>\n<\/h2>\n<p>\t\t\t\t\t\t\t\t\t\t\t\t\t\t\t<img decoding=\"async\" width=\"800\" height=\"809\" src=\"http:\/\/artistepeintre.eu\/wp-content\/uploads\/2022\/03\/37-2-1013x1024.jpg\" alt=\"\" loading=\"lazy\" srcset=\"http:\/\/artistepeintre.eu\/wp-content\/uploads\/2022\/03\/37-2-1013x1024.jpg 1013w, http:\/\/artistepeintre.eu\/wp-content\/uploads\/2022\/03\/37-2-297x300.jpg 297w, http:\/\/artistepeintre.eu\/wp-content\/uploads\/2022\/03\/37-2-768x777.jpg 768w, http:\/\/artistepeintre.eu\/wp-content\/uploads\/2022\/03\/37-2-1519x1536.jpg 1519w, http:\/\/artistepeintre.eu\/wp-content\/uploads\/2022\/03\/37-2-2025x2048.jpg 2025w\" sizes=\"auto, (max-width: 800px) 100vw, 800px\" \/>\t\t\t\t\t\t\t\t\t\t\t\t\t\t\t<\/p>\n<h2>101- Le Baiser<br \/>\nHuile sur lin 60&#215;60 cm<br \/>\n<\/h2>\n<p>\t\t\t\t\t\t\t\t\t\t\t\t\t\t\t<img decoding=\"async\" width=\"800\" height=\"537\" src=\"http:\/\/artistepeintre.eu\/wp-content\/uploads\/2022\/03\/IMG_1527-1024x687.jpg\" alt=\"\" loading=\"lazy\" srcset=\"http:\/\/artistepeintre.eu\/wp-content\/uploads\/2022\/03\/IMG_1527-1024x687.jpg 1024w, http:\/\/artistepeintre.eu\/wp-content\/uploads\/2022\/03\/IMG_1527-300x201.jpg 300w, http:\/\/artistepeintre.eu\/wp-content\/uploads\/2022\/03\/IMG_1527-768x515.jpg 768w, http:\/\/artistepeintre.eu\/wp-content\/uploads\/2022\/03\/IMG_1527-1536x1030.jpg 1536w, http:\/\/artistepeintre.eu\/wp-content\/uploads\/2022\/03\/IMG_1527-2048x1374.jpg 2048w\" sizes=\"auto, (max-width: 800px) 100vw, 800px\" \/>\t\t\t\t\t\t\t\t\t\t\t\t\t\t\t<\/p>\n<h2>102- nue \u00e0 l&rsquo;atelier 2022<br \/>\n50&#215;70 cm<br \/>\n<\/h2>\n<p>\t\t\t\t\t\t\t\t\t\t\t\t\t\t\t<img decoding=\"async\" width=\"800\" height=\"660\" src=\"http:\/\/artistepeintre.eu\/wp-content\/uploads\/2022\/03\/IMG_1516-1024x845.jpg\" alt=\"\" loading=\"lazy\" srcset=\"http:\/\/artistepeintre.eu\/wp-content\/uploads\/2022\/03\/IMG_1516-1024x845.jpg 1024w, http:\/\/artistepeintre.eu\/wp-content\/uploads\/2022\/03\/IMG_1516-300x247.jpg 300w, http:\/\/artistepeintre.eu\/wp-content\/uploads\/2022\/03\/IMG_1516-768x633.jpg 768w, http:\/\/artistepeintre.eu\/wp-content\/uploads\/2022\/03\/IMG_1516-1536x1267.jpg 1536w, http:\/\/artistepeintre.eu\/wp-content\/uploads\/2022\/03\/IMG_1516-2048x1689.jpg 2048w\" sizes=\"auto, (max-width: 800px) 100vw, 800px\" \/>\t\t\t\t\t\t\t\t\t\t\t\t\t\t\t<\/p>\n<h2>103 bateau d&rsquo;apr\u00e8 Dufy  2014<br \/>\nhuile  sur lin 33&#215;42 cm<br \/>\n<\/h2>\n<p>\t\t\t\t\t\t\t\t\t\t\t\t\t\t\t<img decoding=\"async\" width=\"800\" height=\"986\" src=\"http:\/\/artistepeintre.eu\/wp-content\/uploads\/2022\/03\/IMG_1538-831x1024.jpg\" alt=\"\" loading=\"lazy\" srcset=\"http:\/\/artistepeintre.eu\/wp-content\/uploads\/2022\/03\/IMG_1538-831x1024.jpg 831w, http:\/\/artistepeintre.eu\/wp-content\/uploads\/2022\/03\/IMG_1538-243x300.jpg 243w, http:\/\/artistepeintre.eu\/wp-content\/uploads\/2022\/03\/IMG_1538-768x947.jpg 768w, http:\/\/artistepeintre.eu\/wp-content\/uploads\/2022\/03\/IMG_1538-1246x1536.jpg 1246w, http:\/\/artistepeintre.eu\/wp-content\/uploads\/2022\/03\/IMG_1538-1661x2048.jpg 1661w\" sizes=\"auto, (max-width: 800px) 100vw, 800px\" \/>\t\t\t\t\t\t\t\t\t\t\t\t\t\t\t<\/p>\n<h2>104- cabane \u00e0 la plage 2014<br \/>\nhuile sur lin 33&#215;42 cm<br \/>\n<\/h2>\n<p>\t\t\t\t\t\t\t\t\t\t\t\t\t\t\t<img decoding=\"async\" width=\"800\" height=\"609\" src=\"http:\/\/artistepeintre.eu\/wp-content\/uploads\/2022\/03\/IMG_1564-1024x780.jpg\" alt=\"\" loading=\"lazy\" srcset=\"http:\/\/artistepeintre.eu\/wp-content\/uploads\/2022\/03\/IMG_1564-1024x780.jpg 1024w, http:\/\/artistepeintre.eu\/wp-content\/uploads\/2022\/03\/IMG_1564-300x229.jpg 300w, http:\/\/artistepeintre.eu\/wp-content\/uploads\/2022\/03\/IMG_1564-768x585.jpg 768w, http:\/\/artistepeintre.eu\/wp-content\/uploads\/2022\/03\/IMG_1564-1536x1170.jpg 1536w, http:\/\/artistepeintre.eu\/wp-content\/uploads\/2022\/03\/IMG_1564-2048x1561.jpg 2048w\" sizes=\"auto, (max-width: 800px) 100vw, 800px\" \/>\t\t\t\t\t\t\t\t\t\t\t\t\t\t\t<\/p>\n<h2>105- composition 2016<br \/>\n50&#215;70 cm<\/h2>\n<p>\t\t\t\t\t\t\t\t\t\t\t\t\t\t\t<img decoding=\"async\" width=\"800\" height=\"542\" src=\"http:\/\/artistepeintre.eu\/wp-content\/uploads\/2022\/03\/IMG_1605-1024x694.jpg\" alt=\"\" loading=\"lazy\" srcset=\"http:\/\/artistepeintre.eu\/wp-content\/uploads\/2022\/03\/IMG_1605-1024x694.jpg 1024w, http:\/\/artistepeintre.eu\/wp-content\/uploads\/2022\/03\/IMG_1605-300x203.jpg 300w, http:\/\/artistepeintre.eu\/wp-content\/uploads\/2022\/03\/IMG_1605-768x521.jpg 768w, http:\/\/artistepeintre.eu\/wp-content\/uploads\/2022\/03\/IMG_1605-1536x1042.jpg 1536w, http:\/\/artistepeintre.eu\/wp-content\/uploads\/2022\/03\/IMG_1605-2048x1389.jpg 2048w\" sizes=\"auto, (max-width: 800px) 100vw, 800px\" \/>\t\t\t\t\t\t\t\t\t\t\t\t\t\t\t<\/p>\n<h2>106- A la d\u00e9rive 2022<br \/>\n 50&#215;70 cm<br \/>\n<\/h2>\n<p>\t\t\t\t\t\t\t\t\t\t\t\t\t\t\t<img decoding=\"async\" width=\"800\" height=\"541\" src=\"http:\/\/artistepeintre.eu\/wp-content\/uploads\/2022\/04\/DSC_1272-1024x693.jpg\" alt=\"\" loading=\"lazy\" srcset=\"http:\/\/artistepeintre.eu\/wp-content\/uploads\/2022\/04\/DSC_1272-1024x693.jpg 1024w, http:\/\/artistepeintre.eu\/wp-content\/uploads\/2022\/04\/DSC_1272-300x203.jpg 300w, http:\/\/artistepeintre.eu\/wp-content\/uploads\/2022\/04\/DSC_1272-768x520.jpg 768w, http:\/\/artistepeintre.eu\/wp-content\/uploads\/2022\/04\/DSC_1272-1536x1039.jpg 1536w, http:\/\/artistepeintre.eu\/wp-content\/uploads\/2022\/04\/DSC_1272-2048x1385.jpg 2048w\" sizes=\"auto, (max-width: 800px) 100vw, 800px\" \/>\t\t\t\t\t\t\t\t\t\t\t\t\t\t\t<\/p>\n<h2>107-port en Pologne<br \/>\n2016<br \/>\n50&#215;70 cm<br \/>\n<\/h2>\n<p>\t\t\t\t\t\t\t\t\t\t\t\t\t\t\t<img decoding=\"async\" width=\"609\" height=\"1024\" src=\"http:\/\/artistepeintre.eu\/wp-content\/uploads\/2022\/04\/DSC_1358-609x1024.jpg\" alt=\"\" loading=\"lazy\" srcset=\"http:\/\/artistepeintre.eu\/wp-content\/uploads\/2022\/04\/DSC_1358-609x1024.jpg 609w, http:\/\/artistepeintre.eu\/wp-content\/uploads\/2022\/04\/DSC_1358-178x300.jpg 178w, http:\/\/artistepeintre.eu\/wp-content\/uploads\/2022\/04\/DSC_1358-768x1292.jpg 768w, http:\/\/artistepeintre.eu\/wp-content\/uploads\/2022\/04\/DSC_1358-913x1536.jpg 913w, http:\/\/artistepeintre.eu\/wp-content\/uploads\/2022\/04\/DSC_1358-1217x2048.jpg 1217w, http:\/\/artistepeintre.eu\/wp-content\/uploads\/2022\/04\/DSC_1358-scaled.jpg 1521w\" sizes=\"auto, (max-width: 609px) 100vw, 609px\" \/>\t\t\t\t\t\t\t\t\t\t\t\t\t\t\t<\/p>\n<h2>108 &#8211; non disponible <\/h2>\n<p>\t\t\t\t\t\t\t\t\t\t\t\t\t\t\t<img decoding=\"async\" width=\"800\" height=\"570\" src=\"http:\/\/artistepeintre.eu\/wp-content\/uploads\/2022\/04\/IMG_1612-1024x730.jpg\" alt=\"\" loading=\"lazy\" srcset=\"http:\/\/artistepeintre.eu\/wp-content\/uploads\/2022\/04\/IMG_1612-1024x730.jpg 1024w, http:\/\/artistepeintre.eu\/wp-content\/uploads\/2022\/04\/IMG_1612-300x214.jpg 300w, http:\/\/artistepeintre.eu\/wp-content\/uploads\/2022\/04\/IMG_1612-768x548.jpg 768w, http:\/\/artistepeintre.eu\/wp-content\/uploads\/2022\/04\/IMG_1612-1536x1096.jpg 1536w, http:\/\/artistepeintre.eu\/wp-content\/uploads\/2022\/04\/IMG_1612-2048x1461.jpg 2048w\" sizes=\"auto, (max-width: 800px) 100vw, 800px\" \/>\t\t\t\t\t\t\t\t\t\t\t\t\t\t\t<\/p>\n<h2>109- Le Mod\u00e8le 2022<br \/>\n50&#215;70 cm<br \/>\n<\/h2>\n<p>\t\t\t\t\t\t\t\t\t\t\t\t\t\t\t<img decoding=\"async\" width=\"717\" height=\"1024\" src=\"http:\/\/artistepeintre.eu\/wp-content\/uploads\/2022\/04\/IMG_1614-717x1024.jpg\" alt=\"\" loading=\"lazy\" srcset=\"http:\/\/artistepeintre.eu\/wp-content\/uploads\/2022\/04\/IMG_1614-717x1024.jpg 717w, http:\/\/artistepeintre.eu\/wp-content\/uploads\/2022\/04\/IMG_1614-210x300.jpg 210w, http:\/\/artistepeintre.eu\/wp-content\/uploads\/2022\/04\/IMG_1614-768x1096.jpg 768w, http:\/\/artistepeintre.eu\/wp-content\/uploads\/2022\/04\/IMG_1614-1076x1536.jpg 1076w, http:\/\/artistepeintre.eu\/wp-content\/uploads\/2022\/04\/IMG_1614-1434x2048.jpg 1434w, http:\/\/artistepeintre.eu\/wp-content\/uploads\/2022\/04\/IMG_1614-scaled.jpg 1793w\" sizes=\"auto, (max-width: 717px) 100vw, 717px\" \/>\t\t\t\t\t\t\t\t\t\t\t\t\t\t\t<\/p>\n<h2>Les enfants \u00e0 Damas<br \/>\n50&#215;70 cm cm<br \/>\nNon disponible <\/h2>\n<p>\t\t\t\t\t\t\t\t\t\t\t\t\t\t\t<img decoding=\"async\" width=\"800\" height=\"600\" src=\"http:\/\/artistepeintre.eu\/wp-content\/uploads\/2022\/04\/IMG_17291-1024x768.jpg\" alt=\"\" loading=\"lazy\" srcset=\"http:\/\/artistepeintre.eu\/wp-content\/uploads\/2022\/04\/IMG_17291-1024x768.jpg 1024w, http:\/\/artistepeintre.eu\/wp-content\/uploads\/2022\/04\/IMG_17291-300x225.jpg 300w, http:\/\/artistepeintre.eu\/wp-content\/uploads\/2022\/04\/IMG_17291-768x576.jpg 768w, http:\/\/artistepeintre.eu\/wp-content\/uploads\/2022\/04\/IMG_17291-1536x1152.jpg 1536w, http:\/\/artistepeintre.eu\/wp-content\/uploads\/2022\/04\/IMG_17291-2048x1536.jpg 2048w\" sizes=\"auto, (max-width: 800px) 100vw, 800px\" \/>\t\t\t\t\t\t\t\t\t\t\t\t\t\t\t<\/p>\n<h2>110- l&rsquo;aiguille du Midi<br \/>\n45&#215;56 cm<br \/>\n<\/h2>\n<p>\t\t\t\t\t\t\t\t\t\t\t\t\t\t\t<img decoding=\"async\" width=\"800\" height=\"608\" src=\"http:\/\/artistepeintre.eu\/wp-content\/uploads\/2022\/04\/IMG_1769-1024x778.jpg\" alt=\"\" loading=\"lazy\" srcset=\"http:\/\/artistepeintre.eu\/wp-content\/uploads\/2022\/04\/IMG_1769-1024x778.jpg 1024w, http:\/\/artistepeintre.eu\/wp-content\/uploads\/2022\/04\/IMG_1769-300x228.jpg 300w, http:\/\/artistepeintre.eu\/wp-content\/uploads\/2022\/04\/IMG_1769-768x584.jpg 768w, http:\/\/artistepeintre.eu\/wp-content\/uploads\/2022\/04\/IMG_1769-1536x1167.jpg 1536w, http:\/\/artistepeintre.eu\/wp-content\/uploads\/2022\/04\/IMG_1769-2048x1556.jpg 2048w\" sizes=\"auto, (max-width: 800px) 100vw, 800px\" \/>\t\t\t\t\t\t\t\t\t\t\t\t\t\t\t<\/p>\n<h2>111-L&rsquo;Aviron 45&#215;55 cm<br \/>\n<\/h2>\n<p>\t\t\t\t\t\t\t\t\t\t\t\t\t\t\t<img decoding=\"async\" width=\"800\" height=\"973\" src=\"http:\/\/artistepeintre.eu\/wp-content\/uploads\/2022\/04\/IMG_1766-842x1024.jpg\" alt=\"\" loading=\"lazy\" srcset=\"http:\/\/artistepeintre.eu\/wp-content\/uploads\/2022\/04\/IMG_1766-842x1024.jpg 842w, http:\/\/artistepeintre.eu\/wp-content\/uploads\/2022\/04\/IMG_1766-247x300.jpg 247w, http:\/\/artistepeintre.eu\/wp-content\/uploads\/2022\/04\/IMG_1766-768x934.jpg 768w, http:\/\/artistepeintre.eu\/wp-content\/uploads\/2022\/04\/IMG_1766-1263x1536.jpg 1263w, http:\/\/artistepeintre.eu\/wp-content\/uploads\/2022\/04\/IMG_1766-1684x2048.jpg 1684w\" sizes=\"auto, (max-width: 800px) 100vw, 800px\" \/>\t\t\t\t\t\t\t\t\t\t\t\t\t\t\t<\/p>\n<h2>112- le rencontre 45&#215;55 cm<br \/>\n<\/h2>\n<p>\t\t\t\t\t\t\t\t\t\t\t\t\t\t\t<img decoding=\"async\" width=\"800\" height=\"944\" src=\"http:\/\/artistepeintre.eu\/wp-content\/uploads\/2022\/04\/IMG_1777-868x1024.jpg\" alt=\"\" loading=\"lazy\" srcset=\"http:\/\/artistepeintre.eu\/wp-content\/uploads\/2022\/04\/IMG_1777-868x1024.jpg 868w, http:\/\/artistepeintre.eu\/wp-content\/uploads\/2022\/04\/IMG_1777-254x300.jpg 254w, http:\/\/artistepeintre.eu\/wp-content\/uploads\/2022\/04\/IMG_1777-768x906.jpg 768w, http:\/\/artistepeintre.eu\/wp-content\/uploads\/2022\/04\/IMG_1777-1301x1536.jpg 1301w, http:\/\/artistepeintre.eu\/wp-content\/uploads\/2022\/04\/IMG_1777-1735x2048.jpg 1735w\" sizes=\"auto, (max-width: 800px) 100vw, 800px\" \/>\t\t\t\t\t\t\t\t\t\t\t\t\t\t\t<\/p>\n<h2>113- Retour de mon travail<br \/>\n45x 55cm<br \/>\n<\/h2>\n","protected":false},"excerpt":{"rendered":"<p>&nbsp;Nue au bleu Huile sur toile de lin 87&#215;106.5&#215;4.5 cm. Femme nue sortant de son bain&nbsp; avec un regard myst\u00e9rieux et&nbsp; reposant. Les \u00e9paisseurs sont&nbsp; d\u00fb aux couteaux sur une&nbsp; fine \u00e9paisseur&nbsp; de vert \u00e9meraude&nbsp; et de bleu de cobalt att\u00e9nu\u00e9 par du blanc . Les couleurs sobres et froides&nbsp; cr\u00e9ent une atmosph\u00e8re feutr\u00e9e et [&hellip;]<\/p>\n","protected":false},"author":1,"featured_media":0,"parent":0,"menu_order":0,"comment_status":"closed","ping_status":"closed","template":"","meta":{"footnotes":""},"class_list":["post-17","page","type-page","status-publish","hentry"],"_links":{"self":[{"href":"https:\/\/artistepeintre.eu\/index.php\/wp-json\/wp\/v2\/pages\/17","targetHints":{"allow":["GET"]}}],"collection":[{"href":"https:\/\/artistepeintre.eu\/index.php\/wp-json\/wp\/v2\/pages"}],"about":[{"href":"https:\/\/artistepeintre.eu\/index.php\/wp-json\/wp\/v2\/types\/page"}],"author":[{"embeddable":true,"href":"https:\/\/artistepeintre.eu\/index.php\/wp-json\/wp\/v2\/users\/1"}],"replies":[{"embeddable":true,"href":"https:\/\/artistepeintre.eu\/index.php\/wp-json\/wp\/v2\/comments?post=17"}],"version-history":[{"count":340,"href":"https:\/\/artistepeintre.eu\/index.php\/wp-json\/wp\/v2\/pages\/17\/revisions"}],"predecessor-version":[{"id":827,"href":"https:\/\/artistepeintre.eu\/index.php\/wp-json\/wp\/v2\/pages\/17\/revisions\/827"}],"wp:attachment":[{"href":"https:\/\/artistepeintre.eu\/index.php\/wp-json\/wp\/v2\/media?parent=17"}],"curies":[{"name":"wp","href":"https:\/\/api.w.org\/{rel}","templated":true}]}}