{"id":580,"date":"2022-03-14T22:17:06","date_gmt":"2022-03-14T21:17:06","guid":{"rendered":"http:\/\/artistepeintre.eu\/?page_id=580"},"modified":"2022-04-01T05:52:14","modified_gmt":"2022-04-01T03:52:14","slug":"elementor-580","status":"publish","type":"page","link":"https:\/\/artistepeintre.eu\/index.php\/elementor-580\/","title":{"rendered":"Infos"},"content":{"rendered":"<p>\u00a0Depuis presque une dizaine d&rsquo;ann\u00e9es,\u00a0 j&rsquo;expose\u00a0 essentiellement\u00a0 en pleine aire ou dans des salles\u00a0 en\u00a0 Alsace et dans\u00a0 les r\u00e9gions limitrophes : Strasbourg , Barr, Marckolsheim, Obernai , Saverne, S\u00e9lestat, Illkirch , Luxeuil- les- bains, Trois \u00e9pis\u00a0 et Sarrebourg.<\/p>\n<h1><strong>\u00a0\u00a0\u00a0\u00a0\u00a0\u00a0\u00a0\u00a0\u00a0\u00a0\u00a0\u00a0\u00a0\u00a0\u00a0\u00a0\u00a0\u00a0\u00a0\u00a0\u00a0\u00a0\u00a0\u00a0\u00a0\u00a0\u00a0\u00a0<u> Expos \u00e0 venir<\/u><\/strong><\/h1>\n<p>\u00a0<\/p>\n<p><strong>Vous pouvez me rencontrer et \u00e9changer avec moi pendant les expositions \u00e0 venir prochainement :<br \/><\/strong><\/p>\n<h5><strong>\u00a0\u00a0\u00a0\u00a0\u00a0\u00a0 Place des Arts (place Broglie \u00e0 Strasbourg ) : <br \/><\/strong><\/h5>\n<h6><strong>\u00a0 \u00a0 \u00a0 \u00a0 \u00a0 \u00a0 \u00a0 \u00a0 \u00a0 \u00a0 \u00a0 \u00a0 \u00a0 \u00a0 \u00a0 \u00a0 \u00a0 \u00a0 \u00a0 \u00a0 \u00a0 \u00a0 \u00a0 \u00a0 \u00a0 \u00a0 \u00a0 \u00a0 \u00a0 \u00a0 \u00a0 \u00a0 \u00a0 \u00a0 \u00a0 \u00a0 \u00a0 \u00a0 \u00a0 \u00a0 \u00a0 \u00a0 \u00a0 \u00a0 \u00a0 \u00a0 \u00a0 \u00a0 \u00a0 <\/strong><strong>&#8211; 28 et 29 mai 2022<\/strong><\/h6>\n<p><strong>\u00a0\u00a0\u00a0\u00a0\u00a0\u00a0\u00a0\u00a0\u00a0\u00a0\u00a0\u00a0\u00a0\u00a0\u00a0\u00a0\u00a0\u00a0\u00a0\u00a0\u00a0\u00a0\u00a0\u00a0\u00a0\u00a0\u00a0\u00a0\u00a0\u00a0\u00a0\u00a0\u00a0\u00a0\u00a0\u00a0\u00a0\u00a0\u00a0\u00a0\u00a0\u00a0\u00a0\u00a0\u00a0\u00a0\u00a0\u00a0\u00a0\u00a0\u00a0\u00a0\u00a0\u00a0\u00a0\u00a0\u00a0 \u00a0 \u00a0 \u00a0 \u00a0 \u00a0 \u00a0\u00a0 \u00a0\u00a0\u00a0 \u00a0 \u00a0 \u00a0 \u00a0 \u00a0 \u00a0 \u00a0 \u00a0 \u00a0 \u00a0 \u00a0\u00a0\u00a0 &#8211; 2 et 3 juillet 2022<br \/><\/strong><\/p>\n<p><strong>\u00a0\u00a0\u00a0\u00a0\u00a0\u00a0\u00a0\u00a0\u00a0\u00a0\u00a0\u00a0\u00a0\u00a0\u00a0\u00a0\u00a0\u00a0\u00a0\u00a0\u00a0\u00a0\u00a0\u00a0\u00a0\u00a0\u00a0\u00a0\u00a0\u00a0\u00a0\u00a0\u00a0\u00a0\u00a0\u00a0\u00a0\u00a0\u00a0\u00a0\u00a0\u00a0\u00a0\u00a0\u00a0\u00a0\u00a0\u00a0\u00a0\u00a0\u00a0\u00a0\u00a0\u00a0\u00a0\u00a0\u00a0\u00a0\u00a0\u00a0 \u00a0 \u00a0 \u00a0 \u00a0 \u00a0 \u00a0\u00a0 \u00a0 \u00a0 \u00a0 \u00a0 \u00a0 \u00a0 \u00a0 \u00a0 \u00a0 \u00a0 \u00a0 \u00a0\u00a0 &#8211; 3 et 4 septembre 2022<br \/><\/strong><\/p>\n<p><strong>\u00a0\u00a0\u00a0\u00a0\u00a0\u00a0\u00a0\u00a0\u00a0\u00a0\u00a0\u00a0\u00a0\u00a0\u00a0\u00a0\u00a0\u00a0\u00a0\u00a0\u00a0\u00a0\u00a0\u00a0\u00a0\u00a0\u00a0\u00a0\u00a0\u00a0\u00a0\u00a0\u00a0\u00a0\u00a0\u00a0\u00a0\u00a0\u00a0\u00a0\u00a0\u00a0\u00a0\u00a0\u00a0\u00a0\u00a0\u00a0\u00a0\u00a0\u00a0\u00a0\u00a0\u00a0\u00a0\u00a0\u00a0\u00a0\u00a0\u00a0\u00a0\u00a0\u00a0\u00a0\u00a0\u00a0 \u00a0 \u00a0 \u00a0 \u00a0 \u00a0 \u00a0 \u00a0 \u00a0 \u00a0 \u00a0 \u00a0 \u00a0 \u00a0 \u00a0 \u00a0\u00a0\u00a0 &#8211; 15 et 16 octobre 2022<br \/><\/strong><\/p>\n<p><strong>\u00a0<\/strong><\/p>\n<style>\/*! elementor - v3.5.6 - 28-02-2022 *\/\n.elementor-widget-image{text-align:center}.elementor-widget-image a{display:inline-block}.elementor-widget-image a img[src$=\".svg\"]{width:48px}.elementor-widget-image img{vertical-align:middle;display:inline-block}<\/style>\n<p>\t\t\t\t\t\t\t\t\t\t\t\t<img decoding=\"async\" width=\"800\" height=\"450\" src=\"http:\/\/artistepeintre.eu\/wp-content\/uploads\/2022\/04\/IMG_1615-1024x576.jpg\" alt=\"\" loading=\"lazy\" srcset=\"http:\/\/artistepeintre.eu\/wp-content\/uploads\/2022\/04\/IMG_1615-1024x576.jpg 1024w, http:\/\/artistepeintre.eu\/wp-content\/uploads\/2022\/04\/IMG_1615-300x169.jpg 300w, http:\/\/artistepeintre.eu\/wp-content\/uploads\/2022\/04\/IMG_1615-768x432.jpg 768w, http:\/\/artistepeintre.eu\/wp-content\/uploads\/2022\/04\/IMG_1615-1536x864.jpg 1536w, http:\/\/artistepeintre.eu\/wp-content\/uploads\/2022\/04\/IMG_1615.jpg 1920w\" sizes=\"auto, (max-width: 800px) 100vw, 800px\" \/><br \/>\n\t\t\t\t\t\t\t\t\t\t\t\t\t\t\t<img decoding=\"async\" width=\"768\" height=\"1024\" src=\"http:\/\/artistepeintre.eu\/wp-content\/uploads\/2022\/03\/IMG_14701-768x1024.jpg\" alt=\"\" loading=\"lazy\" srcset=\"http:\/\/artistepeintre.eu\/wp-content\/uploads\/2022\/03\/IMG_14701-768x1024.jpg 768w, http:\/\/artistepeintre.eu\/wp-content\/uploads\/2022\/03\/IMG_14701-225x300.jpg 225w, http:\/\/artistepeintre.eu\/wp-content\/uploads\/2022\/03\/IMG_14701-1152x1536.jpg 1152w, http:\/\/artistepeintre.eu\/wp-content\/uploads\/2022\/03\/IMG_14701-1536x2048.jpg 1536w, http:\/\/artistepeintre.eu\/wp-content\/uploads\/2022\/03\/IMG_14701-scaled.jpg 1920w\" sizes=\"auto, (max-width: 768px) 100vw, 768px\" \/>\t\t\t\t\t\t\t\t\t\t\t\t\t\t\t<\/p>\n<style>\/*! elementor - v3.5.6 - 28-02-2022 *\/\n.elementor-heading-title{padding:0;margin:0;line-height:1}.elementor-widget-heading .elementor-heading-title[class*=elementor-size-]>a{color:inherit;font-size:inherit;line-height:inherit}.elementor-widget-heading .elementor-heading-title.elementor-size-small{font-size:15px}.elementor-widget-heading .elementor-heading-title.elementor-size-medium{font-size:19px}.elementor-widget-heading .elementor-heading-title.elementor-size-large{font-size:29px}.elementor-widget-heading .elementor-heading-title.elementor-size-xl{font-size:39px}.elementor-widget-heading .elementor-heading-title.elementor-size-xxl{font-size:59px}<\/style>\n<h2>Article paru aux Derni\u00e8re Nouvelle d&rsquo;Alsace  le 10 avril2018 <\/h2>\n<p>\t\t\t\t\t\t\t\t\t\t\t\t\t\t\t<img decoding=\"async\" width=\"576\" height=\"1024\" src=\"http:\/\/artistepeintre.eu\/wp-content\/uploads\/2022\/03\/TQJS0672-576x1024.jpeg\" alt=\"\" loading=\"lazy\" srcset=\"http:\/\/artistepeintre.eu\/wp-content\/uploads\/2022\/03\/TQJS0672-576x1024.jpeg 576w, http:\/\/artistepeintre.eu\/wp-content\/uploads\/2022\/03\/TQJS0672-169x300.jpeg 169w, http:\/\/artistepeintre.eu\/wp-content\/uploads\/2022\/03\/TQJS0672-768x1365.jpeg 768w, http:\/\/artistepeintre.eu\/wp-content\/uploads\/2022\/03\/TQJS0672-864x1536.jpeg 864w, http:\/\/artistepeintre.eu\/wp-content\/uploads\/2022\/03\/TQJS0672-1152x2048.jpeg 1152w, http:\/\/artistepeintre.eu\/wp-content\/uploads\/2022\/03\/TQJS0672-scaled.jpeg 1440w\" sizes=\"auto, (max-width: 576px) 100vw, 576px\" \/><br \/>\n\t\t\t\t\t\t\t\t\t\t\t\t\t\t\t<img decoding=\"async\" width=\"576\" height=\"1024\" src=\"http:\/\/artistepeintre.eu\/wp-content\/uploads\/2022\/03\/IMG-20170819-WA0014-576x1024.jpg\" alt=\"\" loading=\"lazy\" srcset=\"http:\/\/artistepeintre.eu\/wp-content\/uploads\/2022\/03\/IMG-20170819-WA0014-576x1024.jpg 576w, http:\/\/artistepeintre.eu\/wp-content\/uploads\/2022\/03\/IMG-20170819-WA0014-169x300.jpg 169w, http:\/\/artistepeintre.eu\/wp-content\/uploads\/2022\/03\/IMG-20170819-WA0014-768x1365.jpg 768w, http:\/\/artistepeintre.eu\/wp-content\/uploads\/2022\/03\/IMG-20170819-WA0014-864x1536.jpg 864w, http:\/\/artistepeintre.eu\/wp-content\/uploads\/2022\/03\/IMG-20170819-WA0014.jpg 900w\" sizes=\"auto, (max-width: 576px) 100vw, 576px\" \/><br \/>\n\t\t\t\t\t\t\t\t\t\t\t\t\t\t\t<img decoding=\"async\" width=\"576\" height=\"1024\" src=\"http:\/\/artistepeintre.eu\/wp-content\/uploads\/2022\/03\/IMG-20161001-WA0021-576x1024.jpg\" alt=\"\" loading=\"lazy\" srcset=\"http:\/\/artistepeintre.eu\/wp-content\/uploads\/2022\/03\/IMG-20161001-WA0021-576x1024.jpg 576w, http:\/\/artistepeintre.eu\/wp-content\/uploads\/2022\/03\/IMG-20161001-WA0021-169x300.jpg 169w, http:\/\/artistepeintre.eu\/wp-content\/uploads\/2022\/03\/IMG-20161001-WA0021-768x1365.jpg 768w, http:\/\/artistepeintre.eu\/wp-content\/uploads\/2022\/03\/IMG-20161001-WA0021-864x1536.jpg 864w, http:\/\/artistepeintre.eu\/wp-content\/uploads\/2022\/03\/IMG-20161001-WA0021.jpg 900w\" sizes=\"auto, (max-width: 576px) 100vw, 576px\" \/>\t\t\t\t\t\t\t\t\t\t\t\t\t\t\t<\/p>\n<h2>Forum d&rsquo;art au Z\u00e9nith de  Strasbourg<\/h2>\n<p>\t\t\t\t\t\t\t\t\t\t\t\t\t\t\t<img decoding=\"async\" width=\"800\" height=\"480\" src=\"http:\/\/artistepeintre.eu\/wp-content\/uploads\/2022\/03\/IMG-20160418-WA0016-1024x614.jpg\" alt=\"\" loading=\"lazy\" srcset=\"http:\/\/artistepeintre.eu\/wp-content\/uploads\/2022\/03\/IMG-20160418-WA0016-1024x614.jpg 1024w, http:\/\/artistepeintre.eu\/wp-content\/uploads\/2022\/03\/IMG-20160418-WA0016-300x180.jpg 300w, http:\/\/artistepeintre.eu\/wp-content\/uploads\/2022\/03\/IMG-20160418-WA0016-768x461.jpg 768w, http:\/\/artistepeintre.eu\/wp-content\/uploads\/2022\/03\/IMG-20160418-WA0016-1536x922.jpg 1536w, http:\/\/artistepeintre.eu\/wp-content\/uploads\/2022\/03\/IMG-20160418-WA0016.jpg 1600w\" sizes=\"auto, (max-width: 800px) 100vw, 800px\" \/>\t\t\t\t\t\t\t\t\t\t\t\t\t\t\t<\/p>\n<h2>Exposition \u00e0 S\u00e9lestat 2017<\/h2>\n<p>\t\t\t\t\t\t\t\t\t\t\t\t\t\t\t<img decoding=\"async\" width=\"800\" height=\"450\" src=\"http:\/\/artistepeintre.eu\/wp-content\/uploads\/2022\/03\/P_20161016_152433-1024x576.jpg\" alt=\"\" loading=\"lazy\" srcset=\"http:\/\/artistepeintre.eu\/wp-content\/uploads\/2022\/03\/P_20161016_152433-1024x576.jpg 1024w, http:\/\/artistepeintre.eu\/wp-content\/uploads\/2022\/03\/P_20161016_152433-300x169.jpg 300w, http:\/\/artistepeintre.eu\/wp-content\/uploads\/2022\/03\/P_20161016_152433-768x432.jpg 768w, http:\/\/artistepeintre.eu\/wp-content\/uploads\/2022\/03\/P_20161016_152433-1536x864.jpg 1536w, http:\/\/artistepeintre.eu\/wp-content\/uploads\/2022\/03\/P_20161016_152433-2048x1152.jpg 2048w\" sizes=\"auto, (max-width: 800px) 100vw, 800px\" \/>\t\t\t\t\t\t\t\t\t\t\t\t\t\t\t<\/p>\n<h2>Exposition \u00e0 Barr 2018<\/h2>\n<p>\t\t\t\t\t\t\t\t\t\t\t\t\t\t\t<img decoding=\"async\" width=\"576\" height=\"1024\" src=\"http:\/\/artistepeintre.eu\/wp-content\/uploads\/2022\/03\/P_20170603_104239-576x1024.jpg\" alt=\"\" loading=\"lazy\" srcset=\"http:\/\/artistepeintre.eu\/wp-content\/uploads\/2022\/03\/P_20170603_104239-576x1024.jpg 576w, http:\/\/artistepeintre.eu\/wp-content\/uploads\/2022\/03\/P_20170603_104239-169x300.jpg 169w, http:\/\/artistepeintre.eu\/wp-content\/uploads\/2022\/03\/P_20170603_104239-768x1365.jpg 768w, http:\/\/artistepeintre.eu\/wp-content\/uploads\/2022\/03\/P_20170603_104239-864x1536.jpg 864w, http:\/\/artistepeintre.eu\/wp-content\/uploads\/2022\/03\/P_20170603_104239-1152x2048.jpg 1152w, http:\/\/artistepeintre.eu\/wp-content\/uploads\/2022\/03\/P_20170603_104239-scaled.jpg 1440w\" sizes=\"auto, (max-width: 576px) 100vw, 576px\" \/>\t\t\t\t\t\t\t\t\t\t\t\t\t\t\t<\/p>\n<h2>Fibre d&rsquo;Artiste, Illkirch 2016<\/h2>\n<p>\t\t\t\t\t\t\t\t\t\t\t\t\t\t\t<img decoding=\"async\" width=\"800\" height=\"450\" src=\"http:\/\/artistepeintre.eu\/wp-content\/uploads\/2022\/03\/P_20161106_160708-1024x576.jpg\" alt=\"\" loading=\"lazy\" srcset=\"http:\/\/artistepeintre.eu\/wp-content\/uploads\/2022\/03\/P_20161106_160708-1024x576.jpg 1024w, http:\/\/artistepeintre.eu\/wp-content\/uploads\/2022\/03\/P_20161106_160708-300x169.jpg 300w, http:\/\/artistepeintre.eu\/wp-content\/uploads\/2022\/03\/P_20161106_160708-768x432.jpg 768w, http:\/\/artistepeintre.eu\/wp-content\/uploads\/2022\/03\/P_20161106_160708-1536x864.jpg 1536w, http:\/\/artistepeintre.eu\/wp-content\/uploads\/2022\/03\/P_20161106_160708-2048x1152.jpg 2048w\" sizes=\"auto, (max-width: 800px) 100vw, 800px\" \/>\t\t\t\t\t\t\t\t\t\t\t\t\t\t\t<\/p>\n<h2>Place des Arts Strasbourg 2016<\/h2>\n<p>\t\t\t\t\t\t\t\t\t\t\t\t\t\t\t<img decoding=\"async\" width=\"768\" height=\"1024\" src=\"http:\/\/artistepeintre.eu\/wp-content\/uploads\/2022\/03\/010918-768x1024.jpg\" alt=\"\" loading=\"lazy\" srcset=\"http:\/\/artistepeintre.eu\/wp-content\/uploads\/2022\/03\/010918-768x1024.jpg 768w, http:\/\/artistepeintre.eu\/wp-content\/uploads\/2022\/03\/010918-225x300.jpg 225w, http:\/\/artistepeintre.eu\/wp-content\/uploads\/2022\/03\/010918-1152x1536.jpg 1152w, http:\/\/artistepeintre.eu\/wp-content\/uploads\/2022\/03\/010918-1536x2048.jpg 1536w, http:\/\/artistepeintre.eu\/wp-content\/uploads\/2022\/03\/010918-scaled.jpg 1920w\" sizes=\"auto, (max-width: 768px) 100vw, 768px\" \/>\t\t\t\t\t\t\t\t\t\t\t\t\t\t\t<\/p>\n<h2>Exposition  Luxeuil-les-bains 2018<\/h2>\n<p>\t\t\t\t\t\t\t\t\t\t\t\t\t\t\t<img decoding=\"async\" width=\"800\" height=\"600\" src=\"http:\/\/artistepeintre.eu\/wp-content\/uploads\/2022\/03\/20180909_144854-1024x768.jpg\" alt=\"\" loading=\"lazy\" srcset=\"http:\/\/artistepeintre.eu\/wp-content\/uploads\/2022\/03\/20180909_144854-1024x768.jpg 1024w, http:\/\/artistepeintre.eu\/wp-content\/uploads\/2022\/03\/20180909_144854-300x225.jpg 300w, http:\/\/artistepeintre.eu\/wp-content\/uploads\/2022\/03\/20180909_144854-768x576.jpg 768w, http:\/\/artistepeintre.eu\/wp-content\/uploads\/2022\/03\/20180909_144854-1536x1152.jpg 1536w, http:\/\/artistepeintre.eu\/wp-content\/uploads\/2022\/03\/20180909_144854-2048x1536.jpg 2048w\" sizes=\"auto, (max-width: 800px) 100vw, 800px\" \/>\t\t\t\t\t\t\t\t\t\t\t\t\t\t\t<\/p>\n<h2>Expo: Quai des Arts Strasbourg:<\/h2>\n<p>\t\t\t\t\t\t\t\t\t\t\t\t\t\t\t<img decoding=\"async\" width=\"768\" height=\"1024\" src=\"http:\/\/artistepeintre.eu\/wp-content\/uploads\/2022\/03\/160918-768x1024.jpg\" alt=\"\" loading=\"lazy\" srcset=\"http:\/\/artistepeintre.eu\/wp-content\/uploads\/2022\/03\/160918-768x1024.jpg 768w, http:\/\/artistepeintre.eu\/wp-content\/uploads\/2022\/03\/160918-225x300.jpg 225w, http:\/\/artistepeintre.eu\/wp-content\/uploads\/2022\/03\/160918-1152x1536.jpg 1152w, http:\/\/artistepeintre.eu\/wp-content\/uploads\/2022\/03\/160918-1536x2048.jpg 1536w, http:\/\/artistepeintre.eu\/wp-content\/uploads\/2022\/03\/160918-scaled.jpg 1920w\" sizes=\"auto, (max-width: 768px) 100vw, 768px\" \/>\t\t\t\t\t\t\t\t\t\t\t\t\t\t\t<\/p>\n<h2>Exposition Sarrebourg 2018<\/h2>\n<p>\t\t\t\t\t\t\t\t\t\t\t\t\t\t\t<img decoding=\"async\" width=\"800\" height=\"814\" src=\"http:\/\/artistepeintre.eu\/wp-content\/uploads\/2022\/03\/IMG_1553-1007x1024.jpg\" alt=\"\" loading=\"lazy\" srcset=\"http:\/\/artistepeintre.eu\/wp-content\/uploads\/2022\/03\/IMG_1553-1007x1024.jpg 1007w, http:\/\/artistepeintre.eu\/wp-content\/uploads\/2022\/03\/IMG_1553-295x300.jpg 295w, http:\/\/artistepeintre.eu\/wp-content\/uploads\/2022\/03\/IMG_1553-768x781.jpg 768w, http:\/\/artistepeintre.eu\/wp-content\/uploads\/2022\/03\/IMG_1553-1510x1536.jpg 1510w, http:\/\/artistepeintre.eu\/wp-content\/uploads\/2022\/03\/IMG_1553-2014x2048.jpg 2014w\" sizes=\"auto, (max-width: 800px) 100vw, 800px\" \/><br \/>\n\t\t\t\t\t\t\t\t\t\t\t\t\t\t\t<img decoding=\"async\" width=\"482\" height=\"1024\" src=\"http:\/\/artistepeintre.eu\/wp-content\/uploads\/2022\/03\/IMG_1558-482x1024.jpg\" alt=\"\" loading=\"lazy\" srcset=\"http:\/\/artistepeintre.eu\/wp-content\/uploads\/2022\/03\/IMG_1558-482x1024.jpg 482w, http:\/\/artistepeintre.eu\/wp-content\/uploads\/2022\/03\/IMG_1558-141x300.jpg 141w, http:\/\/artistepeintre.eu\/wp-content\/uploads\/2022\/03\/IMG_1558-768x1633.jpg 768w, http:\/\/artistepeintre.eu\/wp-content\/uploads\/2022\/03\/IMG_1558-722x1536.jpg 722w, http:\/\/artistepeintre.eu\/wp-content\/uploads\/2022\/03\/IMG_1558-963x2048.jpg 963w, http:\/\/artistepeintre.eu\/wp-content\/uploads\/2022\/03\/IMG_1558-scaled.jpg 1204w\" sizes=\"auto, (max-width: 482px) 100vw, 482px\" \/><br \/>\n\t\t\t\t\t\t\t\t\t\t\t\t\t\t\t<img decoding=\"async\" width=\"498\" height=\"1024\" src=\"http:\/\/artistepeintre.eu\/wp-content\/uploads\/2022\/03\/IMG_1559-498x1024.jpg\" alt=\"\" loading=\"lazy\" srcset=\"http:\/\/artistepeintre.eu\/wp-content\/uploads\/2022\/03\/IMG_1559-498x1024.jpg 498w, http:\/\/artistepeintre.eu\/wp-content\/uploads\/2022\/03\/IMG_1559-146x300.jpg 146w, http:\/\/artistepeintre.eu\/wp-content\/uploads\/2022\/03\/IMG_1559-768x1580.jpg 768w, http:\/\/artistepeintre.eu\/wp-content\/uploads\/2022\/03\/IMG_1559-747x1536.jpg 747w, http:\/\/artistepeintre.eu\/wp-content\/uploads\/2022\/03\/IMG_1559-996x2048.jpg 996w, http:\/\/artistepeintre.eu\/wp-content\/uploads\/2022\/03\/IMG_1559-scaled.jpg 1245w\" sizes=\"auto, (max-width: 498px) 100vw, 498px\" \/><br \/>\n\t\t\t\t\t\t\t\t\t\t\t\t\t\t\t<img decoding=\"async\" width=\"741\" height=\"1024\" src=\"http:\/\/artistepeintre.eu\/wp-content\/uploads\/2022\/03\/IMG_1578-741x1024.jpg\" alt=\"\" loading=\"lazy\" srcset=\"http:\/\/artistepeintre.eu\/wp-content\/uploads\/2022\/03\/IMG_1578-741x1024.jpg 741w, http:\/\/artistepeintre.eu\/wp-content\/uploads\/2022\/03\/IMG_1578-217x300.jpg 217w, http:\/\/artistepeintre.eu\/wp-content\/uploads\/2022\/03\/IMG_1578-768x1061.jpg 768w, http:\/\/artistepeintre.eu\/wp-content\/uploads\/2022\/03\/IMG_1578-1111x1536.jpg 1111w, http:\/\/artistepeintre.eu\/wp-content\/uploads\/2022\/03\/IMG_1578-1482x2048.jpg 1482w, http:\/\/artistepeintre.eu\/wp-content\/uploads\/2022\/03\/IMG_1578-scaled.jpg 1852w\" sizes=\"auto, (max-width: 741px) 100vw, 741px\" \/><br \/>\n\t\t\t\t\t\t\t\t\t\t\t\t\t\t\t<img decoding=\"async\" width=\"704\" height=\"1024\" src=\"http:\/\/artistepeintre.eu\/wp-content\/uploads\/2022\/03\/IMG_1571-704x1024.jpg\" alt=\"\" loading=\"lazy\" srcset=\"http:\/\/artistepeintre.eu\/wp-content\/uploads\/2022\/03\/IMG_1571-704x1024.jpg 704w, http:\/\/artistepeintre.eu\/wp-content\/uploads\/2022\/03\/IMG_1571-206x300.jpg 206w, http:\/\/artistepeintre.eu\/wp-content\/uploads\/2022\/03\/IMG_1571-768x1117.jpg 768w, http:\/\/artistepeintre.eu\/wp-content\/uploads\/2022\/03\/IMG_1571-1056x1536.jpg 1056w, http:\/\/artistepeintre.eu\/wp-content\/uploads\/2022\/03\/IMG_1571-1408x2048.jpg 1408w, http:\/\/artistepeintre.eu\/wp-content\/uploads\/2022\/03\/IMG_1571-scaled.jpg 1760w\" sizes=\"auto, (max-width: 704px) 100vw, 704px\" \/><br \/>\n\t\t\t\t\t\t\t\t\t\t\t\t\t\t\t<img decoding=\"async\" width=\"706\" height=\"1024\" src=\"http:\/\/artistepeintre.eu\/wp-content\/uploads\/2022\/03\/IMG_1557-706x1024.jpg\" alt=\"\" loading=\"lazy\" srcset=\"http:\/\/artistepeintre.eu\/wp-content\/uploads\/2022\/03\/IMG_1557-706x1024.jpg 706w, http:\/\/artistepeintre.eu\/wp-content\/uploads\/2022\/03\/IMG_1557-207x300.jpg 207w, http:\/\/artistepeintre.eu\/wp-content\/uploads\/2022\/03\/IMG_1557-768x1114.jpg 768w, http:\/\/artistepeintre.eu\/wp-content\/uploads\/2022\/03\/IMG_1557-1059x1536.jpg 1059w, http:\/\/artistepeintre.eu\/wp-content\/uploads\/2022\/03\/IMG_1557-1412x2048.jpg 1412w, http:\/\/artistepeintre.eu\/wp-content\/uploads\/2022\/03\/IMG_1557-scaled.jpg 1765w\" sizes=\"auto, (max-width: 706px) 100vw, 706px\" \/><br \/>\n\t\t\t\t\t\t\t\t\t\t\t\t\t\t\t<img decoding=\"async\" width=\"497\" height=\"1024\" src=\"http:\/\/artistepeintre.eu\/wp-content\/uploads\/2022\/03\/IMG_1554-497x1024.jpg\" alt=\"\" loading=\"lazy\" srcset=\"http:\/\/artistepeintre.eu\/wp-content\/uploads\/2022\/03\/IMG_1554-497x1024.jpg 497w, http:\/\/artistepeintre.eu\/wp-content\/uploads\/2022\/03\/IMG_1554-145x300.jpg 145w, http:\/\/artistepeintre.eu\/wp-content\/uploads\/2022\/03\/IMG_1554-768x1584.jpg 768w, http:\/\/artistepeintre.eu\/wp-content\/uploads\/2022\/03\/IMG_1554-745x1536.jpg 745w, http:\/\/artistepeintre.eu\/wp-content\/uploads\/2022\/03\/IMG_1554-993x2048.jpg 993w, http:\/\/artistepeintre.eu\/wp-content\/uploads\/2022\/03\/IMG_1554-scaled.jpg 1242w\" sizes=\"auto, (max-width: 497px) 100vw, 497px\" \/><br \/>\n\t\t\t\t\t\t\t\t\t\t\t\t\t\t\t<img decoding=\"async\" width=\"800\" height=\"450\" src=\"http:\/\/artistepeintre.eu\/wp-content\/uploads\/2022\/04\/IMG_1615-1024x576.jpg\" alt=\"\" loading=\"lazy\" srcset=\"http:\/\/artistepeintre.eu\/wp-content\/uploads\/2022\/04\/IMG_1615-1024x576.jpg 1024w, http:\/\/artistepeintre.eu\/wp-content\/uploads\/2022\/04\/IMG_1615-300x169.jpg 300w, http:\/\/artistepeintre.eu\/wp-content\/uploads\/2022\/04\/IMG_1615-768x432.jpg 768w, http:\/\/artistepeintre.eu\/wp-content\/uploads\/2022\/04\/IMG_1615-1536x864.jpg 1536w, http:\/\/artistepeintre.eu\/wp-content\/uploads\/2022\/04\/IMG_1615.jpg 1920w\" sizes=\"auto, (max-width: 800px) 100vw, 800px\" \/><br \/>\n\t\t\t\t\t\t\t\t\t\t\t\t\t\t\t<img decoding=\"async\" width=\"768\" height=\"1024\" src=\"http:\/\/artistepeintre.eu\/wp-content\/uploads\/2022\/04\/IMG-20170825-WA0030-768x1024.jpg\" alt=\"\" loading=\"lazy\" srcset=\"http:\/\/artistepeintre.eu\/wp-content\/uploads\/2022\/04\/IMG-20170825-WA0030-768x1024.jpg 768w, http:\/\/artistepeintre.eu\/wp-content\/uploads\/2022\/04\/IMG-20170825-WA0030-225x300.jpg 225w, http:\/\/artistepeintre.eu\/wp-content\/uploads\/2022\/04\/IMG-20170825-WA0030-1152x1536.jpg 1152w, http:\/\/artistepeintre.eu\/wp-content\/uploads\/2022\/04\/IMG-20170825-WA0030.jpg 1200w\" sizes=\"auto, (max-width: 768px) 100vw, 768px\" \/><br \/>\n\t\t\t\t\t\t\t\t\t\t\t\t\t\t\t<img decoding=\"async\" width=\"800\" height=\"450\" src=\"http:\/\/artistepeintre.eu\/wp-content\/uploads\/2022\/04\/P_20161106_160715-1024x576.jpg\" alt=\"\" loading=\"lazy\" srcset=\"http:\/\/artistepeintre.eu\/wp-content\/uploads\/2022\/04\/P_20161106_160715-1024x576.jpg 1024w, http:\/\/artistepeintre.eu\/wp-content\/uploads\/2022\/04\/P_20161106_160715-300x169.jpg 300w, http:\/\/artistepeintre.eu\/wp-content\/uploads\/2022\/04\/P_20161106_160715-768x432.jpg 768w, http:\/\/artistepeintre.eu\/wp-content\/uploads\/2022\/04\/P_20161106_160715-1536x864.jpg 1536w, http:\/\/artistepeintre.eu\/wp-content\/uploads\/2022\/04\/P_20161106_160715-2048x1152.jpg 2048w\" sizes=\"auto, (max-width: 800px) 100vw, 800px\" \/><br \/>\n\t\t\t\t\t\t\t\t\t\t\t\t\t\t\t<img decoding=\"async\" width=\"576\" height=\"1024\" src=\"http:\/\/artistepeintre.eu\/wp-content\/uploads\/2022\/04\/P_20161106_122829-576x1024.jpg\" alt=\"\" loading=\"lazy\" srcset=\"http:\/\/artistepeintre.eu\/wp-content\/uploads\/2022\/04\/P_20161106_122829-576x1024.jpg 576w, http:\/\/artistepeintre.eu\/wp-content\/uploads\/2022\/04\/P_20161106_122829-169x300.jpg 169w, http:\/\/artistepeintre.eu\/wp-content\/uploads\/2022\/04\/P_20161106_122829-768x1365.jpg 768w, http:\/\/artistepeintre.eu\/wp-content\/uploads\/2022\/04\/P_20161106_122829-864x1536.jpg 864w, http:\/\/artistepeintre.eu\/wp-content\/uploads\/2022\/04\/P_20161106_122829-1152x2048.jpg 1152w, http:\/\/artistepeintre.eu\/wp-content\/uploads\/2022\/04\/P_20161106_122829-scaled.jpg 1440w\" sizes=\"auto, (max-width: 576px) 100vw, 576px\" \/><\/p>\n","protected":false},"excerpt":{"rendered":"<p>\u00a0Depuis presque une dizaine d&rsquo;ann\u00e9es,\u00a0 j&rsquo;expose\u00a0 essentiellement\u00a0 en pleine aire ou dans des salles\u00a0 en\u00a0 Alsace et dans\u00a0 les r\u00e9gions limitrophes : Strasbourg , Barr, Marckolsheim, Obernai , Saverne, S\u00e9lestat, Illkirch , Luxeuil- les- bains, Trois \u00e9pis\u00a0 et Sarrebourg. \u00a0\u00a0\u00a0\u00a0\u00a0\u00a0\u00a0\u00a0\u00a0\u00a0\u00a0\u00a0\u00a0\u00a0\u00a0\u00a0\u00a0\u00a0\u00a0\u00a0\u00a0\u00a0\u00a0\u00a0\u00a0\u00a0\u00a0\u00a0 Expos \u00e0 venir \u00a0 Vous pouvez me rencontrer et \u00e9changer avec moi pendant les expositions [&hellip;]<\/p>\n","protected":false},"author":1,"featured_media":0,"parent":0,"menu_order":0,"comment_status":"closed","ping_status":"closed","template":"","meta":{"footnotes":""},"class_list":["post-580","page","type-page","status-publish","hentry"],"_links":{"self":[{"href":"https:\/\/artistepeintre.eu\/index.php\/wp-json\/wp\/v2\/pages\/580","targetHints":{"allow":["GET"]}}],"collection":[{"href":"https:\/\/artistepeintre.eu\/index.php\/wp-json\/wp\/v2\/pages"}],"about":[{"href":"https:\/\/artistepeintre.eu\/index.php\/wp-json\/wp\/v2\/types\/page"}],"author":[{"embeddable":true,"href":"https:\/\/artistepeintre.eu\/index.php\/wp-json\/wp\/v2\/users\/1"}],"replies":[{"embeddable":true,"href":"https:\/\/artistepeintre.eu\/index.php\/wp-json\/wp\/v2\/comments?post=580"}],"version-history":[{"count":53,"href":"https:\/\/artistepeintre.eu\/index.php\/wp-json\/wp\/v2\/pages\/580\/revisions"}],"predecessor-version":[{"id":807,"href":"https:\/\/artistepeintre.eu\/index.php\/wp-json\/wp\/v2\/pages\/580\/revisions\/807"}],"wp:attachment":[{"href":"https:\/\/artistepeintre.eu\/index.php\/wp-json\/wp\/v2\/media?parent=580"}],"curies":[{"name":"wp","href":"https:\/\/api.w.org\/{rel}","templated":true}]}}